{"id":5693,"date":"2024-11-28T11:00:39","date_gmt":"2024-11-28T10:00:39","guid":{"rendered":"https:\/\/fdd-ihedn.fr\/cycle-decouverte-copy\/"},"modified":"2025-11-21T10:04:48","modified_gmt":"2025-11-21T09:04:48","slug":"cycle-csd","status":"publish","type":"page","link":"https:\/\/fdd-ihedn.fr\/en\/cycle-csd\/","title":{"rendered":"Continuum security-defence cycle"},"content":{"rendered":"<div id=\"tdi_1\" class=\"tdc-zone\"><div class=\"tdc_zone tdi_2  wpb_row td-pb-row\"  >\n<style scoped>\n\/* custom css - generated by TagDiv Composer *\/\n\n\/* custom css - generated by TagDiv Composer *\/\n.tdi_2{\r\n                    min-height: 0;\r\n                }\n<\/style><div id=\"tdi_3\" class=\"tdc-row\"><div class=\"vc_row tdi_4  wpb_row td-pb-row\" >\n<style scoped>\n\/* custom css - generated by TagDiv Composer *\/\n\n\/* custom css - generated by TagDiv Composer *\/\n.tdi_4,\r\n                .tdi_4 .tdc-columns{\r\n                    min-height: 0;\r\n                }.tdi_4,\r\n\t\t\t\t.tdi_4 .tdc-columns{\r\n\t\t\t\t    display: block;\r\n\t\t\t\t}.tdi_4 .tdc-columns{\r\n\t\t\t\t    width: 100%;\r\n\t\t\t\t}.tdi_4:before,\r\n\t\t\t\t.tdi_4:after{\r\n\t\t\t\t    display: table;\r\n\t\t\t\t}\n<\/style><div class=\"vc_column tdi_6  wpb_column vc_column_container tdc-column td-pb-span12\">\n<style scoped>\n\/* custom css - generated by TagDiv Composer *\/\n\n\/* custom css - generated by TagDiv Composer *\/\n.tdi_6{\r\n                    vertical-align: baseline;\r\n                }.tdi_6 > .wpb_wrapper,\r\n\t\t\t\t.tdi_6 > .wpb_wrapper > .tdc-elements{\r\n\t\t\t\t    display: block;\r\n\t\t\t\t}.tdi_6 > .wpb_wrapper > .tdc-elements{\r\n\t\t\t\t    width: 100%;\r\n\t\t\t\t}.tdi_6 > .wpb_wrapper > .vc_row_inner{\r\n\t\t\t\t    width: auto;\r\n\t\t\t\t}.tdi_6 > .wpb_wrapper{\r\n\t\t\t\t    width: auto;\r\n\t\t\t\t    height: auto;\r\n\t\t\t\t}\n<\/style><div class=\"wpb_wrapper\" ><div class=\"td_block_wrap td_block_text_with_title tdi_7 tagdiv-type td-pb-border-top td_block_template_5\"  data-td-block-uid=\"tdi_7\" >\n<style>\n.td_block_template_5 .td-block-title {\r\n                font-size: 16px;\r\n                font-weight: 500;\r\n                margin-top: 0;\r\n                margin-bottom: 26px;\r\n                line-height: 25px;\r\n                color: var(--td_text_header_color, #000);\r\n                text-align: left;\r\n            }\r\n            .td_block_template_5 .td-block-title > * {\r\n                padding: 0 12px;\r\n                border-width: 0 0 0 4px;\r\n                border-style: solid;\r\n                border-color: var(--td_header_color, var(--td_theme_color, #4db2ec));\r\n            }\r\n            .td_block_template_5 .td-subcat-filter,\r\n            .td_block_template_5 .td-subcat-dropdown {\r\n                line-height: 25px;\r\n            }\r\n            @media (max-width: 767px) {\r\n                .td_block_template_5 .td-related-title a {\r\n                    font-size: 15px;\r\n                }\r\n            }\r\n            .td_block_template_5 .td-related-title:last-child {\r\n                border: none;\r\n            }\r\n            .td_block_template_5 .td-related-title .td-cur-simple-item {\r\n                color: var(--td_theme_color, #4db2ec);\r\n            }\r\n            \r\n\r\n            \r\n            .td-theme-wrap .tdi_7 .td-pulldown-filter-link:hover,\r\n            .td-theme-wrap .tdi_7 .td-subcat-item a:hover,\r\n            .td-theme-wrap .tdi_7 .td-subcat-item .td-cur-simple-item,\r\n            .td-theme-wrap .tdi_7 .td-subcat-dropdown:hover .td-subcat-more span,\r\n            .td-theme-wrap .tdi_7 .td-subcat-dropdown:hover .td-subcat-more i {\r\n                color: #0d3f94;\r\n            }\r\n\r\n            .td-theme-wrap .tdi_7 .td-block-title > * {\r\n                border-color: #0d3f94;\r\n            }\r\n\r\n            \r\n            .td-theme-wrap .tdi_7 .td_module_wrap:hover .entry-title a,\r\n            .td-theme-wrap .tdi_7 .td_quote_on_blocks,\r\n            .td-theme-wrap .tdi_7 .td-opacity-cat .td-post-category:hover,\r\n            .td-theme-wrap .tdi_7 .td-opacity-read .td-read-more a:hover,\r\n            .td-theme-wrap .tdi_7 .td-opacity-author .td-post-author-name a:hover,\r\n            .td-theme-wrap .tdi_7 .td-instagram-user a {\r\n                color: #0d3f94;\r\n            }\r\n\r\n            .td-theme-wrap .tdi_7 .td-next-prev-wrap a:hover,\r\n            .td-theme-wrap .tdi_7 .td-load-more-wrap a:hover {\r\n                background-color: #0d3f94;\r\n                border-color: #0d3f94;\r\n            }\r\n\r\n            .td-theme-wrap .tdi_7 .td-read-more a,\r\n            .td-theme-wrap .tdi_7 .td-weather-information:before,\r\n            .td-theme-wrap .tdi_7 .td-weather-week:before,\r\n            .td-theme-wrap .tdi_7 .td-exchange-header:before,\r\n            .td-theme-wrap .td-footer-wrapper .tdi_7 .td-post-category,\r\n            .td-theme-wrap .tdi_7 .td-post-category:hover {\r\n                background-color: #0d3f94;\r\n            }\n<\/style>\n<style>\n\/* custom css - generated by TagDiv Composer *\/\n.td_block_text_with_title{\r\n                  margin-bottom: 44px;\r\n                  -webkit-transform: translateZ(0);\r\n                  transform: translateZ(0);\r\n                }.td_block_text_with_title p:last-child{\r\n                  margin-bottom: 0;\r\n                }\n<\/style><div class=\"td-block-title-wrap\"><h4 class=\"td-block-title\"><span class=\"td-pulldown-size\">CYCLE CONTINUUM S\u00c9CURIT\u00c9-D\u00c9FENSE<\/span><\/h4><\/div><div class=\"td_mod_wrap td-fix-index\"><p>Destin\u00e9 aux<strong> \u00e9tudiants de 18 \u00e0 30 ans<\/strong>, prioritairement franciliens, pr\u00e9parant un dipl\u00f4me de l&rsquo;enseignement sup\u00e9rieur \u00e0 finalit\u00e9 professionnelle (BTS, BUT, licence, master, etc.), le cycle \u00ab\u00a0Continuum s\u00e9curit\u00e9-d\u00e9fense\u00a0\u00bb (ex-\u00ab\u00a0D\u00e9couverte\u00a0\u00bb) est organis\u00e9 chaque ann\u00e9e depuis 2011 par le Fonds de dotation de l\u2019IHEDN (Institut des hautes \u00e9tudes de d\u00e9fense nationale) avec le soutien de la SNCF.<\/p>\n<p>Le cycle \u00ab\u00a0Continuum s\u00e9curit\u00e9-d\u00e9fense\u00a0\u00bb a pour objectif de proposer une information approfondie sur la <strong>politique de d\u00e9fense et de s\u00e9curit\u00e9<\/strong> de la France ainsi que sur les <strong>enjeux de s\u00fbret\u00e9<\/strong> \u00e0 la SNCF.<\/p>\n<p>Il s&rsquo;appuie notamment sur des <strong>\u00e9changes directs entre les participants, des militaires et des professionnels du service public<\/strong>.<\/p>\n<p>Le programme se d\u00e9roule sur quatre journ\u00e9es, avec accueil en <strong>pension compl\u00e8te<\/strong> (h\u00e9bergement et restauration) : apr\u00e8s des <strong>conf\u00e9rences<\/strong> d&rsquo;introduction \u00e0 l\u2019\u00c9cole militaire (Paris 7<sup>e<\/sup>), la session alterne entre des visites en immersion d\u2019une <strong>unit\u00e9 militaire<\/strong> (r\u00e9giment, base, etc.) et de <strong>sites repr\u00e9sentatifs de l\u2019activit\u00e9 s\u00fbret\u00e9 de la SNCF<\/strong>.<\/p>\n<p>L\u2019objectif est de susciter une <strong>r\u00e9flexion collective<\/strong> sur l\u2019<strong>esprit de d\u00e9fense<\/strong> et le <strong>continuum s\u00e9curit\u00e9-d\u00e9fense<\/strong>, autour de sujets donn\u00e9s. Les conclusions des participants sont pr\u00e9sent\u00e9es lors de la session de cl\u00f4ture, en pr\u00e9sence d\u2019autorit\u00e9s de la SNCF et de l\u2019IHEDN.<\/p>\n<p>La formation prend fin avec la <strong>remise d&rsquo;une attestation<\/strong>.<\/p>\n<\/div><\/div><div class=\"td_block_wrap td_block_12 tdi_8 td-pb-border-top td_block_template_5 td-column-3\"  data-td-block-uid=\"tdi_8\" ><script>var block_tdi_8 = new tdBlock();\nblock_tdi_8.id = \"tdi_8\";\nblock_tdi_8.atts = '{\"category_id\":\"449\",\"limit\":\"20\",\"block_type\":\"td_block_12\",\"separator\":\"\",\"custom_title\":\"\",\"custom_url\":\"\",\"block_template_id\":\"\",\"m11_tl\":\"\",\"m11_el\":\"\",\"post_ids\":\"\",\"taxonomies\":\"\",\"category_ids\":\"\",\"in_all_terms\":\"\",\"tag_slug\":\"\",\"autors_id\":\"\",\"installed_post_types\":\"\",\"include_cf_posts\":\"\",\"exclude_cf_posts\":\"\",\"sort\":\"\",\"popular_by_date\":\"\",\"linked_posts\":\"\",\"favourite_only\":\"\",\"offset\":\"\",\"open_in_new_window\":\"\",\"show_modified_date\":\"\",\"time_ago\":\"\",\"time_ago_add_txt\":\"ago\",\"time_ago_txt_pos\":\"\",\"review_source\":\"\",\"el_class\":\"\",\"td_ajax_filter_type\":\"\",\"td_ajax_filter_ids\":\"\",\"td_filter_default_txt\":\"All\",\"td_ajax_preloading\":\"\",\"f_header_font_header\":\"\",\"f_header_font_title\":\"Block header\",\"f_header_font_settings\":\"\",\"f_header_font_family\":\"\",\"f_header_font_size\":\"\",\"f_header_font_line_height\":\"\",\"f_header_font_style\":\"\",\"f_header_font_weight\":\"\",\"f_header_font_transform\":\"\",\"f_header_font_spacing\":\"\",\"f_header_\":\"\",\"f_ajax_font_title\":\"Ajax categories\",\"f_ajax_font_settings\":\"\",\"f_ajax_font_family\":\"\",\"f_ajax_font_size\":\"\",\"f_ajax_font_line_height\":\"\",\"f_ajax_font_style\":\"\",\"f_ajax_font_weight\":\"\",\"f_ajax_font_transform\":\"\",\"f_ajax_font_spacing\":\"\",\"f_ajax_\":\"\",\"f_more_font_title\":\"Load more button\",\"f_more_font_settings\":\"\",\"f_more_font_family\":\"\",\"f_more_font_size\":\"\",\"f_more_font_line_height\":\"\",\"f_more_font_style\":\"\",\"f_more_font_weight\":\"\",\"f_more_font_transform\":\"\",\"f_more_font_spacing\":\"\",\"f_more_\":\"\",\"m11f_title_font_header\":\"\",\"m11f_title_font_title\":\"Article title\",\"m11f_title_font_settings\":\"\",\"m11f_title_font_family\":\"\",\"m11f_title_font_size\":\"\",\"m11f_title_font_line_height\":\"\",\"m11f_title_font_style\":\"\",\"m11f_title_font_weight\":\"\",\"m11f_title_font_transform\":\"\",\"m11f_title_font_spacing\":\"\",\"m11f_title_\":\"\",\"m11f_cat_font_title\":\"Article category tag\",\"m11f_cat_font_settings\":\"\",\"m11f_cat_font_family\":\"\",\"m11f_cat_font_size\":\"\",\"m11f_cat_font_line_height\":\"\",\"m11f_cat_font_style\":\"\",\"m11f_cat_font_weight\":\"\",\"m11f_cat_font_transform\":\"\",\"m11f_cat_font_spacing\":\"\",\"m11f_cat_\":\"\",\"m11f_meta_font_title\":\"Article meta info\",\"m11f_meta_font_settings\":\"\",\"m11f_meta_font_family\":\"\",\"m11f_meta_font_size\":\"\",\"m11f_meta_font_line_height\":\"\",\"m11f_meta_font_style\":\"\",\"m11f_meta_font_weight\":\"\",\"m11f_meta_font_transform\":\"\",\"m11f_meta_font_spacing\":\"\",\"m11f_meta_\":\"\",\"m11f_ex_font_title\":\"Article excerpt\",\"m11f_ex_font_settings\":\"\",\"m11f_ex_font_family\":\"\",\"m11f_ex_font_size\":\"\",\"m11f_ex_font_line_height\":\"\",\"m11f_ex_font_style\":\"\",\"m11f_ex_font_weight\":\"\",\"m11f_ex_font_transform\":\"\",\"m11f_ex_font_spacing\":\"\",\"m11f_ex_\":\"\",\"m11f_btn_font_title\":\"Article read more button\",\"m11f_btn_font_settings\":\"\",\"m11f_btn_font_family\":\"\",\"m11f_btn_font_size\":\"\",\"m11f_btn_font_line_height\":\"\",\"m11f_btn_font_style\":\"\",\"m11f_btn_font_weight\":\"\",\"m11f_btn_font_transform\":\"\",\"m11f_btn_font_spacing\":\"\",\"m11f_btn_\":\"\",\"ajax_pagination\":\"\",\"ajax_pagination_next_prev_swipe\":\"\",\"ajax_pagination_infinite_stop\":\"\",\"css\":\"\",\"tdc_css\":\"\",\"td_column_number\":3,\"header_color\":\"\",\"color_preset\":\"\",\"border_top\":\"\",\"class\":\"tdi_8\",\"tdc_css_class\":\"tdi_8\",\"tdc_css_class_style\":\"tdi_8_rand_style\"}';\nblock_tdi_8.td_column_number = \"3\";\nblock_tdi_8.block_type = \"td_block_12\";\nblock_tdi_8.post_count = \"10\";\nblock_tdi_8.found_posts = \"10\";\nblock_tdi_8.header_color = \"\";\nblock_tdi_8.ajax_pagination_infinite_stop = \"\";\nblock_tdi_8.max_num_pages = \"1\";\ntdBlocksArray.push(block_tdi_8);\n<\/script><div class=\"td-block-title-wrap\"><\/div><div id=tdi_8 class=\"td_block_inner\">\n\n\t<div class=\"td-block-span12\">\n\r\n        <div class=\"td_module_11 td_module_wrap td-animation-stack\">\r\n            <div class=\"td-module-thumb\"><a href=\"https:\/\/fdd-ihedn.fr\/en\/cycle-continuum-securite-defense-retour-sur-ledition-2026\/\"  rel=\"bookmark\" class=\"td-image-wrap \" title=\"[cycle Continuum s\u00e9curit\u00e9-d\u00e9fense] Retour sur l&rsquo;\u00e9dition 2026\" ><img loading=\"lazy\" decoding=\"async\" class=\"entry-thumb\" src=\"data:image\/png;base64,iVBORw0KGgoAAAANSUhEUgAAAUQAAADrAQMAAAArGX0KAAAAA1BMVEWurq51dlI4AAAAAXRSTlMmkutdmwAAACBJREFUaN7twTEBAAAAwiD7pzbEXmAAAAAAAAAAAACQHSaOAAGSp1GBAAAAAElFTkSuQmCC\" alt=\"\" title=\"[cycle Continuum s\u00e9curit\u00e9-d\u00e9fense] Retour sur l&rsquo;\u00e9dition 2026\" data-type=\"image_tag\" data-img-url=\"https:\/\/fdd-ihedn.fr\/wp-content\/uploads\/2026\/04\/PXL_20260401_101618962-324x235.jpg\" data-img-retina-url=\"https:\/\/fdd-ihedn.fr\/wp-content\/uploads\/2026\/04\/PXL_20260401_101618962-648x470.jpg\" width=\"324\" height=\"235\" \/><\/a><\/div>\r\n            <div class=\"item-details\">\r\n                <h3 class=\"entry-title td-module-title\"><a href=\"https:\/\/fdd-ihedn.fr\/en\/cycle-continuum-securite-defense-retour-sur-ledition-2026\/\"  rel=\"bookmark\" title=\"[cycle Continuum s\u00e9curit\u00e9-d\u00e9fense] Retour sur l&rsquo;\u00e9dition 2026\">[cycle Continuum s\u00e9curit\u00e9-d\u00e9fense] Retour sur l&rsquo;\u00e9dition 2026<\/a><\/h3>\r\n                <div class=\"td-module-meta-info\">\r\n                                        <span class=\"td-post-author-name\"><a href=\"https:\/\/fdd-ihedn.fr\/en\/author\/bertrand\/\">Bertrand Demandre<\/a> <span>-<\/span> <\/span>                    <span class=\"td-post-date\"><time class=\"entry-date updated td-module-date\" datetime=\"2026-04-17T13:53:31+02:00\" >17\/04\/2026<\/time><\/span>                    <span class=\"td-module-comments\"><a href=\"https:\/\/fdd-ihedn.fr\/en\/cycle-continuum-securite-defense-retour-sur-ledition-2026\/#respond\">0<\/a><\/span>                <\/div>\r\n\r\n                <div class=\"td-excerpt\">\r\n                    Le cycle &quot;Continuum s\u00e9curit\u00e9-d\u00e9fense&quot; en quelques mots\r\nDestin\u00e9 aux \u00e9tudiants franciliens de 18 \u00e0 30 ans pr\u00e9parant un dipl\u00f4me de l&#039;enseignement sup\u00e9rieur \u00e0 finalit\u00e9 professionnelle,...                <\/div>\r\n\r\n                <div class=\"td-read-more\">\r\n                    <a href=\"https:\/\/fdd-ihedn.fr\/en\/cycle-continuum-securite-defense-retour-sur-ledition-2026\/\">Lire la suite<\/a>\r\n                <\/div>\r\n            <\/div>\r\n\r\n        <\/div>\r\n\r\n        \n\t<\/div> <!-- .\/td-block-span12 -->\n\n\t<div class=\"td-block-span12\">\n\r\n        <div class=\"td_module_11 td_module_wrap td-animation-stack\">\r\n            <div class=\"td-module-thumb\"><a href=\"https:\/\/fdd-ihedn.fr\/en\/cycle-decouverte-retour-sur-ledition-2025\/\"  rel=\"bookmark\" class=\"td-image-wrap \" title=\"[cycle Continuum s\u00e9curit\u00e9-d\u00e9fense] Retour sur l&rsquo;\u00e9dition 2025\" ><img loading=\"lazy\" decoding=\"async\" class=\"entry-thumb\" src=\"data:image\/png;base64,iVBORw0KGgoAAAANSUhEUgAAAUQAAADrAQMAAAArGX0KAAAAA1BMVEWurq51dlI4AAAAAXRSTlMmkutdmwAAACBJREFUaN7twTEBAAAAwiD7pzbEXmAAAAAAAAAAAACQHSaOAAGSp1GBAAAAAElFTkSuQmCC\" alt=\"\" title=\"[cycle Continuum s\u00e9curit\u00e9-d\u00e9fense] Retour sur l&rsquo;\u00e9dition 2025\" data-type=\"image_tag\" data-img-url=\"https:\/\/fdd-ihedn.fr\/wp-content\/uploads\/2025\/04\/1_Z08_3497-S-324x235.jpg\" data-img-retina-url=\"https:\/\/fdd-ihedn.fr\/wp-content\/uploads\/2025\/04\/1_Z08_3497-S-648x470.jpg\" width=\"324\" height=\"235\" \/><\/a><\/div>\r\n            <div class=\"item-details\">\r\n                <h3 class=\"entry-title td-module-title\"><a href=\"https:\/\/fdd-ihedn.fr\/en\/cycle-decouverte-retour-sur-ledition-2025\/\"  rel=\"bookmark\" title=\"[cycle Continuum s\u00e9curit\u00e9-d\u00e9fense] Retour sur l&rsquo;\u00e9dition 2025\">[cycle Continuum s\u00e9curit\u00e9-d\u00e9fense] Retour sur l&rsquo;\u00e9dition 2025<\/a><\/h3>\r\n                <div class=\"td-module-meta-info\">\r\n                                        <span class=\"td-post-author-name\"><a href=\"https:\/\/fdd-ihedn.fr\/en\/author\/bertrand\/\">Bertrand Demandre<\/a> <span>-<\/span> <\/span>                    <span class=\"td-post-date\"><time class=\"entry-date updated td-module-date\" datetime=\"2025-04-10T14:37:19+02:00\" >10\/04\/2025<\/time><\/span>                    <span class=\"td-module-comments\"><a href=\"https:\/\/fdd-ihedn.fr\/en\/cycle-decouverte-retour-sur-ledition-2025\/#respond\">0<\/a><\/span>                <\/div>\r\n\r\n                <div class=\"td-excerpt\">\r\n                    Le cycle &quot;Continuum s\u00e9curit\u00e9-d\u00e9fense&quot; en quelques mots\nDestin\u00e9 aux \u00e9tudiants franciliens de 18 \u00e0 30 ans pr\u00e9parant un dipl\u00f4me de l&#039;enseignement sup\u00e9rieur \u00e0 finalit\u00e9 professionnelle...                <\/div>\r\n\r\n                <div class=\"td-read-more\">\r\n                    <a href=\"https:\/\/fdd-ihedn.fr\/en\/cycle-decouverte-retour-sur-ledition-2025\/\">Lire la suite<\/a>\r\n                <\/div>\r\n            <\/div>\r\n\r\n        <\/div>\r\n\r\n        \n\t<\/div> <!-- .\/td-block-span12 -->\n\n\t<div class=\"td-block-span12\">\n\r\n        <div class=\"td_module_11 td_module_wrap td-animation-stack\">\r\n            <div class=\"td-module-thumb\"><a href=\"https:\/\/fdd-ihedn.fr\/en\/cycle-decouverte-retour-sur-ledition-2024\/\"  rel=\"bookmark\" class=\"td-image-wrap \" title=\"[cycle D\u00e9couverte] Retour sur l&rsquo;\u00e9dition 2024\" ><img loading=\"lazy\" decoding=\"async\" class=\"entry-thumb\" src=\"data:image\/png;base64,iVBORw0KGgoAAAANSUhEUgAAAUQAAADrAQMAAAArGX0KAAAAA1BMVEWurq51dlI4AAAAAXRSTlMmkutdmwAAACBJREFUaN7twTEBAAAAwiD7pzbEXmAAAAAAAAAAAACQHSaOAAGSp1GBAAAAAElFTkSuQmCC\" alt=\"\" title=\"[cycle D\u00e9couverte] Retour sur l&rsquo;\u00e9dition 2024\" data-type=\"image_tag\" data-img-url=\"https:\/\/fdd-ihedn.fr\/wp-content\/uploads\/2024\/04\/1712327703680-324x235.jpg\" data-img-retina-url=\"https:\/\/fdd-ihedn.fr\/wp-content\/uploads\/2024\/04\/1712327703680-648x470.jpg\" width=\"324\" height=\"235\" \/><\/a><\/div>\r\n            <div class=\"item-details\">\r\n                <h3 class=\"entry-title td-module-title\"><a href=\"https:\/\/fdd-ihedn.fr\/en\/cycle-decouverte-retour-sur-ledition-2024\/\"  rel=\"bookmark\" title=\"[cycle D\u00e9couverte] Retour sur l&rsquo;\u00e9dition 2024\">[cycle D\u00e9couverte] Retour sur l&rsquo;\u00e9dition 2024<\/a><\/h3>\r\n                <div class=\"td-module-meta-info\">\r\n                                        <span class=\"td-post-author-name\"><a href=\"https:\/\/fdd-ihedn.fr\/en\/author\/bertrand\/\">Bertrand Demandre<\/a> <span>-<\/span> <\/span>                    <span class=\"td-post-date\"><time class=\"entry-date updated td-module-date\" datetime=\"2024-04-08T11:16:18+02:00\" >08\/04\/2024<\/time><\/span>                    <span class=\"td-module-comments\"><a href=\"https:\/\/fdd-ihedn.fr\/en\/cycle-decouverte-retour-sur-ledition-2024\/#respond\">0<\/a><\/span>                <\/div>\r\n\r\n                <div class=\"td-excerpt\">\r\n                    Le cycle &quot;D\u00e9couverte&quot; en quelques mots\nOrganis\u00e9 une fois par an depuis 2011 avec le soutien de la SNCF, le cycle &quot;D\u00e9couverte&quot; s&#039;adresse aux \u00e9tudiants...                <\/div>\r\n\r\n                <div class=\"td-read-more\">\r\n                    <a href=\"https:\/\/fdd-ihedn.fr\/en\/cycle-decouverte-retour-sur-ledition-2024\/\">Lire la suite<\/a>\r\n                <\/div>\r\n            <\/div>\r\n\r\n        <\/div>\r\n\r\n        \n\t<\/div> <!-- .\/td-block-span12 -->\n\n\t<div class=\"td-block-span12\">\n\r\n        <div class=\"td_module_11 td_module_wrap td-animation-stack\">\r\n            <div class=\"td-module-thumb\"><a href=\"https:\/\/fdd-ihedn.fr\/en\/cycle-decouverte-retour-sur-ledition-2023\/\"  rel=\"bookmark\" class=\"td-image-wrap \" title=\"[cycle D\u00e9couverte] Retour sur l&rsquo;\u00e9dition 2023\" ><img loading=\"lazy\" decoding=\"async\" class=\"entry-thumb\" src=\"data:image\/png;base64,iVBORw0KGgoAAAANSUhEUgAAAUQAAADrAQMAAAArGX0KAAAAA1BMVEWurq51dlI4AAAAAXRSTlMmkutdmwAAACBJREFUaN7twTEBAAAAwiD7pzbEXmAAAAAAAAAAAACQHSaOAAGSp1GBAAAAAElFTkSuQmCC\" alt=\"\" title=\"[cycle D\u00e9couverte] Retour sur l&rsquo;\u00e9dition 2023\" data-type=\"image_tag\" data-img-url=\"https:\/\/fdd-ihedn.fr\/wp-content\/uploads\/2023\/03\/IMG-20230402-WA0001-324x235.jpg\" data-img-retina-url=\"https:\/\/fdd-ihedn.fr\/wp-content\/uploads\/2023\/03\/IMG-20230402-WA0001-648x470.jpg\" width=\"324\" height=\"235\" \/><\/a><\/div>\r\n            <div class=\"item-details\">\r\n                <h3 class=\"entry-title td-module-title\"><a href=\"https:\/\/fdd-ihedn.fr\/en\/cycle-decouverte-retour-sur-ledition-2023\/\"  rel=\"bookmark\" title=\"[cycle D\u00e9couverte] Retour sur l&rsquo;\u00e9dition 2023\">[cycle D\u00e9couverte] Retour sur l&rsquo;\u00e9dition 2023<\/a><\/h3>\r\n                <div class=\"td-module-meta-info\">\r\n                                        <span class=\"td-post-author-name\"><a href=\"https:\/\/fdd-ihedn.fr\/en\/author\/bertrand\/\">Bertrand Demandre<\/a> <span>-<\/span> <\/span>                    <span class=\"td-post-date\"><time class=\"entry-date updated td-module-date\" datetime=\"2023-03-30T11:00:05+02:00\" >30\/03\/2023<\/time><\/span>                    <span class=\"td-module-comments\"><a href=\"https:\/\/fdd-ihedn.fr\/en\/cycle-decouverte-retour-sur-ledition-2023\/#respond\">0<\/a><\/span>                <\/div>\r\n\r\n                <div class=\"td-excerpt\">\r\n                    Organis\u00e9e en partenariat avec la SNCF,la 10e \u00e9dition du cycle \u00ab D\u00e9couverte \u00bba eu lieu du lundi 27 au mercredi 29 mars 2023\nPendant trois...                <\/div>\r\n\r\n                <div class=\"td-read-more\">\r\n                    <a href=\"https:\/\/fdd-ihedn.fr\/en\/cycle-decouverte-retour-sur-ledition-2023\/\">Lire la suite<\/a>\r\n                <\/div>\r\n            <\/div>\r\n\r\n        <\/div>\r\n\r\n        \n\t<\/div> <!-- .\/td-block-span12 -->\n\n\t<div class=\"td-block-span12\">\n\r\n        <div class=\"td_module_11 td_module_wrap td-animation-stack\">\r\n            <div class=\"td-module-thumb\"><a href=\"https:\/\/fdd-ihedn.fr\/en\/cycle-decouverte-2019-en-partenariat-avec-la-sncf\/\"  rel=\"bookmark\" class=\"td-image-wrap \" title=\"[cycle D\u00e9couverte] Retour sur l&rsquo;\u00e9dition 2019\" ><img loading=\"lazy\" decoding=\"async\" class=\"entry-thumb\" src=\"data:image\/png;base64,iVBORw0KGgoAAAANSUhEUgAAAUQAAADrAQMAAAArGX0KAAAAA1BMVEWurq51dlI4AAAAAXRSTlMmkutdmwAAACBJREFUaN7twTEBAAAAwiD7pzbEXmAAAAAAAAAAAACQHSaOAAGSp1GBAAAAAElFTkSuQmCC\" alt=\"\" title=\"[cycle D\u00e9couverte] Retour sur l&rsquo;\u00e9dition 2019\" data-type=\"image_tag\" data-img-url=\"https:\/\/fdd-ihedn.fr\/wp-content\/uploads\/2019\/04\/56957752_1052047988324121_8051637557584199680_o-1-1024x682-1-324x235.jpg\" data-img-retina-url=\"https:\/\/fdd-ihedn.fr\/wp-content\/uploads\/2019\/04\/56957752_1052047988324121_8051637557584199680_o-1-1024x682-1-648x470.jpg\" width=\"324\" height=\"235\" \/><\/a><\/div>\r\n            <div class=\"item-details\">\r\n                <h3 class=\"entry-title td-module-title\"><a href=\"https:\/\/fdd-ihedn.fr\/en\/cycle-decouverte-2019-en-partenariat-avec-la-sncf\/\"  rel=\"bookmark\" title=\"[cycle D\u00e9couverte] Retour sur l&rsquo;\u00e9dition 2019\">[cycle D\u00e9couverte] Retour sur l&rsquo;\u00e9dition 2019<\/a><\/h3>\r\n                <div class=\"td-module-meta-info\">\r\n                                        <span class=\"td-post-author-name\"><a href=\"https:\/\/fdd-ihedn.fr\/en\/author\/dev\/\">dev<\/a> <span>-<\/span> <\/span>                    <span class=\"td-post-date\"><time class=\"entry-date updated td-module-date\" datetime=\"2019-04-05T13:11:08+02:00\" >05\/04\/2019<\/time><\/span>                    <span class=\"td-module-comments\"><a href=\"https:\/\/fdd-ihedn.fr\/en\/cycle-decouverte-2019-en-partenariat-avec-la-sncf\/#respond\">0<\/a><\/span>                <\/div>\r\n\r\n                <div class=\"td-excerpt\">\r\n                    Organis\u00e9e gr\u00e2ce au soutien de la SNCF,\r\nla 9e \u00e9dition du cycle \u00ab D\u00e9couverte \u00bb\r\ns\u2019est d\u00e9roul\u00e9e du lundi 1er au mercredi 3 avril 2019\r\nPendant trois...                <\/div>\r\n\r\n                <div class=\"td-read-more\">\r\n                    <a href=\"https:\/\/fdd-ihedn.fr\/en\/cycle-decouverte-2019-en-partenariat-avec-la-sncf\/\">Lire la suite<\/a>\r\n                <\/div>\r\n            <\/div>\r\n\r\n        <\/div>\r\n\r\n        \n\t<\/div> <!-- .\/td-block-span12 -->\n\n\t<div class=\"td-block-span12\">\n\r\n        <div class=\"td_module_11 td_module_wrap td-animation-stack\">\r\n            <div class=\"td-module-thumb\"><a href=\"https:\/\/fdd-ihedn.fr\/en\/cycle-decouverte-2018-en-partenariat-avec-la-sncf\/\"  rel=\"bookmark\" class=\"td-image-wrap \" title=\"[cycle D\u00e9couverte] Retour sur l&rsquo;\u00e9dition 2018\" ><img loading=\"lazy\" decoding=\"async\" class=\"entry-thumb\" src=\"data:image\/png;base64,iVBORw0KGgoAAAANSUhEUgAAAUQAAADrAQMAAAArGX0KAAAAA1BMVEWurq51dlI4AAAAAXRSTlMmkutdmwAAACBJREFUaN7twTEBAAAAwiD7pzbEXmAAAAAAAAAAAACQHSaOAAGSp1GBAAAAAElFTkSuQmCC\" alt=\"\" title=\"[cycle D\u00e9couverte] Retour sur l&rsquo;\u00e9dition 2018\" data-type=\"image_tag\" data-img-url=\"https:\/\/fdd-ihedn.fr\/wp-content\/uploads\/2018\/04\/P1000246-1-1024x769-1-324x235.jpg\" data-img-retina-url=\"https:\/\/fdd-ihedn.fr\/wp-content\/uploads\/2018\/04\/P1000246-1-1024x769-1-648x470.jpg\" width=\"324\" height=\"235\" \/><\/a><\/div>\r\n            <div class=\"item-details\">\r\n                <h3 class=\"entry-title td-module-title\"><a href=\"https:\/\/fdd-ihedn.fr\/en\/cycle-decouverte-2018-en-partenariat-avec-la-sncf\/\"  rel=\"bookmark\" title=\"[cycle D\u00e9couverte] Retour sur l&rsquo;\u00e9dition 2018\">[cycle D\u00e9couverte] Retour sur l&rsquo;\u00e9dition 2018<\/a><\/h3>\r\n                <div class=\"td-module-meta-info\">\r\n                                        <span class=\"td-post-author-name\"><a href=\"https:\/\/fdd-ihedn.fr\/en\/author\/dev\/\">dev<\/a> <span>-<\/span> <\/span>                    <span class=\"td-post-date\"><time class=\"entry-date updated td-module-date\" datetime=\"2018-04-02T07:47:53+02:00\" >02\/04\/2018<\/time><\/span>                    <span class=\"td-module-comments\"><a href=\"https:\/\/fdd-ihedn.fr\/en\/cycle-decouverte-2018-en-partenariat-avec-la-sncf\/#respond\">0<\/a><\/span>                <\/div>\r\n\r\n                <div class=\"td-excerpt\">\r\n                    \nOrganis\u00e9e gr\u00e2ce au soutien de la SNCF,la 8e \u00e9dition du cycle \u00ab D\u00e9couverte \u00bbs\u2019est d\u00e9roul\u00e9e du lundi 26 au mercredi 28 mars 2018\n\n\n\nPendant trois...                <\/div>\r\n\r\n                <div class=\"td-read-more\">\r\n                    <a href=\"https:\/\/fdd-ihedn.fr\/en\/cycle-decouverte-2018-en-partenariat-avec-la-sncf\/\">Lire la suite<\/a>\r\n                <\/div>\r\n            <\/div>\r\n\r\n        <\/div>\r\n\r\n        \n\t<\/div> <!-- .\/td-block-span12 -->\n\n\t<div class=\"td-block-span12\">\n\r\n        <div class=\"td_module_11 td_module_wrap td-animation-stack\">\r\n            <div class=\"td-module-thumb\"><a href=\"https:\/\/fdd-ihedn.fr\/en\/seminaire-decouverte-2017-en-partenariat-avec-la-sncf\/\"  rel=\"bookmark\" class=\"td-image-wrap \" title=\"[cycle D\u00e9couverte] Retour sur l&rsquo;\u00e9dition 2017\" ><img loading=\"lazy\" decoding=\"async\" class=\"entry-thumb\" src=\"data:image\/png;base64,iVBORw0KGgoAAAANSUhEUgAAAUQAAADrAQMAAAArGX0KAAAAA1BMVEWurq51dlI4AAAAAXRSTlMmkutdmwAAACBJREFUaN7twTEBAAAAwiD7pzbEXmAAAAAAAAAAAACQHSaOAAGSp1GBAAAAAElFTkSuQmCC\" alt=\"\" title=\"[cycle D\u00e9couverte] Retour sur l&rsquo;\u00e9dition 2017\" data-type=\"image_tag\" data-img-url=\"https:\/\/fdd-ihedn.fr\/wp-content\/uploads\/2017\/04\/P1090414-22-225x300-1-225x235.jpg\" data-img-retina-url=\"https:\/\/fdd-ihedn.fr\/wp-content\/uploads\/2017\/04\/P1090414-22-225x300-1.jpg\" width=\"225\" height=\"235\" \/><\/a><\/div>\r\n            <div class=\"item-details\">\r\n                <h3 class=\"entry-title td-module-title\"><a href=\"https:\/\/fdd-ihedn.fr\/en\/seminaire-decouverte-2017-en-partenariat-avec-la-sncf\/\"  rel=\"bookmark\" title=\"[cycle D\u00e9couverte] Retour sur l&rsquo;\u00e9dition 2017\">[cycle D\u00e9couverte] Retour sur l&rsquo;\u00e9dition 2017<\/a><\/h3>\r\n                <div class=\"td-module-meta-info\">\r\n                                        <span class=\"td-post-author-name\"><a href=\"https:\/\/fdd-ihedn.fr\/en\/author\/dev\/\">dev<\/a> <span>-<\/span> <\/span>                    <span class=\"td-post-date\"><time class=\"entry-date updated td-module-date\" datetime=\"2017-04-06T12:40:25+02:00\" >06\/04\/2017<\/time><\/span>                    <span class=\"td-module-comments\"><a href=\"https:\/\/fdd-ihedn.fr\/en\/seminaire-decouverte-2017-en-partenariat-avec-la-sncf\/#respond\">0<\/a><\/span>                <\/div>\r\n\r\n                <div class=\"td-excerpt\">\r\n                    Organis\u00e9e gr\u00e2ce au soutien de la SNCF,\r\nla 7e \u00e9dition du s\u00e9minaire \u00ab D\u00e9couverte \u00bb\r\ns\u2019est d\u00e9roul\u00e9e du lundi 27 au mercredi 29 mars 2017\r\nCe s\u00e9minaire...                <\/div>\r\n\r\n                <div class=\"td-read-more\">\r\n                    <a href=\"https:\/\/fdd-ihedn.fr\/en\/seminaire-decouverte-2017-en-partenariat-avec-la-sncf\/\">Lire la suite<\/a>\r\n                <\/div>\r\n            <\/div>\r\n\r\n        <\/div>\r\n\r\n        \n\t<\/div> <!-- .\/td-block-span12 -->\n\n\t<div class=\"td-block-span12\">\n\r\n        <div class=\"td_module_11 td_module_wrap td-animation-stack\">\r\n            <div class=\"td-module-thumb\"><a href=\"https:\/\/fdd-ihedn.fr\/en\/seminaire-decouverte-2016-en-partenariat-avec-la-sncf\/\"  rel=\"bookmark\" class=\"td-image-wrap \" title=\"[cycle D\u00e9couverte] Retour sur l&rsquo;\u00e9dition 2016\" ><img loading=\"lazy\" decoding=\"async\" class=\"entry-thumb\" src=\"data:image\/png;base64,iVBORw0KGgoAAAANSUhEUgAAAUQAAADrAQMAAAArGX0KAAAAA1BMVEWurq51dlI4AAAAAXRSTlMmkutdmwAAACBJREFUaN7twTEBAAAAwiD7pzbEXmAAAAAAAAAAAACQHSaOAAGSp1GBAAAAAElFTkSuQmCC\" alt=\"\" title=\"[cycle D\u00e9couverte] Retour sur l&rsquo;\u00e9dition 2016\" data-type=\"image_tag\" data-img-url=\"https:\/\/fdd-ihedn.fr\/wp-content\/uploads\/2016\/03\/P1050605-1024x864-1-324x235.jpg\" data-img-retina-url=\"https:\/\/fdd-ihedn.fr\/wp-content\/uploads\/2016\/03\/P1050605-1024x864-1-648x470.jpg\" width=\"324\" height=\"235\" \/><\/a><\/div>\r\n            <div class=\"item-details\">\r\n                <h3 class=\"entry-title td-module-title\"><a href=\"https:\/\/fdd-ihedn.fr\/en\/seminaire-decouverte-2016-en-partenariat-avec-la-sncf\/\"  rel=\"bookmark\" title=\"[cycle D\u00e9couverte] Retour sur l&rsquo;\u00e9dition 2016\">[cycle D\u00e9couverte] Retour sur l&rsquo;\u00e9dition 2016<\/a><\/h3>\r\n                <div class=\"td-module-meta-info\">\r\n                                        <span class=\"td-post-author-name\"><a href=\"https:\/\/fdd-ihedn.fr\/en\/author\/dev\/\">dev<\/a> <span>-<\/span> <\/span>                    <span class=\"td-post-date\"><time class=\"entry-date updated td-module-date\" datetime=\"2016-03-28T19:35:03+02:00\" >28\/03\/2016<\/time><\/span>                    <span class=\"td-module-comments\"><a href=\"https:\/\/fdd-ihedn.fr\/en\/seminaire-decouverte-2016-en-partenariat-avec-la-sncf\/#respond\">0<\/a><\/span>                <\/div>\r\n\r\n                <div class=\"td-excerpt\">\r\n                    Port\u00e9e par le m\u00e9c\u00e9nat de la SNCF, la 6e \u00e9dition du s\u00e9minaire \u00ab D\u00e9couverte \u00bb s\u2019est d\u00e9roul\u00e9e du lundi 21 au mercredi 23 mars...                <\/div>\r\n\r\n                <div class=\"td-read-more\">\r\n                    <a href=\"https:\/\/fdd-ihedn.fr\/en\/seminaire-decouverte-2016-en-partenariat-avec-la-sncf\/\">Lire la suite<\/a>\r\n                <\/div>\r\n            <\/div>\r\n\r\n        <\/div>\r\n\r\n        \n\t<\/div> <!-- .\/td-block-span12 -->\n\n\t<div class=\"td-block-span12\">\n\r\n        <div class=\"td_module_11 td_module_wrap td-animation-stack\">\r\n            <div class=\"td-module-thumb\"><a href=\"https:\/\/fdd-ihedn.fr\/en\/seminaire-decouverte-2015-en-partenariat-avec-la-sncf\/\"  rel=\"bookmark\" class=\"td-image-wrap \" title=\"[cycle D\u00e9couverte] Retour sur l&rsquo;\u00e9dition 2015\" ><img loading=\"lazy\" decoding=\"async\" class=\"entry-thumb\" src=\"data:image\/png;base64,iVBORw0KGgoAAAANSUhEUgAAAUQAAADrAQMAAAArGX0KAAAAA1BMVEWurq51dlI4AAAAAXRSTlMmkutdmwAAACBJREFUaN7twTEBAAAAwiD7pzbEXmAAAAAAAAAAAACQHSaOAAGSp1GBAAAAAElFTkSuQmCC\" alt=\"\" title=\"[cycle D\u00e9couverte] Retour sur l&rsquo;\u00e9dition 2015\" data-type=\"image_tag\" data-img-url=\"https:\/\/fdd-ihedn.fr\/wp-content\/uploads\/2021\/04\/DECOUVERTE2015-1-1-324x235.jpg\" data-img-retina-url=\"https:\/\/fdd-ihedn.fr\/wp-content\/uploads\/2021\/04\/DECOUVERTE2015-1-1-648x470.jpg\" width=\"324\" height=\"235\" \/><\/a><\/div>\r\n            <div class=\"item-details\">\r\n                <h3 class=\"entry-title td-module-title\"><a href=\"https:\/\/fdd-ihedn.fr\/en\/seminaire-decouverte-2015-en-partenariat-avec-la-sncf\/\"  rel=\"bookmark\" title=\"[cycle D\u00e9couverte] Retour sur l&rsquo;\u00e9dition 2015\">[cycle D\u00e9couverte] Retour sur l&rsquo;\u00e9dition 2015<\/a><\/h3>\r\n                <div class=\"td-module-meta-info\">\r\n                                        <span class=\"td-post-author-name\"><a href=\"https:\/\/fdd-ihedn.fr\/en\/author\/dev\/\">dev<\/a> <span>-<\/span> <\/span>                    <span class=\"td-post-date\"><time class=\"entry-date updated td-module-date\" datetime=\"2015-03-30T18:00:39+02:00\" >30\/03\/2015<\/time><\/span>                    <span class=\"td-module-comments\"><a href=\"https:\/\/fdd-ihedn.fr\/en\/seminaire-decouverte-2015-en-partenariat-avec-la-sncf\/#respond\">0<\/a><\/span>                <\/div>\r\n\r\n                <div class=\"td-excerpt\">\r\n                    Port\u00e9e par le m\u00e9c\u00e9nat de la SNCF, la 5e \u00e9dition du s\u00e9minaire\u00a0\u00ab\u00a0D\u00e9couverte\u00a0\u00bb s\u2019est d\u00e9roul\u00e9e du mardi 24 au jeudi 26 mars 2015 et a...                <\/div>\r\n\r\n                <div class=\"td-read-more\">\r\n                    <a href=\"https:\/\/fdd-ihedn.fr\/en\/seminaire-decouverte-2015-en-partenariat-avec-la-sncf\/\">Lire la suite<\/a>\r\n                <\/div>\r\n            <\/div>\r\n\r\n        <\/div>\r\n\r\n        \n\t<\/div> <!-- .\/td-block-span12 -->\n\n\t<div class=\"td-block-span12\">\n\r\n        <div class=\"td_module_11 td_module_wrap td-animation-stack\">\r\n            <div class=\"td-module-thumb\"><a href=\"https:\/\/fdd-ihedn.fr\/en\/seminaire-decouverte-mardi-11-mercredi-12-et-jeudi-13-mars-2014-en-partenariat-avec-la-sncf\/\"  rel=\"bookmark\" class=\"td-image-wrap \" title=\"[cycle D\u00e9couverte] Retour sur l&rsquo;\u00e9dition 2014\" ><img loading=\"lazy\" decoding=\"async\" class=\"entry-thumb\" src=\"data:image\/png;base64,iVBORw0KGgoAAAANSUhEUgAAAUQAAADrAQMAAAArGX0KAAAAA1BMVEWurq51dlI4AAAAAXRSTlMmkutdmwAAACBJREFUaN7twTEBAAAAwiD7pzbEXmAAAAAAAAAAAACQHSaOAAGSp1GBAAAAAElFTkSuQmCC\" alt=\"\" title=\"[cycle D\u00e9couverte] Retour sur l&rsquo;\u00e9dition 2014\" data-type=\"image_tag\" data-img-url=\"https:\/\/fdd-ihedn.fr\/wp-content\/uploads\/2014\/03\/Cercle-Partenaires-IHEDN-Seminaire-decouverte-2014-05-e1707212430950-324x235.jpg\" data-img-retina-url=\"https:\/\/fdd-ihedn.fr\/wp-content\/uploads\/2014\/03\/Cercle-Partenaires-IHEDN-Seminaire-decouverte-2014-05-e1707212430950-648x470.jpg\" width=\"324\" height=\"235\" \/><\/a><\/div>\r\n            <div class=\"item-details\">\r\n                <h3 class=\"entry-title td-module-title\"><a href=\"https:\/\/fdd-ihedn.fr\/en\/seminaire-decouverte-mardi-11-mercredi-12-et-jeudi-13-mars-2014-en-partenariat-avec-la-sncf\/\"  rel=\"bookmark\" title=\"[cycle D\u00e9couverte] Retour sur l&rsquo;\u00e9dition 2014\">[cycle D\u00e9couverte] Retour sur l&rsquo;\u00e9dition 2014<\/a><\/h3>\r\n                <div class=\"td-module-meta-info\">\r\n                                        <span class=\"td-post-author-name\"><a href=\"https:\/\/fdd-ihedn.fr\/en\/author\/dev\/\">dev<\/a> <span>-<\/span> <\/span>                    <span class=\"td-post-date\"><time class=\"entry-date updated td-module-date\" datetime=\"2014-03-24T11:01:19+01:00\" >24\/03\/2014<\/time><\/span>                    <span class=\"td-module-comments\"><a href=\"https:\/\/fdd-ihedn.fr\/en\/seminaire-decouverte-mardi-11-mercredi-12-et-jeudi-13-mars-2014-en-partenariat-avec-la-sncf\/#respond\">0<\/a><\/span>                <\/div>\r\n\r\n                <div class=\"td-excerpt\">\r\n                    Port\u00e9 pour la quatri\u00e8me ann\u00e9e cons\u00e9cutive par le m\u00e9c\u00e9nat de la SNCF, le s\u00e9minaire \u00ab D\u00e9couverte \u00bb a eu lieu du mardi 11 au...                <\/div>\r\n\r\n                <div class=\"td-read-more\">\r\n                    <a href=\"https:\/\/fdd-ihedn.fr\/en\/seminaire-decouverte-mardi-11-mercredi-12-et-jeudi-13-mars-2014-en-partenariat-avec-la-sncf\/\">Lire la suite<\/a>\r\n                <\/div>\r\n            <\/div>\r\n\r\n        <\/div>\r\n\r\n        \n\t<\/div> <!-- .\/td-block-span12 --><\/div><\/div> <!-- .\/block --><\/div><\/div><\/div><\/div><\/div><\/div>","protected":false},"excerpt":{"rendered":"","protected":false},"author":2,"featured_media":564,"parent":0,"menu_order":0,"comment_status":"closed","ping_status":"closed","template":"","meta":{"footnotes":""},"class_list":["post-5693","page","type-page","status-publish","has-post-thumbnail"],"yoast_head":"<!-- This site is optimized with the Yoast SEO plugin v27.4 - https:\/\/yoast.com\/product\/yoast-seo-wordpress\/ -->\n<title>Cycle Continuum s\u00e9curit\u00e9-d\u00e9fense - Fonds de dotation de l&#039;IHEDN<\/title>\n<meta name=\"robots\" content=\"index, follow, max-snippet:-1, max-image-preview:large, max-video-preview:-1\" \/>\n<link rel=\"canonical\" href=\"https:\/\/fdd-ihedn.fr\/en\/cycle-csd\/\" \/>\n<meta property=\"og:locale\" content=\"en_GB\" \/>\n<meta property=\"og:type\" content=\"article\" \/>\n<meta property=\"og:title\" content=\"Cycle Continuum s\u00e9curit\u00e9-d\u00e9fense - Fonds de dotation de l&#039;IHEDN\" \/>\n<meta property=\"og:url\" content=\"https:\/\/fdd-ihedn.fr\/en\/cycle-csd\/\" \/>\n<meta property=\"og:site_name\" content=\"Fonds de dotation de l&#039;IHEDN\" \/>\n<meta property=\"article:modified_time\" content=\"2025-11-21T09:04:48+00:00\" \/>\n<meta name=\"twitter:card\" content=\"summary_large_image\" \/>\n<meta name=\"twitter:site\" content=\"@Chaire_Ecodef\" \/>\n<meta name=\"twitter:label1\" content=\"Estimated reading time\" \/>\n\t<meta name=\"twitter:data1\" content=\"5 minutes\" \/>\n<script type=\"application\/ld+json\" class=\"yoast-schema-graph\">{\"@context\":\"https:\\\/\\\/schema.org\",\"@graph\":[{\"@type\":\"WebPage\",\"@id\":\"https:\\\/\\\/fdd-ihedn.fr\\\/cycle-csd\\\/\",\"url\":\"https:\\\/\\\/fdd-ihedn.fr\\\/cycle-csd\\\/\",\"name\":\"Cycle Continuum s\u00e9curit\u00e9-d\u00e9fense - Fonds de dotation de l&#039;IHEDN\",\"isPartOf\":{\"@id\":\"https:\\\/\\\/fdd-ihedn.fr\\\/#website\"},\"primaryImageOfPage\":{\"@id\":\"https:\\\/\\\/fdd-ihedn.fr\\\/cycle-csd\\\/#primaryimage\"},\"image\":{\"@id\":\"https:\\\/\\\/fdd-ihedn.fr\\\/cycle-csd\\\/#primaryimage\"},\"thumbnailUrl\":\"\",\"datePublished\":\"2024-11-28T10:00:39+00:00\",\"dateModified\":\"2025-11-21T09:04:48+00:00\",\"breadcrumb\":{\"@id\":\"https:\\\/\\\/fdd-ihedn.fr\\\/cycle-csd\\\/#breadcrumb\"},\"inLanguage\":\"en-GB\",\"potentialAction\":[{\"@type\":\"ReadAction\",\"target\":[\"https:\\\/\\\/fdd-ihedn.fr\\\/cycle-csd\\\/\"]}]},{\"@type\":\"ImageObject\",\"inLanguage\":\"en-GB\",\"@id\":\"https:\\\/\\\/fdd-ihedn.fr\\\/cycle-csd\\\/#primaryimage\",\"url\":\"\",\"contentUrl\":\"\"},{\"@type\":\"BreadcrumbList\",\"@id\":\"https:\\\/\\\/fdd-ihedn.fr\\\/cycle-csd\\\/#breadcrumb\",\"itemListElement\":[{\"@type\":\"ListItem\",\"position\":1,\"name\":\"Accueil\",\"item\":\"https:\\\/\\\/fdd-ihedn.fr\\\/\"},{\"@type\":\"ListItem\",\"position\":2,\"name\":\"Cycle Continuum s\u00e9curit\u00e9-d\u00e9fense\"}]},{\"@type\":\"WebSite\",\"@id\":\"https:\\\/\\\/fdd-ihedn.fr\\\/#website\",\"url\":\"https:\\\/\\\/fdd-ihedn.fr\\\/\",\"name\":\"Fonds de dotation de l&#039;IHEDN\",\"description\":\"Des projets innovants d\u00e9velopp\u00e9s pour l&#039;IHEDN gr\u00e2ce au m\u00e9c\u00e9nat\",\"publisher\":{\"@id\":\"https:\\\/\\\/fdd-ihedn.fr\\\/#organization\"},\"potentialAction\":[{\"@type\":\"SearchAction\",\"target\":{\"@type\":\"EntryPoint\",\"urlTemplate\":\"https:\\\/\\\/fdd-ihedn.fr\\\/?s={search_term_string}\"},\"query-input\":{\"@type\":\"PropertyValueSpecification\",\"valueRequired\":true,\"valueName\":\"search_term_string\"}}],\"inLanguage\":\"en-GB\"},{\"@type\":\"Organization\",\"@id\":\"https:\\\/\\\/fdd-ihedn.fr\\\/#organization\",\"name\":\"Chaire \u00c9conomie de d\u00e9fense - IHEDN\",\"url\":\"https:\\\/\\\/fdd-ihedn.fr\\\/\",\"logo\":{\"@type\":\"ImageObject\",\"inLanguage\":\"en-GB\",\"@id\":\"https:\\\/\\\/fdd-ihedn.fr\\\/#\\\/schema\\\/logo\\\/image\\\/\",\"url\":\"https:\\\/\\\/fdd-ihedn.fr\\\/wp-content\\\/uploads\\\/2020\\\/04\\\/logoEcodef9.jpg\",\"contentUrl\":\"https:\\\/\\\/fdd-ihedn.fr\\\/wp-content\\\/uploads\\\/2020\\\/04\\\/logoEcodef9.jpg\",\"width\":410,\"height\":212,\"caption\":\"Chaire \u00c9conomie de d\u00e9fense - IHEDN\"},\"image\":{\"@id\":\"https:\\\/\\\/fdd-ihedn.fr\\\/#\\\/schema\\\/logo\\\/image\\\/\"},\"sameAs\":[\"https:\\\/\\\/x.com\\\/Chaire_Ecodef\",\"https:\\\/\\\/www.linkedin.com\\\/company\\\/chaire-ecodef-ihedn\\\/\"]}]}<\/script>\n<!-- \/ Yoast SEO plugin. -->","yoast_head_json":{"title":"Cycle Continuum s\u00e9curit\u00e9-d\u00e9fense - Fonds de dotation de l&#039;IHEDN","robots":{"index":"index","follow":"follow","max-snippet":"max-snippet:-1","max-image-preview":"max-image-preview:large","max-video-preview":"max-video-preview:-1"},"canonical":"https:\/\/fdd-ihedn.fr\/en\/cycle-csd\/","og_locale":"en_GB","og_type":"article","og_title":"Cycle Continuum s\u00e9curit\u00e9-d\u00e9fense - Fonds de dotation de l&#039;IHEDN","og_url":"https:\/\/fdd-ihedn.fr\/en\/cycle-csd\/","og_site_name":"Fonds de dotation de l&#039;IHEDN","article_modified_time":"2025-11-21T09:04:48+00:00","twitter_card":"summary_large_image","twitter_site":"@Chaire_Ecodef","twitter_misc":{"Estimated reading time":"5 minutes"},"schema":{"@context":"https:\/\/schema.org","@graph":[{"@type":"WebPage","@id":"https:\/\/fdd-ihedn.fr\/cycle-csd\/","url":"https:\/\/fdd-ihedn.fr\/cycle-csd\/","name":"Cycle Continuum s\u00e9curit\u00e9-d\u00e9fense - Fonds de dotation de l&#039;IHEDN","isPartOf":{"@id":"https:\/\/fdd-ihedn.fr\/#website"},"primaryImageOfPage":{"@id":"https:\/\/fdd-ihedn.fr\/cycle-csd\/#primaryimage"},"image":{"@id":"https:\/\/fdd-ihedn.fr\/cycle-csd\/#primaryimage"},"thumbnailUrl":"","datePublished":"2024-11-28T10:00:39+00:00","dateModified":"2025-11-21T09:04:48+00:00","breadcrumb":{"@id":"https:\/\/fdd-ihedn.fr\/cycle-csd\/#breadcrumb"},"inLanguage":"en-GB","potentialAction":[{"@type":"ReadAction","target":["https:\/\/fdd-ihedn.fr\/cycle-csd\/"]}]},{"@type":"ImageObject","inLanguage":"en-GB","@id":"https:\/\/fdd-ihedn.fr\/cycle-csd\/#primaryimage","url":"","contentUrl":""},{"@type":"BreadcrumbList","@id":"https:\/\/fdd-ihedn.fr\/cycle-csd\/#breadcrumb","itemListElement":[{"@type":"ListItem","position":1,"name":"Accueil","item":"https:\/\/fdd-ihedn.fr\/"},{"@type":"ListItem","position":2,"name":"Cycle Continuum s\u00e9curit\u00e9-d\u00e9fense"}]},{"@type":"WebSite","@id":"https:\/\/fdd-ihedn.fr\/#website","url":"https:\/\/fdd-ihedn.fr\/","name":"IHEDN Endowment Fund","description":"Innovative projects developed for IHEDN thanks to sponsorship","publisher":{"@id":"https:\/\/fdd-ihedn.fr\/#organization"},"potentialAction":[{"@type":"SearchAction","target":{"@type":"EntryPoint","urlTemplate":"https:\/\/fdd-ihedn.fr\/?s={search_term_string}"},"query-input":{"@type":"PropertyValueSpecification","valueRequired":true,"valueName":"search_term_string"}}],"inLanguage":"en-GB"},{"@type":"Organization","@id":"https:\/\/fdd-ihedn.fr\/#organization","name":"Chair in Defence Economics - IHEDN","url":"https:\/\/fdd-ihedn.fr\/","logo":{"@type":"ImageObject","inLanguage":"en-GB","@id":"https:\/\/fdd-ihedn.fr\/#\/schema\/logo\/image\/","url":"https:\/\/fdd-ihedn.fr\/wp-content\/uploads\/2020\/04\/logoEcodef9.jpg","contentUrl":"https:\/\/fdd-ihedn.fr\/wp-content\/uploads\/2020\/04\/logoEcodef9.jpg","width":410,"height":212,"caption":"Chaire \u00c9conomie de d\u00e9fense - IHEDN"},"image":{"@id":"https:\/\/fdd-ihedn.fr\/#\/schema\/logo\/image\/"},"sameAs":["https:\/\/x.com\/Chaire_Ecodef","https:\/\/www.linkedin.com\/company\/chaire-ecodef-ihedn\/"]}]}},"_links":{"self":[{"href":"https:\/\/fdd-ihedn.fr\/en\/wp-json\/wp\/v2\/pages\/5693","targetHints":{"allow":["GET"]}}],"collection":[{"href":"https:\/\/fdd-ihedn.fr\/en\/wp-json\/wp\/v2\/pages"}],"about":[{"href":"https:\/\/fdd-ihedn.fr\/en\/wp-json\/wp\/v2\/types\/page"}],"author":[{"embeddable":true,"href":"https:\/\/fdd-ihedn.fr\/en\/wp-json\/wp\/v2\/users\/2"}],"replies":[{"embeddable":true,"href":"https:\/\/fdd-ihedn.fr\/en\/wp-json\/wp\/v2\/comments?post=5693"}],"version-history":[{"count":9,"href":"https:\/\/fdd-ihedn.fr\/en\/wp-json\/wp\/v2\/pages\/5693\/revisions"}],"predecessor-version":[{"id":5887,"href":"https:\/\/fdd-ihedn.fr\/en\/wp-json\/wp\/v2\/pages\/5693\/revisions\/5887"}],"wp:featuredmedia":[{"embeddable":true,"href":"https:\/\/fdd-ihedn.fr\/en\/wp-json\/"}],"wp:attachment":[{"href":"https:\/\/fdd-ihedn.fr\/en\/wp-json\/wp\/v2\/media?parent=5693"}],"curies":[{"name":"wp","href":"https:\/\/api.w.org\/{rel}","templated":true}]}}