{"id":437,"date":"2020-02-20T14:52:04","date_gmt":"2020-02-20T14:52:04","guid":{"rendered":"https:\/\/ecodef-ihedn.fr\/evenements-copy\/"},"modified":"2021-04-21T15:08:31","modified_gmt":"2021-04-21T15:08:31","slug":"activites","status":"publish","type":"page","link":"https:\/\/fdd-ihedn.fr\/en\/activites\/","title":{"rendered":"Activities"},"content":{"rendered":"<div id=\"tdi_1\" class=\"tdc-zone\"><div class=\"tdc_zone tdi_2  wpb_row td-pb-row\"  >\n<style scoped>\n\/* custom css - generated by TagDiv Composer *\/\n\n\/* custom css - generated by TagDiv Composer *\/\n.tdi_2{\r\n                    min-height: 0;\r\n                }\n<\/style><div id=\"tdi_3\" class=\"tdc-row\"><div class=\"vc_row tdi_4  wpb_row td-pb-row\" >\n<style scoped>\n\/* custom css - generated by TagDiv Composer *\/\n\n\/* custom css - generated by TagDiv Composer *\/\n.tdi_4,\r\n                .tdi_4 .tdc-columns{\r\n                    min-height: 0;\r\n                }.tdi_4,\r\n\t\t\t\t.tdi_4 .tdc-columns{\r\n\t\t\t\t    display: block;\r\n\t\t\t\t}.tdi_4 .tdc-columns{\r\n\t\t\t\t    width: 100%;\r\n\t\t\t\t}.tdi_4:before,\r\n\t\t\t\t.tdi_4:after{\r\n\t\t\t\t    display: table;\r\n\t\t\t\t}\n<\/style><div class=\"vc_column tdi_6  wpb_column vc_column_container tdc-column td-pb-span12\">\n<style scoped>\n\/* custom css - generated by TagDiv Composer *\/\n\n\/* custom css - generated by TagDiv Composer *\/\n.tdi_6{\r\n                    vertical-align: baseline;\r\n                }.tdi_6 > .wpb_wrapper,\r\n\t\t\t\t.tdi_6 > .wpb_wrapper > .tdc-elements{\r\n\t\t\t\t    display: block;\r\n\t\t\t\t}.tdi_6 > .wpb_wrapper > .tdc-elements{\r\n\t\t\t\t    width: 100%;\r\n\t\t\t\t}.tdi_6 > .wpb_wrapper > .vc_row_inner{\r\n\t\t\t\t    width: auto;\r\n\t\t\t\t}.tdi_6 > .wpb_wrapper{\r\n\t\t\t\t    width: auto;\r\n\t\t\t\t    height: auto;\r\n\t\t\t\t}\n<\/style><div class=\"wpb_wrapper\" ><div class=\"td_block_wrap td_block_12 tdi_7 td_with_ajax_pagination td-pb-border-top td_block_template_5 td-column-3\"  data-td-block-uid=\"tdi_7\" ><script>var block_tdi_7 = new tdBlock();\nblock_tdi_7.id = \"tdi_7\";\nblock_tdi_7.atts = '{\"m11_el\":\"50\",\"category_id\":\"\",\"limit\":\"50\",\"ajax_pagination\":\"infinite\",\"block_type\":\"td_block_12\",\"separator\":\"\",\"custom_title\":\"\",\"custom_url\":\"\",\"block_template_id\":\"\",\"m11_tl\":\"\",\"post_ids\":\"\",\"taxonomies\":\"\",\"category_ids\":\"\",\"in_all_terms\":\"\",\"tag_slug\":\"\",\"autors_id\":\"\",\"installed_post_types\":\"\",\"include_cf_posts\":\"\",\"exclude_cf_posts\":\"\",\"sort\":\"\",\"popular_by_date\":\"\",\"linked_posts\":\"\",\"favourite_only\":\"\",\"offset\":\"\",\"open_in_new_window\":\"\",\"show_modified_date\":\"\",\"time_ago\":\"\",\"time_ago_add_txt\":\"ago\",\"time_ago_txt_pos\":\"\",\"review_source\":\"\",\"el_class\":\"\",\"td_ajax_filter_type\":\"\",\"td_ajax_filter_ids\":\"\",\"td_filter_default_txt\":\"All\",\"td_ajax_preloading\":\"\",\"f_header_font_header\":\"\",\"f_header_font_title\":\"Block header\",\"f_header_font_settings\":\"\",\"f_header_font_family\":\"\",\"f_header_font_size\":\"\",\"f_header_font_line_height\":\"\",\"f_header_font_style\":\"\",\"f_header_font_weight\":\"\",\"f_header_font_transform\":\"\",\"f_header_font_spacing\":\"\",\"f_header_\":\"\",\"f_ajax_font_title\":\"Ajax categories\",\"f_ajax_font_settings\":\"\",\"f_ajax_font_family\":\"\",\"f_ajax_font_size\":\"\",\"f_ajax_font_line_height\":\"\",\"f_ajax_font_style\":\"\",\"f_ajax_font_weight\":\"\",\"f_ajax_font_transform\":\"\",\"f_ajax_font_spacing\":\"\",\"f_ajax_\":\"\",\"f_more_font_title\":\"Load more button\",\"f_more_font_settings\":\"\",\"f_more_font_family\":\"\",\"f_more_font_size\":\"\",\"f_more_font_line_height\":\"\",\"f_more_font_style\":\"\",\"f_more_font_weight\":\"\",\"f_more_font_transform\":\"\",\"f_more_font_spacing\":\"\",\"f_more_\":\"\",\"m11f_title_font_header\":\"\",\"m11f_title_font_title\":\"Article title\",\"m11f_title_font_settings\":\"\",\"m11f_title_font_family\":\"\",\"m11f_title_font_size\":\"\",\"m11f_title_font_line_height\":\"\",\"m11f_title_font_style\":\"\",\"m11f_title_font_weight\":\"\",\"m11f_title_font_transform\":\"\",\"m11f_title_font_spacing\":\"\",\"m11f_title_\":\"\",\"m11f_cat_font_title\":\"Article category tag\",\"m11f_cat_font_settings\":\"\",\"m11f_cat_font_family\":\"\",\"m11f_cat_font_size\":\"\",\"m11f_cat_font_line_height\":\"\",\"m11f_cat_font_style\":\"\",\"m11f_cat_font_weight\":\"\",\"m11f_cat_font_transform\":\"\",\"m11f_cat_font_spacing\":\"\",\"m11f_cat_\":\"\",\"m11f_meta_font_title\":\"Article meta info\",\"m11f_meta_font_settings\":\"\",\"m11f_meta_font_family\":\"\",\"m11f_meta_font_size\":\"\",\"m11f_meta_font_line_height\":\"\",\"m11f_meta_font_style\":\"\",\"m11f_meta_font_weight\":\"\",\"m11f_meta_font_transform\":\"\",\"m11f_meta_font_spacing\":\"\",\"m11f_meta_\":\"\",\"m11f_ex_font_title\":\"Article excerpt\",\"m11f_ex_font_settings\":\"\",\"m11f_ex_font_family\":\"\",\"m11f_ex_font_size\":\"\",\"m11f_ex_font_line_height\":\"\",\"m11f_ex_font_style\":\"\",\"m11f_ex_font_weight\":\"\",\"m11f_ex_font_transform\":\"\",\"m11f_ex_font_spacing\":\"\",\"m11f_ex_\":\"\",\"m11f_btn_font_title\":\"Article read more button\",\"m11f_btn_font_settings\":\"\",\"m11f_btn_font_family\":\"\",\"m11f_btn_font_size\":\"\",\"m11f_btn_font_line_height\":\"\",\"m11f_btn_font_style\":\"\",\"m11f_btn_font_weight\":\"\",\"m11f_btn_font_transform\":\"\",\"m11f_btn_font_spacing\":\"\",\"m11f_btn_\":\"\",\"ajax_pagination_next_prev_swipe\":\"\",\"ajax_pagination_infinite_stop\":\"\",\"css\":\"\",\"tdc_css\":\"\",\"td_column_number\":3,\"header_color\":\"\",\"color_preset\":\"\",\"border_top\":\"\",\"class\":\"tdi_7\",\"tdc_css_class\":\"tdi_7\",\"tdc_css_class_style\":\"tdi_7_rand_style\"}';\nblock_tdi_7.td_column_number = \"3\";\nblock_tdi_7.block_type = \"td_block_12\";\nblock_tdi_7.post_count = \"50\";\nblock_tdi_7.found_posts = \"67\";\nblock_tdi_7.header_color = \"\";\nblock_tdi_7.ajax_pagination_infinite_stop = \"\";\nblock_tdi_7.max_num_pages = \"2\";\ntdBlocksArray.push(block_tdi_7);\n<\/script><div class=\"td-block-title-wrap\"><\/div><div id=tdi_7 class=\"td_block_inner\">\n\n\t<div class=\"td-block-span12\">\n\r\n        <div class=\"td_module_11 td_module_wrap td-animation-stack\">\r\n            <div class=\"td-module-thumb\"><a href=\"https:\/\/fdd-ihedn.fr\/en\/cycle-continuum-securite-defense-retour-sur-ledition-2026\/\"  rel=\"bookmark\" class=\"td-image-wrap \" title=\"[cycle Continuum s\u00e9curit\u00e9-d\u00e9fense] Retour sur l&rsquo;\u00e9dition 2026\" ><img loading=\"lazy\" decoding=\"async\" class=\"entry-thumb\" src=\"data:image\/png;base64,iVBORw0KGgoAAAANSUhEUgAAAUQAAADrAQMAAAArGX0KAAAAA1BMVEWurq51dlI4AAAAAXRSTlMmkutdmwAAACBJREFUaN7twTEBAAAAwiD7pzbEXmAAAAAAAAAAAACQHSaOAAGSp1GBAAAAAElFTkSuQmCC\" alt=\"\" title=\"[cycle Continuum s\u00e9curit\u00e9-d\u00e9fense] Retour sur l&rsquo;\u00e9dition 2026\" data-type=\"image_tag\" data-img-url=\"https:\/\/fdd-ihedn.fr\/wp-content\/uploads\/2026\/04\/PXL_20260401_101618962-324x235.jpg\" data-img-retina-url=\"https:\/\/fdd-ihedn.fr\/wp-content\/uploads\/2026\/04\/PXL_20260401_101618962-648x470.jpg\" width=\"324\" height=\"235\" \/><\/a><\/div>\r\n            <div class=\"item-details\">\r\n                <h3 class=\"entry-title td-module-title\"><a href=\"https:\/\/fdd-ihedn.fr\/en\/cycle-continuum-securite-defense-retour-sur-ledition-2026\/\"  rel=\"bookmark\" title=\"[cycle Continuum s\u00e9curit\u00e9-d\u00e9fense] Retour sur l&rsquo;\u00e9dition 2026\">[cycle Continuum s\u00e9curit\u00e9-d\u00e9fense] Retour sur l&rsquo;\u00e9dition 2026<\/a><\/h3>\r\n                <div class=\"td-module-meta-info\">\r\n                                        <span class=\"td-post-author-name\"><a href=\"https:\/\/fdd-ihedn.fr\/en\/author\/bertrand\/\">Bertrand Demandre<\/a> <span>-<\/span> <\/span>                    <span class=\"td-post-date\"><time class=\"entry-date updated td-module-date\" datetime=\"2026-04-17T13:53:31+02:00\" >17\/04\/2026<\/time><\/span>                    <span class=\"td-module-comments\"><a href=\"https:\/\/fdd-ihedn.fr\/en\/cycle-continuum-securite-defense-retour-sur-ledition-2026\/#respond\">0<\/a><\/span>                <\/div>\r\n\r\n                <div class=\"td-excerpt\">\r\n                    Le cycle &quot;Continuum s\u00e9curit\u00e9-d\u00e9fense&quot; en quelques mots\r\nDestin\u00e9 aux \u00e9tudiants franciliens de 18 \u00e0 30 ans pr\u00e9parant un dipl\u00f4me de l&#039;enseignement sup\u00e9rieur \u00e0 finalit\u00e9 professionnelle, le cycle &quot;Continuum s\u00e9curit\u00e9-d\u00e9fense&quot; est organis\u00e9 chaque ann\u00e9e depuis 2011 par le Fonds de dotation de l\u2019IHEDN avec le soutien de la S\u00fbret\u00e9 ferroviaire du...                <\/div>\r\n\r\n                <div class=\"td-read-more\">\r\n                    <a href=\"https:\/\/fdd-ihedn.fr\/en\/cycle-continuum-securite-defense-retour-sur-ledition-2026\/\">Lire la suite<\/a>\r\n                <\/div>\r\n            <\/div>\r\n\r\n        <\/div>\r\n\r\n        \n\t<\/div> <!-- .\/td-block-span12 -->\n\n\t<div class=\"td-block-span12\">\n\r\n        <div class=\"td_module_11 td_module_wrap td-animation-stack\">\r\n            <div class=\"td-module-thumb\"><a href=\"https:\/\/fdd-ihedn.fr\/en\/cycle-decouverte-retour-sur-ledition-2025\/\"  rel=\"bookmark\" class=\"td-image-wrap \" title=\"[cycle Continuum s\u00e9curit\u00e9-d\u00e9fense] Retour sur l&rsquo;\u00e9dition 2025\" ><img loading=\"lazy\" decoding=\"async\" class=\"entry-thumb\" src=\"data:image\/png;base64,iVBORw0KGgoAAAANSUhEUgAAAUQAAADrAQMAAAArGX0KAAAAA1BMVEWurq51dlI4AAAAAXRSTlMmkutdmwAAACBJREFUaN7twTEBAAAAwiD7pzbEXmAAAAAAAAAAAACQHSaOAAGSp1GBAAAAAElFTkSuQmCC\" alt=\"\" title=\"[cycle Continuum s\u00e9curit\u00e9-d\u00e9fense] Retour sur l&rsquo;\u00e9dition 2025\" data-type=\"image_tag\" data-img-url=\"https:\/\/fdd-ihedn.fr\/wp-content\/uploads\/2025\/04\/1_Z08_3497-S-324x235.jpg\" data-img-retina-url=\"https:\/\/fdd-ihedn.fr\/wp-content\/uploads\/2025\/04\/1_Z08_3497-S-648x470.jpg\" width=\"324\" height=\"235\" \/><\/a><\/div>\r\n            <div class=\"item-details\">\r\n                <h3 class=\"entry-title td-module-title\"><a href=\"https:\/\/fdd-ihedn.fr\/en\/cycle-decouverte-retour-sur-ledition-2025\/\"  rel=\"bookmark\" title=\"[cycle Continuum s\u00e9curit\u00e9-d\u00e9fense] Retour sur l&rsquo;\u00e9dition 2025\">[cycle Continuum s\u00e9curit\u00e9-d\u00e9fense] Retour sur l&rsquo;\u00e9dition 2025<\/a><\/h3>\r\n                <div class=\"td-module-meta-info\">\r\n                                        <span class=\"td-post-author-name\"><a href=\"https:\/\/fdd-ihedn.fr\/en\/author\/bertrand\/\">Bertrand Demandre<\/a> <span>-<\/span> <\/span>                    <span class=\"td-post-date\"><time class=\"entry-date updated td-module-date\" datetime=\"2025-04-10T14:37:19+02:00\" >10\/04\/2025<\/time><\/span>                    <span class=\"td-module-comments\"><a href=\"https:\/\/fdd-ihedn.fr\/en\/cycle-decouverte-retour-sur-ledition-2025\/#respond\">0<\/a><\/span>                <\/div>\r\n\r\n                <div class=\"td-excerpt\">\r\n                    Le cycle &quot;Continuum s\u00e9curit\u00e9-d\u00e9fense&quot; en quelques mots\nDestin\u00e9 aux \u00e9tudiants franciliens de 18 \u00e0 30 ans pr\u00e9parant un dipl\u00f4me de l&#039;enseignement sup\u00e9rieur \u00e0 finalit\u00e9 professionnelle (du BTS au master), le cycle &quot;Continuum s\u00e9curit\u00e9-d\u00e9fense&quot; (pr\u00e9c\u00e9demment d\u00e9nomm\u00e9 cycle &quot;D\u00e9couverte&quot;) est organis\u00e9 chaque ann\u00e9e depuis 2011 par le Fonds de dotation de l\u2019IHEDN...                <\/div>\r\n\r\n                <div class=\"td-read-more\">\r\n                    <a href=\"https:\/\/fdd-ihedn.fr\/en\/cycle-decouverte-retour-sur-ledition-2025\/\">Lire la suite<\/a>\r\n                <\/div>\r\n            <\/div>\r\n\r\n        <\/div>\r\n\r\n        \n\t<\/div> <!-- .\/td-block-span12 -->\n\n\t<div class=\"td-block-span12\">\n\r\n        <div class=\"td_module_11 td_module_wrap td-animation-stack\">\r\n            <div class=\"td-module-thumb\"><a href=\"https:\/\/fdd-ihedn.fr\/en\/chaire-ecodef-julien-malizard-devient-titulaire-de-la-chaire-economie-de-defense-ihedn\/\"  rel=\"bookmark\" class=\"td-image-wrap \" title=\"[chaire ECODEF] Julien Malizard devient titulaire de la chaire \u00c9conomie de d\u00e9fense &#8211; IHEDN !\" ><img loading=\"lazy\" decoding=\"async\" class=\"entry-thumb\" src=\"data:image\/png;base64,iVBORw0KGgoAAAANSUhEUgAAAUQAAADrAQMAAAArGX0KAAAAA1BMVEWurq51dlI4AAAAAXRSTlMmkutdmwAAACBJREFUaN7twTEBAAAAwiD7pzbEXmAAAAAAAAAAAACQHSaOAAGSp1GBAAAAAElFTkSuQmCC\" alt=\"\" title=\"[chaire ECODEF] Julien Malizard devient titulaire de la chaire \u00c9conomie de d\u00e9fense &#8211; IHEDN !\" data-type=\"image_tag\" data-img-url=\"https:\/\/fdd-ihedn.fr\/wp-content\/uploads\/2024\/09\/JB-JM-7-5-324x235.png\" data-img-retina-url=\"https:\/\/fdd-ihedn.fr\/wp-content\/uploads\/2024\/09\/JB-JM-7-5-648x470.png\" width=\"324\" height=\"235\" \/><\/a><\/div>\r\n            <div class=\"item-details\">\r\n                <h3 class=\"entry-title td-module-title\"><a href=\"https:\/\/fdd-ihedn.fr\/en\/chaire-ecodef-julien-malizard-devient-titulaire-de-la-chaire-economie-de-defense-ihedn\/\"  rel=\"bookmark\" title=\"[chaire ECODEF] Julien Malizard devient titulaire de la chaire \u00c9conomie de d\u00e9fense &#8211; IHEDN !\">[chaire ECODEF] Julien Malizard devient titulaire de la chaire \u00c9conomie de d\u00e9fense &#8211; IHEDN...<\/a><\/h3>\r\n                <div class=\"td-module-meta-info\">\r\n                                        <span class=\"td-post-author-name\"><a href=\"https:\/\/fdd-ihedn.fr\/en\/author\/bertrand\/\">Bertrand Demandre<\/a> <span>-<\/span> <\/span>                    <span class=\"td-post-date\"><time class=\"entry-date updated td-module-date\" datetime=\"2024-09-03T08:24:00+02:00\" >03\/09\/2024<\/time><\/span>                    <span class=\"td-module-comments\"><a href=\"https:\/\/fdd-ihedn.fr\/en\/chaire-ecodef-julien-malizard-devient-titulaire-de-la-chaire-economie-de-defense-ihedn\/#respond\">0<\/a><\/span>                <\/div>\r\n\r\n                <div class=\"td-excerpt\">\r\n                    \nApr\u00e8s plus dix ann\u00e9es \u00e0 la t\u00eate de la chaire, Jean Belin passe la main \u00e0 Julien Malizard, qui \u00e9tait jusqu\u2019\u00e0 pr\u00e9sent titulaire adjoint.\n\n\n\n\n\n\n\nDepuis sa cr\u00e9ation en janvier 2014, la chaire \u00c9conomie de d\u00e9fense de l&#039;Institut des hautes \u00e9tudes de d\u00e9fense nationale IHEDN n\u2019a eu de cesse de produire...                <\/div>\r\n\r\n                <div class=\"td-read-more\">\r\n                    <a href=\"https:\/\/fdd-ihedn.fr\/en\/chaire-ecodef-julien-malizard-devient-titulaire-de-la-chaire-economie-de-defense-ihedn\/\">Lire la suite<\/a>\r\n                <\/div>\r\n            <\/div>\r\n\r\n        <\/div>\r\n\r\n        \n\t<\/div> <!-- .\/td-block-span12 -->\n\n\t<div class=\"td-block-span12\">\n\r\n        <div class=\"td_module_11 td_module_wrap td-animation-stack\">\r\n            <div class=\"td-module-thumb\"><a href=\"https:\/\/fdd-ihedn.fr\/en\/cycle-decouverte-retour-sur-ledition-2024\/\"  rel=\"bookmark\" class=\"td-image-wrap \" title=\"[cycle D\u00e9couverte] Retour sur l&rsquo;\u00e9dition 2024\" ><img loading=\"lazy\" decoding=\"async\" class=\"entry-thumb\" src=\"data:image\/png;base64,iVBORw0KGgoAAAANSUhEUgAAAUQAAADrAQMAAAArGX0KAAAAA1BMVEWurq51dlI4AAAAAXRSTlMmkutdmwAAACBJREFUaN7twTEBAAAAwiD7pzbEXmAAAAAAAAAAAACQHSaOAAGSp1GBAAAAAElFTkSuQmCC\" alt=\"\" title=\"[cycle D\u00e9couverte] Retour sur l&rsquo;\u00e9dition 2024\" data-type=\"image_tag\" data-img-url=\"https:\/\/fdd-ihedn.fr\/wp-content\/uploads\/2024\/04\/1712327703680-324x235.jpg\" data-img-retina-url=\"https:\/\/fdd-ihedn.fr\/wp-content\/uploads\/2024\/04\/1712327703680-648x470.jpg\" width=\"324\" height=\"235\" \/><\/a><\/div>\r\n            <div class=\"item-details\">\r\n                <h3 class=\"entry-title td-module-title\"><a href=\"https:\/\/fdd-ihedn.fr\/en\/cycle-decouverte-retour-sur-ledition-2024\/\"  rel=\"bookmark\" title=\"[cycle D\u00e9couverte] Retour sur l&rsquo;\u00e9dition 2024\">[cycle D\u00e9couverte] Retour sur l&rsquo;\u00e9dition 2024<\/a><\/h3>\r\n                <div class=\"td-module-meta-info\">\r\n                                        <span class=\"td-post-author-name\"><a href=\"https:\/\/fdd-ihedn.fr\/en\/author\/bertrand\/\">Bertrand Demandre<\/a> <span>-<\/span> <\/span>                    <span class=\"td-post-date\"><time class=\"entry-date updated td-module-date\" datetime=\"2024-04-08T11:16:18+02:00\" >08\/04\/2024<\/time><\/span>                    <span class=\"td-module-comments\"><a href=\"https:\/\/fdd-ihedn.fr\/en\/cycle-decouverte-retour-sur-ledition-2024\/#respond\">0<\/a><\/span>                <\/div>\r\n\r\n                <div class=\"td-excerpt\">\r\n                    Le cycle &quot;D\u00e9couverte&quot; en quelques mots\nOrganis\u00e9 une fois par an depuis 2011 avec le soutien de la SNCF, le cycle &quot;D\u00e9couverte&quot; s&#039;adresse aux \u00e9tudiants franciliens de 18 \u00e0 30 ans pr\u00e9parant un dipl\u00f4me de l&#039;enseignement sup\u00e9rieur \u00e0 finalit\u00e9 professionnelle (BTS, BUT, licence, master, etc.).\nL\u2019objectif du cycle &quot;D\u00e9couverte&quot; est de...                <\/div>\r\n\r\n                <div class=\"td-read-more\">\r\n                    <a href=\"https:\/\/fdd-ihedn.fr\/en\/cycle-decouverte-retour-sur-ledition-2024\/\">Lire la suite<\/a>\r\n                <\/div>\r\n            <\/div>\r\n\r\n        <\/div>\r\n\r\n        \n\t<\/div> <!-- .\/td-block-span12 -->\n\n\t<div class=\"td-block-span12\">\n\r\n        <div class=\"td_module_11 td_module_wrap td-animation-stack\">\r\n            <div class=\"td-module-thumb\"><a href=\"https:\/\/fdd-ihedn.fr\/en\/academ-le-fonds-de-dotation-de-lihedn-membre-fondateur-de-lacademie-de-defense-de-lecole-militaire\/\"  rel=\"bookmark\" class=\"td-image-wrap \" title=\"[ACADEM] Le Fonds de dotation de l&rsquo;IHEDN membre fondateur de l&rsquo;Acad\u00e9mie de d\u00e9fense de l&rsquo;\u00c9cole militaire\" ><img loading=\"lazy\" decoding=\"async\" class=\"entry-thumb\" src=\"data:image\/png;base64,iVBORw0KGgoAAAANSUhEUgAAAUQAAADrAQMAAAArGX0KAAAAA1BMVEWurq51dlI4AAAAAXRSTlMmkutdmwAAACBJREFUaN7twTEBAAAAwiD7pzbEXmAAAAAAAAAAAACQHSaOAAGSp1GBAAAAAElFTkSuQmCC\" alt=\"\" title=\"[ACADEM] Le Fonds de dotation de l&rsquo;IHEDN membre fondateur de l&rsquo;Acad\u00e9mie de d\u00e9fense de l&rsquo;\u00c9cole militaire\" data-type=\"image_tag\" data-img-url=\"https:\/\/fdd-ihedn.fr\/wp-content\/uploads\/2023\/12\/ACADEM-lancement-324x235.png\" data-img-retina-url=\"https:\/\/fdd-ihedn.fr\/wp-content\/uploads\/2023\/12\/ACADEM-lancement-648x470.png\" width=\"324\" height=\"235\" \/><\/a><\/div>\r\n            <div class=\"item-details\">\r\n                <h3 class=\"entry-title td-module-title\"><a href=\"https:\/\/fdd-ihedn.fr\/en\/academ-le-fonds-de-dotation-de-lihedn-membre-fondateur-de-lacademie-de-defense-de-lecole-militaire\/\"  rel=\"bookmark\" title=\"[ACADEM] Le Fonds de dotation de l&rsquo;IHEDN membre fondateur de l&rsquo;Acad\u00e9mie de d\u00e9fense de l&rsquo;\u00c9cole militaire\">[ACADEM] Le Fonds de dotation de l&rsquo;IHEDN membre fondateur de l&rsquo;Acad\u00e9mie de d\u00e9fense de...<\/a><\/h3>\r\n                <div class=\"td-module-meta-info\">\r\n                                        <span class=\"td-post-author-name\"><a href=\"https:\/\/fdd-ihedn.fr\/en\/author\/bertrand\/\">Bertrand Demandre<\/a> <span>-<\/span> <\/span>                    <span class=\"td-post-date\"><time class=\"entry-date updated td-module-date\" datetime=\"2023-10-29T16:11:00+01:00\" >29\/10\/2023<\/time><\/span>                    <span class=\"td-module-comments\"><a href=\"https:\/\/fdd-ihedn.fr\/en\/academ-le-fonds-de-dotation-de-lihedn-membre-fondateur-de-lacademie-de-defense-de-lecole-militaire\/#respond\">0<\/a><\/span>                <\/div>\r\n\r\n                <div class=\"td-excerpt\">\r\n                    \nL&#039;Acad\u00e9mie de d\u00e9fense de l&#039;\u00c9cole militaire (ACADEM) a \u00e9t\u00e9 officiellement lanc\u00e9e le 26 octobre 2023\n\n\n\n\n\n\n\nS\u00e9bastien Lecornu, ministre des arm\u00e9es, a prononc\u00e9 le 26 octobre 2023 en amphith\u00e9\u00e2tre Foch de l&#039;\u00c9cole militaire, le discours fondateur&nbsp;de l\u2019Acad\u00e9mie de d\u00e9fense de l\u2019\u00c9cole militaire (ACADEM).\n\n\n\nPlus de 800 personnes \u00e9taient r\u00e9unies \u00e0 cette occasion...                <\/div>\r\n\r\n                <div class=\"td-read-more\">\r\n                    <a href=\"https:\/\/fdd-ihedn.fr\/en\/academ-le-fonds-de-dotation-de-lihedn-membre-fondateur-de-lacademie-de-defense-de-lecole-militaire\/\">Lire la suite<\/a>\r\n                <\/div>\r\n            <\/div>\r\n\r\n        <\/div>\r\n\r\n        \n\t<\/div> <!-- .\/td-block-span12 -->\n\n\t<div class=\"td-block-span12\">\n\r\n        <div class=\"td_module_11 td_module_wrap td-animation-stack\">\r\n            <div class=\"td-module-thumb\"><a href=\"https:\/\/fdd-ihedn.fr\/en\/cycle-decouverte-retour-sur-ledition-2023\/\"  rel=\"bookmark\" class=\"td-image-wrap \" title=\"[cycle D\u00e9couverte] Retour sur l&rsquo;\u00e9dition 2023\" ><img loading=\"lazy\" decoding=\"async\" class=\"entry-thumb\" src=\"data:image\/png;base64,iVBORw0KGgoAAAANSUhEUgAAAUQAAADrAQMAAAArGX0KAAAAA1BMVEWurq51dlI4AAAAAXRSTlMmkutdmwAAACBJREFUaN7twTEBAAAAwiD7pzbEXmAAAAAAAAAAAACQHSaOAAGSp1GBAAAAAElFTkSuQmCC\" alt=\"\" title=\"[cycle D\u00e9couverte] Retour sur l&rsquo;\u00e9dition 2023\" data-type=\"image_tag\" data-img-url=\"https:\/\/fdd-ihedn.fr\/wp-content\/uploads\/2023\/03\/IMG-20230402-WA0001-324x235.jpg\" data-img-retina-url=\"https:\/\/fdd-ihedn.fr\/wp-content\/uploads\/2023\/03\/IMG-20230402-WA0001-648x470.jpg\" width=\"324\" height=\"235\" \/><\/a><\/div>\r\n            <div class=\"item-details\">\r\n                <h3 class=\"entry-title td-module-title\"><a href=\"https:\/\/fdd-ihedn.fr\/en\/cycle-decouverte-retour-sur-ledition-2023\/\"  rel=\"bookmark\" title=\"[cycle D\u00e9couverte] Retour sur l&rsquo;\u00e9dition 2023\">[cycle D\u00e9couverte] Retour sur l&rsquo;\u00e9dition 2023<\/a><\/h3>\r\n                <div class=\"td-module-meta-info\">\r\n                                        <span class=\"td-post-author-name\"><a href=\"https:\/\/fdd-ihedn.fr\/en\/author\/bertrand\/\">Bertrand Demandre<\/a> <span>-<\/span> <\/span>                    <span class=\"td-post-date\"><time class=\"entry-date updated td-module-date\" datetime=\"2023-03-30T11:00:05+02:00\" >30\/03\/2023<\/time><\/span>                    <span class=\"td-module-comments\"><a href=\"https:\/\/fdd-ihedn.fr\/en\/cycle-decouverte-retour-sur-ledition-2023\/#respond\">0<\/a><\/span>                <\/div>\r\n\r\n                <div class=\"td-excerpt\">\r\n                    Organis\u00e9e en partenariat avec la SNCF,la 10e \u00e9dition du cycle \u00ab D\u00e9couverte \u00bba eu lieu du lundi 27 au mercredi 29 mars 2023\nPendant trois jours, les 19 participants, tous \u00e9tudiants en BTS, BUT, licence ou master professionnels d&#039;\u00cele-de-France, se sont vu proposer une information approfondie sur notre D\u00e9fense ainsi...                <\/div>\r\n\r\n                <div class=\"td-read-more\">\r\n                    <a href=\"https:\/\/fdd-ihedn.fr\/en\/cycle-decouverte-retour-sur-ledition-2023\/\">Lire la suite<\/a>\r\n                <\/div>\r\n            <\/div>\r\n\r\n        <\/div>\r\n\r\n        \n\t<\/div> <!-- .\/td-block-span12 -->\n\n\t<div class=\"td-block-span12\">\n\r\n        <div class=\"td_module_11 td_module_wrap td-animation-stack\">\r\n            <div class=\"td-module-thumb\"><a href=\"https:\/\/fdd-ihedn.fr\/en\/chaire-ecodef-synthese-du-webinaire-nouveau-contexte-economique-et-financier-comment-financer-leffort-de-defense-les-entretiens-de-lecodef-4-le-6-juillet\/\"  rel=\"bookmark\" class=\"td-image-wrap \" title=\"[chaire ECODEF] Synth\u00e8se du webinaire \u201cNouveau contexte \u00e9conomique et financier : comment financer l\u2019effort de d\u00e9fense ?\u201d (Les entretiens de l\u2019ECODEF #4 \/ le 6 juillet 2022)\" ><img loading=\"lazy\" decoding=\"async\" class=\"entry-thumb\" src=\"data:image\/png;base64,iVBORw0KGgoAAAANSUhEUgAAAUQAAADrAQMAAAArGX0KAAAAA1BMVEWurq51dlI4AAAAAXRSTlMmkutdmwAAACBJREFUaN7twTEBAAAAwiD7pzbEXmAAAAAAAAAAAACQHSaOAAGSp1GBAAAAAElFTkSuQmCC\" alt=\"\" title=\"[chaire ECODEF] Synth\u00e8se du webinaire \u201cNouveau contexte \u00e9conomique et financier : comment financer l\u2019effort de d\u00e9fense ?\u201d (Les entretiens de l\u2019ECODEF #4 \/ le 6 juillet 2022)\" data-type=\"image_tag\" data-img-url=\"https:\/\/fdd-ihedn.fr\/wp-content\/uploads\/2022\/10\/webinaire-4-visuel-S-4-3-324x235.png\" data-img-retina-url=\"https:\/\/fdd-ihedn.fr\/wp-content\/uploads\/2022\/10\/webinaire-4-visuel-S-4-3.png\" width=\"324\" height=\"235\" \/><\/a><\/div>\r\n            <div class=\"item-details\">\r\n                <h3 class=\"entry-title td-module-title\"><a href=\"https:\/\/fdd-ihedn.fr\/en\/chaire-ecodef-synthese-du-webinaire-nouveau-contexte-economique-et-financier-comment-financer-leffort-de-defense-les-entretiens-de-lecodef-4-le-6-juillet\/\"  rel=\"bookmark\" title=\"[chaire ECODEF] Synth\u00e8se du webinaire \u201cNouveau contexte \u00e9conomique et financier : comment financer l\u2019effort de d\u00e9fense ?\u201d (Les entretiens de l\u2019ECODEF #4 \/ le 6 juillet 2022)\">[chaire ECODEF] Synth\u00e8se du webinaire \u201cNouveau contexte \u00e9conomique et financier : comment financer l\u2019effort...<\/a><\/h3>\r\n                <div class=\"td-module-meta-info\">\r\n                                        <span class=\"td-post-author-name\"><a href=\"https:\/\/fdd-ihedn.fr\/en\/author\/bertrand\/\">Bertrand Demandre<\/a> <span>-<\/span> <\/span>                    <span class=\"td-post-date\"><time class=\"entry-date updated td-module-date\" datetime=\"2022-09-28T15:06:46+02:00\" >28\/09\/2022<\/time><\/span>                    <span class=\"td-module-comments\"><a href=\"https:\/\/fdd-ihedn.fr\/en\/chaire-ecodef-synthese-du-webinaire-nouveau-contexte-economique-et-financier-comment-financer-leffort-de-defense-les-entretiens-de-lecodef-4-le-6-juillet\/#respond\">0<\/a><\/span>                <\/div>\r\n\r\n                <div class=\"td-excerpt\">\r\n                    \r\nLa Chaire vous propose la synth\u00e8se du 4e num\u00e9ro de la s\u00e9rie webinaire \u201cLes entretiens de l\u2019ECODEF\u201d, qui a eu pour th\u00e8me le financement de l&#039;effort de d\u00e9fenseles dans le nouveau contexte \u00e9conomique et financier.\r\n\r\n\r\n\r\n\r\n\r\n\r\n\r\n\r\n\r\nAfin de permettre \u00e0 son public de mieux appr\u00e9hender les enjeux \u00e9conomiques des activit\u00e9s de...                <\/div>\r\n\r\n                <div class=\"td-read-more\">\r\n                    <a href=\"https:\/\/fdd-ihedn.fr\/en\/chaire-ecodef-synthese-du-webinaire-nouveau-contexte-economique-et-financier-comment-financer-leffort-de-defense-les-entretiens-de-lecodef-4-le-6-juillet\/\">Lire la suite<\/a>\r\n                <\/div>\r\n            <\/div>\r\n\r\n        <\/div>\r\n\r\n        \n\t<\/div> <!-- .\/td-block-span12 -->\n\n\t<div class=\"td-block-span12\">\n\r\n        <div class=\"td_module_11 td_module_wrap td-animation-stack\">\r\n            <div class=\"td-module-thumb\"><a href=\"https:\/\/fdd-ihedn.fr\/en\/chaire-cyber-fic-2022-intervention-de-jean-peeters-sur-la-realite-virtuelle\/\"  rel=\"bookmark\" class=\"td-image-wrap \" title=\"[chaire CYBER] FIC 2022 : Intervention de Jean Peeters sur la r\u00e9alit\u00e9 virtuelle\" ><img loading=\"lazy\" decoding=\"async\" class=\"entry-thumb\" src=\"data:image\/png;base64,iVBORw0KGgoAAAANSUhEUgAAAUQAAADrAQMAAAArGX0KAAAAA1BMVEWurq51dlI4AAAAAXRSTlMmkutdmwAAACBJREFUaN7twTEBAAAAwiD7pzbEXmAAAAAAAAAAAACQHSaOAAGSp1GBAAAAAElFTkSuQmCC\" alt=\"\" title=\"[chaire CYBER] FIC 2022 : Intervention de Jean Peeters sur la r\u00e9alit\u00e9 virtuelle\" data-type=\"image_tag\" data-img-url=\"https:\/\/fdd-ihedn.fr\/wp-content\/uploads\/2022\/10\/IMG_20220608_163653-324x235.jpg\" data-img-retina-url=\"https:\/\/fdd-ihedn.fr\/wp-content\/uploads\/2022\/10\/IMG_20220608_163653-648x470.jpg\" width=\"324\" height=\"235\" \/><\/a><\/div>\r\n            <div class=\"item-details\">\r\n                <h3 class=\"entry-title td-module-title\"><a href=\"https:\/\/fdd-ihedn.fr\/en\/chaire-cyber-fic-2022-intervention-de-jean-peeters-sur-la-realite-virtuelle\/\"  rel=\"bookmark\" title=\"[chaire CYBER] FIC 2022 : Intervention de Jean Peeters sur la r\u00e9alit\u00e9 virtuelle\">[chaire CYBER] FIC 2022 : Intervention de Jean Peeters sur la r\u00e9alit\u00e9 virtuelle<\/a><\/h3>\r\n                <div class=\"td-module-meta-info\">\r\n                                        <span class=\"td-post-author-name\"><a href=\"https:\/\/fdd-ihedn.fr\/en\/author\/bertrand\/\">Bertrand Demandre<\/a> <span>-<\/span> <\/span>                    <span class=\"td-post-date\"><time class=\"entry-date updated td-module-date\" datetime=\"2022-06-10T11:55:47+02:00\" >10\/06\/2022<\/time><\/span>                    <span class=\"td-module-comments\"><a href=\"https:\/\/fdd-ihedn.fr\/en\/chaire-cyber-fic-2022-intervention-de-jean-peeters-sur-la-realite-virtuelle\/#respond\">0<\/a><\/span>                <\/div>\r\n\r\n                <div class=\"td-excerpt\">\r\n                    &quot;La virtualit\u00e9 : la r\u00e9alit\u00e9 de demain ?&quot;\r\nJean Peeters, Titulaire de la Chaire, a particip\u00e9 \u00e0 l&#039;atelier PhilosoFIC, organis\u00e9 le 8 juin par le Centre de recherche de l&#039;EOGN (CREOGN) dans le cadre du FIC 2022.\r\n\r\n\r\n\r\n&quot;La virtualit\u00e9 : la r\u00e9alit\u00e9 de demain ?&quot;. C&#039;est sur ce th\u00e8me, introduit par...                <\/div>\r\n\r\n                <div class=\"td-read-more\">\r\n                    <a href=\"https:\/\/fdd-ihedn.fr\/en\/chaire-cyber-fic-2022-intervention-de-jean-peeters-sur-la-realite-virtuelle\/\">Lire la suite<\/a>\r\n                <\/div>\r\n            <\/div>\r\n\r\n        <\/div>\r\n\r\n        \n\t<\/div> <!-- .\/td-block-span12 -->\n\n\t<div class=\"td-block-span12\">\n\r\n        <div class=\"td_module_11 td_module_wrap td-animation-stack\">\r\n            <div class=\"td-module-thumb\"><a href=\"https:\/\/fdd-ihedn.fr\/en\/chaire-cyber-video-de-la-table-ronde-reconquete-de-la-souverainete-numerique-paris-13-avril-2022\/\"  rel=\"bookmark\" class=\"td-image-wrap \" title=\"[chaire CYBER] Vid\u00e9o de la table ronde \u201cReconqu\u00eate de la souverainet\u00e9 num\u00e9rique\u201d (Paris, 13 avril 2022)\" ><img loading=\"lazy\" decoding=\"async\" class=\"entry-thumb\" src=\"data:image\/png;base64,iVBORw0KGgoAAAANSUhEUgAAAUQAAADrAQMAAAArGX0KAAAAA1BMVEWurq51dlI4AAAAAXRSTlMmkutdmwAAACBJREFUaN7twTEBAAAAwiD7pzbEXmAAAAAAAAAAAACQHSaOAAGSp1GBAAAAAElFTkSuQmCC\" alt=\"\" title=\"[chaire CYBER] Vid\u00e9o de la table ronde \u201cReconqu\u00eate de la souverainet\u00e9 num\u00e9rique\u201d (Paris, 13 avril 2022)\" data-type=\"image_tag\" data-img-url=\"https:\/\/fdd-ihedn.fr\/wp-content\/uploads\/2022\/04\/IHEDN-13042022-_HRD0062-324x235.jpg\" data-img-retina-url=\"https:\/\/fdd-ihedn.fr\/wp-content\/uploads\/2022\/04\/IHEDN-13042022-_HRD0062-648x470.jpg\" width=\"324\" height=\"235\" \/><\/a><\/div>\r\n            <div class=\"item-details\">\r\n                <h3 class=\"entry-title td-module-title\"><a href=\"https:\/\/fdd-ihedn.fr\/en\/chaire-cyber-video-de-la-table-ronde-reconquete-de-la-souverainete-numerique-paris-13-avril-2022\/\"  rel=\"bookmark\" title=\"[chaire CYBER] Vid\u00e9o de la table ronde \u201cReconqu\u00eate de la souverainet\u00e9 num\u00e9rique\u201d (Paris, 13 avril 2022)\">[chaire CYBER] Vid\u00e9o de la table ronde \u201cReconqu\u00eate de la souverainet\u00e9 num\u00e9rique\u201d (Paris, 13...<\/a><\/h3>\r\n                <div class=\"td-module-meta-info\">\r\n                                        <span class=\"td-post-author-name\"><a href=\"https:\/\/fdd-ihedn.fr\/en\/author\/bertrand\/\">Bertrand Demandre<\/a> <span>-<\/span> <\/span>                    <span class=\"td-post-date\"><time class=\"entry-date updated td-module-date\" datetime=\"2022-04-20T11:44:19+02:00\" >20\/04\/2022<\/time><\/span>                    <span class=\"td-module-comments\"><a href=\"https:\/\/fdd-ihedn.fr\/en\/chaire-cyber-video-de-la-table-ronde-reconquete-de-la-souverainete-numerique-paris-13-avril-2022\/#respond\">0<\/a><\/span>                <\/div>\r\n\r\n                <div class=\"td-excerpt\">\r\n                    \r\n\r\nEn pr\u00e9sence du G\u00e9n\u00e9ral de corps d&#039;arm\u00e9e Beno\u00eet Durieux, Directeur de l\u2019IHEDN et de l\u2019Enseignement militaire sup\u00e9rieur (EMS), venu prononcer un mot d&#039;accueil, les participants majoritairement issus de la majeure Souverainet\u00e9 num\u00e9rique et cybers\u00e9curit\u00e9 de la Session nationale de l\u2019IHEDN ont assist\u00e9 mercredi 13 avril \u00e0 une table ronde...                <\/div>\r\n\r\n                <div class=\"td-read-more\">\r\n                    <a href=\"https:\/\/fdd-ihedn.fr\/en\/chaire-cyber-video-de-la-table-ronde-reconquete-de-la-souverainete-numerique-paris-13-avril-2022\/\">Lire la suite<\/a>\r\n                <\/div>\r\n            <\/div>\r\n\r\n        <\/div>\r\n\r\n        \n\t<\/div> <!-- .\/td-block-span12 -->\n\n\t<div class=\"td-block-span12\">\n\r\n        <div class=\"td_module_11 td_module_wrap td-animation-stack\">\r\n            <div class=\"td-module-thumb\"><a href=\"https:\/\/fdd-ihedn.fr\/en\/conference-de-jean-belin-pour-la-225e-session-en-region-de-lihedn-nouvelle-aquitaine\/\"  rel=\"bookmark\" class=\"td-image-wrap \" title=\"[chaire ECODEF] Conf\u00e9rence de Jean Belin pour la 225e session en r\u00e9gion de l\u2019IHEDN (Nouvelle-Aquitaine)\" ><img loading=\"lazy\" decoding=\"async\" class=\"entry-thumb\" src=\"data:image\/png;base64,iVBORw0KGgoAAAANSUhEUgAAAUQAAADrAQMAAAArGX0KAAAAA1BMVEWurq51dlI4AAAAAXRSTlMmkutdmwAAACBJREFUaN7twTEBAAAAwiD7pzbEXmAAAAAAAAAAAACQHSaOAAGSp1GBAAAAAElFTkSuQmCC\" alt=\"\" title=\"[chaire ECODEF] Conf\u00e9rence de Jean Belin pour la 225e session en r\u00e9gion de l\u2019IHEDN (Nouvelle-Aquitaine)\" data-type=\"image_tag\" data-img-url=\"https:\/\/fdd-ihedn.fr\/wp-content\/uploads\/2022\/02\/20220201-\u00a9IHEDN-225e-session-en-region-Nouvelle-aquitaine-001-324x235.jpg\" data-img-retina-url=\"https:\/\/fdd-ihedn.fr\/wp-content\/uploads\/2022\/02\/20220201-\u00a9IHEDN-225e-session-en-region-Nouvelle-aquitaine-001-648x470.jpg\" width=\"324\" height=\"235\" \/><\/a><\/div>\r\n            <div class=\"item-details\">\r\n                <h3 class=\"entry-title td-module-title\"><a href=\"https:\/\/fdd-ihedn.fr\/en\/conference-de-jean-belin-pour-la-225e-session-en-region-de-lihedn-nouvelle-aquitaine\/\"  rel=\"bookmark\" title=\"[chaire ECODEF] Conf\u00e9rence de Jean Belin pour la 225e session en r\u00e9gion de l\u2019IHEDN (Nouvelle-Aquitaine)\">[chaire ECODEF] Conf\u00e9rence de Jean Belin pour la 225e session en r\u00e9gion de l\u2019IHEDN...<\/a><\/h3>\r\n                <div class=\"td-module-meta-info\">\r\n                                        <span class=\"td-post-author-name\"><a href=\"https:\/\/fdd-ihedn.fr\/en\/author\/bertrand\/\">Bertrand Demandre<\/a> <span>-<\/span> <\/span>                    <span class=\"td-post-date\"><time class=\"entry-date updated td-module-date\" datetime=\"2022-02-04T14:10:30+01:00\" >04\/02\/2022<\/time><\/span>                    <span class=\"td-module-comments\"><a href=\"https:\/\/fdd-ihedn.fr\/en\/conference-de-jean-belin-pour-la-225e-session-en-region-de-lihedn-nouvelle-aquitaine\/#respond\">0<\/a><\/span>                <\/div>\r\n\r\n                <div class=\"td-excerpt\">\r\n                    \r\nJean Belin&nbsp;a pr\u00e9sent\u00e9 les enjeux de la BITD aux auditeurs de la 225e session en r\u00e9gion de l\u2019IHEDN (Nouvelle-Aquitaine), ce vendredi 4 f\u00e9vrier \u00e0 Limoges.\r\n\r\n\r\n\r\n\r\n\r\n\r\n\r\nJean Belin, titulaire de la Chaire, a pr\u00e9sent\u00e9 aux auditeurs de la 225e session en r\u00e9gion de l&#039;IHEDN (Nouvelle-Aquitaine) un panorama de la BITD (Base...                <\/div>\r\n\r\n                <div class=\"td-read-more\">\r\n                    <a href=\"https:\/\/fdd-ihedn.fr\/en\/conference-de-jean-belin-pour-la-225e-session-en-region-de-lihedn-nouvelle-aquitaine\/\">Lire la suite<\/a>\r\n                <\/div>\r\n            <\/div>\r\n\r\n        <\/div>\r\n\r\n        \n\t<\/div> <!-- .\/td-block-span12 -->\n\n\t<div class=\"td-block-span12\">\n\r\n        <div class=\"td_module_11 td_module_wrap td-animation-stack\">\r\n            <div class=\"td-module-thumb\"><a href=\"https:\/\/fdd-ihedn.fr\/en\/chaire-ecodef-video-de-la-conference-annuelle-quelle-politique-dexportation-de-defense-pour-la-france-15-decembre-2021-a-lecole-militaire\/\"  rel=\"bookmark\" class=\"td-image-wrap \" title=\"[chaire ECODEF] Vid\u00e9o de la Conf\u00e9rence annuelle \u201cQuelle politique d&rsquo;exportation de d\u00e9fense pour la France ?\u201d (15 d\u00e9cembre 2021 \u00e0 l\u2019\u00c9cole militaire)\" ><img loading=\"lazy\" decoding=\"async\" class=\"entry-thumb\" src=\"data:image\/png;base64,iVBORw0KGgoAAAANSUhEUgAAAUQAAADrAQMAAAArGX0KAAAAA1BMVEWurq51dlI4AAAAAXRSTlMmkutdmwAAACBJREFUaN7twTEBAAAAwiD7pzbEXmAAAAAAAAAAAACQHSaOAAGSp1GBAAAAAElFTkSuQmCC\" alt=\"\" title=\"[chaire ECODEF] Vid\u00e9o de la Conf\u00e9rence annuelle \u201cQuelle politique d&rsquo;exportation de d\u00e9fense pour la France ?\u201d (15 d\u00e9cembre 2021 \u00e0 l\u2019\u00c9cole militaire)\" data-type=\"image_tag\" data-img-url=\"https:\/\/fdd-ihedn.fr\/wp-content\/uploads\/2022\/02\/47-conference-ihedn-sb20211215205-light-324x235.jpg\" data-img-retina-url=\"https:\/\/fdd-ihedn.fr\/wp-content\/uploads\/2022\/02\/47-conference-ihedn-sb20211215205-light-648x470.jpg\" width=\"324\" height=\"235\" \/><\/a><\/div>\r\n            <div class=\"item-details\">\r\n                <h3 class=\"entry-title td-module-title\"><a href=\"https:\/\/fdd-ihedn.fr\/en\/chaire-ecodef-video-de-la-conference-annuelle-quelle-politique-dexportation-de-defense-pour-la-france-15-decembre-2021-a-lecole-militaire\/\"  rel=\"bookmark\" title=\"[chaire ECODEF] Vid\u00e9o de la Conf\u00e9rence annuelle \u201cQuelle politique d&rsquo;exportation de d\u00e9fense pour la France ?\u201d (15 d\u00e9cembre 2021 \u00e0 l\u2019\u00c9cole militaire)\">[chaire ECODEF] Vid\u00e9o de la Conf\u00e9rence annuelle \u201cQuelle politique d&rsquo;exportation de d\u00e9fense pour la...<\/a><\/h3>\r\n                <div class=\"td-module-meta-info\">\r\n                                        <span class=\"td-post-author-name\"><a href=\"https:\/\/fdd-ihedn.fr\/en\/author\/bertrand\/\">Bertrand Demandre<\/a> <span>-<\/span> <\/span>                    <span class=\"td-post-date\"><time class=\"entry-date updated td-module-date\" datetime=\"2021-12-20T14:31:04+01:00\" >20\/12\/2021<\/time><\/span>                    <span class=\"td-module-comments\"><a href=\"https:\/\/fdd-ihedn.fr\/en\/chaire-ecodef-video-de-la-conference-annuelle-quelle-politique-dexportation-de-defense-pour-la-france-15-decembre-2021-a-lecole-militaire\/#respond\">0<\/a><\/span>                <\/div>\r\n\r\n                <div class=\"td-excerpt\">\r\n                    \r\nRetrouvez l\u2019int\u00e9gralit\u00e9 des d\u00e9bats sur\u00a0la cha\u00eene YouTube de la Chaire.\r\n\r\n\r\n\r\n\r\n\r\n\r\n\r\n\r\n\r\nLa\u00a0Chaire \u00c9conomie de D\u00e9fense \u2013 IHEDN\u00a0a organis\u00e9\u00a0sa conf\u00e9rence annuelle 2021 le 15 d\u00e9cembre\u00a0apr\u00e8s-midi, \u00e0 l\u2019\u00c9cole militaire (amphith\u00e9\u00e2tre Foch) et en ligne. Elle a rassembl\u00e9 pr\u00e8s de 500 participants autour du th\u00e8me\u00a0\u201cQuelle politique d&#039;exportation de d\u00e9fense pour la France ?\u201d.\r\n\r\n\r\n\r\nLe programme...                <\/div>\r\n\r\n                <div class=\"td-read-more\">\r\n                    <a href=\"https:\/\/fdd-ihedn.fr\/en\/chaire-ecodef-video-de-la-conference-annuelle-quelle-politique-dexportation-de-defense-pour-la-france-15-decembre-2021-a-lecole-militaire\/\">Lire la suite<\/a>\r\n                <\/div>\r\n            <\/div>\r\n\r\n        <\/div>\r\n\r\n        \n\t<\/div> <!-- .\/td-block-span12 -->\n\n\t<div class=\"td-block-span12\">\n\r\n        <div class=\"td_module_11 td_module_wrap td-animation-stack\">\r\n            <div class=\"td-module-thumb\"><a href=\"https:\/\/fdd-ihedn.fr\/en\/15-decembre-2021-conference-annuelle-de-la-chaire-economie-de-defense-ihedn\/\"  rel=\"bookmark\" class=\"td-image-wrap \" title=\"[chaire ECODEF] 15 d\u00e9cembre 2021 : Conf\u00e9rence annuelle de la Chaire \u00c9conomie de d\u00e9fense \u2013 IHEDN\" ><img loading=\"lazy\" decoding=\"async\" class=\"entry-thumb\" src=\"data:image\/png;base64,iVBORw0KGgoAAAANSUhEUgAAAUQAAADrAQMAAAArGX0KAAAAA1BMVEWurq51dlI4AAAAAXRSTlMmkutdmwAAACBJREFUaN7twTEBAAAAwiD7pzbEXmAAAAAAAAAAAACQHSaOAAGSp1GBAAAAAElFTkSuQmCC\" alt=\"\" title=\"[chaire ECODEF] 15 d\u00e9cembre 2021 : Conf\u00e9rence annuelle de la Chaire \u00c9conomie de d\u00e9fense \u2013 IHEDN\" data-type=\"image_tag\" data-img-url=\"https:\/\/fdd-ihedn.fr\/wp-content\/uploads\/2021\/11\/IMG_5746-scaled-1-324x235.jpg\" data-img-retina-url=\"https:\/\/fdd-ihedn.fr\/wp-content\/uploads\/2021\/11\/IMG_5746-scaled-1-648x470.jpg\" width=\"324\" height=\"235\" \/><\/a><\/div>\r\n            <div class=\"item-details\">\r\n                <h3 class=\"entry-title td-module-title\"><a href=\"https:\/\/fdd-ihedn.fr\/en\/15-decembre-2021-conference-annuelle-de-la-chaire-economie-de-defense-ihedn\/\"  rel=\"bookmark\" title=\"[chaire ECODEF] 15 d\u00e9cembre 2021 : Conf\u00e9rence annuelle de la Chaire \u00c9conomie de d\u00e9fense \u2013 IHEDN\">[chaire ECODEF] 15 d\u00e9cembre 2021 : Conf\u00e9rence annuelle de la Chaire \u00c9conomie de d\u00e9fense...<\/a><\/h3>\r\n                <div class=\"td-module-meta-info\">\r\n                                        <span class=\"td-post-author-name\"><a href=\"https:\/\/fdd-ihedn.fr\/en\/author\/bertrand\/\">Bertrand Demandre<\/a> <span>-<\/span> <\/span>                    <span class=\"td-post-date\"><time class=\"entry-date updated td-module-date\" datetime=\"2021-11-18T10:38:37+01:00\" >18\/11\/2021<\/time><\/span>                    <span class=\"td-module-comments\"><a href=\"https:\/\/fdd-ihedn.fr\/en\/15-decembre-2021-conference-annuelle-de-la-chaire-economie-de-defense-ihedn\/#respond\">0<\/a><\/span>                <\/div>\r\n\r\n                <div class=\"td-excerpt\">\r\n                    \r\n\r\n\r\n\r\n\r\n\r\n\r\nMercredi 15 d\u00e9cembre 2021 \u00e0 partir de 14 h\r\n\r\n\r\n\r\n\u00c9cole militaire (Paris 7e) \u2013 amphith\u00e9\u00e2tre Foch (\u00e9galement accessible en visioconf\u00e9rence)\r\n\r\n\r\n\r\nLa Chaire \u00c9conomie de d\u00e9fense - IHEDN a le plaisir de vous inviter \u00e0 la conf\u00e9rence qu\u2019elle organise le 15 d\u00e9cembre 2021 apr\u00e8s-midi \u00e0 l&#039;\u00c9cole militaire sur le th\u00e8me :\r\n\r\n\r\n\r\nQuelle politique...                <\/div>\r\n\r\n                <div class=\"td-read-more\">\r\n                    <a href=\"https:\/\/fdd-ihedn.fr\/en\/15-decembre-2021-conference-annuelle-de-la-chaire-economie-de-defense-ihedn\/\">Lire la suite<\/a>\r\n                <\/div>\r\n            <\/div>\r\n\r\n        <\/div>\r\n\r\n        \n\t<\/div> <!-- .\/td-block-span12 -->\n\n\t<div class=\"td-block-span12\">\n\r\n        <div class=\"td_module_11 td_module_wrap td-animation-stack\">\r\n            <div class=\"td-module-thumb\"><a href=\"https:\/\/fdd-ihedn.fr\/en\/chaire-ecodef-video-du-webinaire-le-financement-des-entreprises-de-defense-les-entretiens-de-lecodef-2-le-13-octobre-2021\/\"  rel=\"bookmark\" class=\"td-image-wrap \" title=\"[chaire ECODEF] Vid\u00e9o du webinaire \u201cLe financement des entreprises de d\u00e9fense\u201d (Les entretiens de l\u2019ECODEF #2 \/ le  13 octobre 2021)\" ><img loading=\"lazy\" decoding=\"async\" class=\"entry-thumb\" src=\"data:image\/png;base64,iVBORw0KGgoAAAANSUhEUgAAAUQAAADrAQMAAAArGX0KAAAAA1BMVEWurq51dlI4AAAAAXRSTlMmkutdmwAAACBJREFUaN7twTEBAAAAwiD7pzbEXmAAAAAAAAAAAACQHSaOAAGSp1GBAAAAAElFTkSuQmCC\" alt=\"\" title=\"[chaire ECODEF] Vid\u00e9o du webinaire \u201cLe financement des entreprises de d\u00e9fense\u201d (Les entretiens de l\u2019ECODEF #2 \/ le  13 octobre 2021)\" data-type=\"image_tag\" data-img-url=\"https:\/\/fdd-ihedn.fr\/wp-content\/uploads\/2021\/09\/Entretien-ECODEF-2-324x235.jpg\" data-img-retina-url=\"https:\/\/fdd-ihedn.fr\/wp-content\/uploads\/2021\/09\/Entretien-ECODEF-2-648x470.jpg\" width=\"324\" height=\"235\" \/><\/a><\/div>\r\n            <div class=\"item-details\">\r\n                <h3 class=\"entry-title td-module-title\"><a href=\"https:\/\/fdd-ihedn.fr\/en\/chaire-ecodef-video-du-webinaire-le-financement-des-entreprises-de-defense-les-entretiens-de-lecodef-2-le-13-octobre-2021\/\"  rel=\"bookmark\" title=\"[chaire ECODEF] Vid\u00e9o du webinaire \u201cLe financement des entreprises de d\u00e9fense\u201d (Les entretiens de l\u2019ECODEF #2 \/ le  13 octobre 2021)\">[chaire ECODEF] Vid\u00e9o du webinaire \u201cLe financement des entreprises de d\u00e9fense\u201d (Les entretiens de...<\/a><\/h3>\r\n                <div class=\"td-module-meta-info\">\r\n                                        <span class=\"td-post-author-name\"><a href=\"https:\/\/fdd-ihedn.fr\/en\/author\/bertrand\/\">Bertrand Demandre<\/a> <span>-<\/span> <\/span>                    <span class=\"td-post-date\"><time class=\"entry-date updated td-module-date\" datetime=\"2021-10-14T13:44:33+02:00\" >14\/10\/2021<\/time><\/span>                    <span class=\"td-module-comments\"><a href=\"https:\/\/fdd-ihedn.fr\/en\/chaire-ecodef-video-du-webinaire-le-financement-des-entreprises-de-defense-les-entretiens-de-lecodef-2-le-13-octobre-2021\/#respond\">0<\/a><\/span>                <\/div>\r\n\r\n                <div class=\"td-excerpt\">\r\n                    \r\nRetrouvez l\u2019int\u00e9gralit\u00e9 des vid\u00e9os de la Chaire sur sa\u00a0cha\u00eene YouTube.\r\n\r\n\r\n\r\n\r\n\r\n\r\n\r\n\r\n\r\nAfin de permettre \u00e0 son public de mieux appr\u00e9hender les enjeux \u00e9conomiques des activit\u00e9s de d\u00e9fense, la Chaire propose\u00a0\u201cLes entretiens de l\u2019ECODEF\u201d, une s\u00e9rie de webinaires au cours desquels les r\u00e9sultats des travaux de ses chercheurs sont pr\u00e9sent\u00e9s sous forme...                <\/div>\r\n\r\n                <div class=\"td-read-more\">\r\n                    <a href=\"https:\/\/fdd-ihedn.fr\/en\/chaire-ecodef-video-du-webinaire-le-financement-des-entreprises-de-defense-les-entretiens-de-lecodef-2-le-13-octobre-2021\/\">Lire la suite<\/a>\r\n                <\/div>\r\n            <\/div>\r\n\r\n        <\/div>\r\n\r\n        \n\t<\/div> <!-- .\/td-block-span12 -->\n\n\t<div class=\"td-block-span12\">\n\r\n        <div class=\"td_module_11 td_module_wrap td-animation-stack\">\r\n            <div class=\"td-module-thumb\"><a href=\"https:\/\/fdd-ihedn.fr\/en\/chaire-ecodef-crise-des-sous-marins-intervention-de-julien-malizard-sur-france-culture\/\"  rel=\"bookmark\" class=\"td-image-wrap \" title=\"[chaire ECODEF] Crise des sous-marins : Intervention de Julien Malizard sur France Culture\" ><img loading=\"lazy\" decoding=\"async\" class=\"entry-thumb\" src=\"data:image\/png;base64,iVBORw0KGgoAAAANSUhEUgAAAUQAAADrAQMAAAArGX0KAAAAA1BMVEWurq51dlI4AAAAAXRSTlMmkutdmwAAACBJREFUaN7twTEBAAAAwiD7pzbEXmAAAAAAAAAAAACQHSaOAAGSp1GBAAAAAElFTkSuQmCC\" alt=\"\" title=\"[chaire ECODEF] Crise des sous-marins : Intervention de Julien Malizard sur France Culture\" data-type=\"image_tag\" data-img-url=\"https:\/\/fdd-ihedn.fr\/wp-content\/uploads\/2021\/10\/838_cultures-monde-e1633340972992-324x235.jpg\" data-img-retina-url=\"https:\/\/fdd-ihedn.fr\/wp-content\/uploads\/2021\/10\/838_cultures-monde-e1633340972992-648x470.jpg\" width=\"324\" height=\"235\" \/><\/a><\/div>\r\n            <div class=\"item-details\">\r\n                <h3 class=\"entry-title td-module-title\"><a href=\"https:\/\/fdd-ihedn.fr\/en\/chaire-ecodef-crise-des-sous-marins-intervention-de-julien-malizard-sur-france-culture\/\"  rel=\"bookmark\" title=\"[chaire ECODEF] Crise des sous-marins : Intervention de Julien Malizard sur France Culture\">[chaire ECODEF] Crise des sous-marins : Intervention de Julien Malizard sur France Culture<\/a><\/h3>\r\n                <div class=\"td-module-meta-info\">\r\n                                        <span class=\"td-post-author-name\"><a href=\"https:\/\/fdd-ihedn.fr\/en\/author\/bertrand\/\">Bertrand Demandre<\/a> <span>-<\/span> <\/span>                    <span class=\"td-post-date\"><time class=\"entry-date updated td-module-date\" datetime=\"2021-10-06T12:31:38+02:00\" >06\/10\/2021<\/time><\/span>                    <span class=\"td-module-comments\"><a href=\"https:\/\/fdd-ihedn.fr\/en\/chaire-ecodef-crise-des-sous-marins-intervention-de-julien-malizard-sur-france-culture\/#respond\">0<\/a><\/span>                <\/div>\r\n\r\n                <div class=\"td-excerpt\">\r\n                    \r\nJulien Malizard, titulaire adjoint de la Chaire \u00c9conomie de d\u00e9fense - IHEDN, a \u00e9t\u00e9 invit\u00e9 \u00e0 l&#039;antenne de France Culture afin de s&#039;exprimer sur l&#039;industrie de d\u00e9fense fran\u00e7aise dans le contexte de la crise des sous-marins australiens. \r\n\r\n\r\n\r\n\r\n\r\n\r\n\r\n\r\n\r\nJulien Malizard est intervenu sur France Culture dans l&#039;\u00e9mission Cultures Mondes, pr\u00e9sent\u00e9e...                <\/div>\r\n\r\n                <div class=\"td-read-more\">\r\n                    <a href=\"https:\/\/fdd-ihedn.fr\/en\/chaire-ecodef-crise-des-sous-marins-intervention-de-julien-malizard-sur-france-culture\/\">Lire la suite<\/a>\r\n                <\/div>\r\n            <\/div>\r\n\r\n        <\/div>\r\n\r\n        \n\t<\/div> <!-- .\/td-block-span12 -->\n\n\t<div class=\"td-block-span12\">\n\r\n        <div class=\"td_module_11 td_module_wrap td-animation-stack\">\r\n            <div class=\"td-module-thumb\"><a href=\"https:\/\/fdd-ihedn.fr\/en\/chaire-ecodef-les-entretiens-de-lecodef-2-sur-le-theme-du-financement-des-entreprises-de-defense-le-mercredi-13-octobre-a-8h30\/\"  rel=\"bookmark\" class=\"td-image-wrap \" title=\"[chaire ECODEF] Les entretiens de l\u2019ECODEF #2 sur le th\u00e8me du financement des entreprises de d\u00e9fense, le mercredi 13 octobre \u00e0 8h30\" ><img loading=\"lazy\" decoding=\"async\" class=\"entry-thumb\" src=\"data:image\/png;base64,iVBORw0KGgoAAAANSUhEUgAAAUQAAADrAQMAAAArGX0KAAAAA1BMVEWurq51dlI4AAAAAXRSTlMmkutdmwAAACBJREFUaN7twTEBAAAAwiD7pzbEXmAAAAAAAAAAAACQHSaOAAGSp1GBAAAAAElFTkSuQmCC\" alt=\"\" title=\"[chaire ECODEF] Les entretiens de l\u2019ECODEF #2 sur le th\u00e8me du financement des entreprises de d\u00e9fense, le mercredi 13 octobre \u00e0 8h30\" data-type=\"image_tag\" data-img-url=\"https:\/\/fdd-ihedn.fr\/wp-content\/uploads\/2021\/09\/Entretien-ECODEF-2-324x235.jpg\" data-img-retina-url=\"https:\/\/fdd-ihedn.fr\/wp-content\/uploads\/2021\/09\/Entretien-ECODEF-2-648x470.jpg\" width=\"324\" height=\"235\" \/><\/a><\/div>\r\n            <div class=\"item-details\">\r\n                <h3 class=\"entry-title td-module-title\"><a href=\"https:\/\/fdd-ihedn.fr\/en\/chaire-ecodef-les-entretiens-de-lecodef-2-sur-le-theme-du-financement-des-entreprises-de-defense-le-mercredi-13-octobre-a-8h30\/\"  rel=\"bookmark\" title=\"[chaire ECODEF] Les entretiens de l\u2019ECODEF #2 sur le th\u00e8me du financement des entreprises de d\u00e9fense, le mercredi 13 octobre \u00e0 8h30\">[chaire ECODEF] Les entretiens de l\u2019ECODEF #2 sur le th\u00e8me du financement des entreprises...<\/a><\/h3>\r\n                <div class=\"td-module-meta-info\">\r\n                                        <span class=\"td-post-author-name\"><a href=\"https:\/\/fdd-ihedn.fr\/en\/author\/bertrand\/\">Bertrand Demandre<\/a> <span>-<\/span> <\/span>                    <span class=\"td-post-date\"><time class=\"entry-date updated td-module-date\" datetime=\"2021-09-29T12:04:49+02:00\" >29\/09\/2021<\/time><\/span>                    <span class=\"td-module-comments\"><a href=\"https:\/\/fdd-ihedn.fr\/en\/chaire-ecodef-les-entretiens-de-lecodef-2-sur-le-theme-du-financement-des-entreprises-de-defense-le-mercredi-13-octobre-a-8h30\/#respond\">0<\/a><\/span>                <\/div>\r\n\r\n                <div class=\"td-excerpt\">\r\n                    \r\n\r\n\r\n\r\n\r\n\r\n\r\nMercredi 13 octobre 2021 | 8h30 \u2013 9h30 En ligne\r\n\r\n\r\n\r\n&nbsp;\r\n\r\n\r\n\r\nAfin de mieux faire conna\u00eetre les enjeux \u00e9conomiques des activit\u00e9s de d\u00e9fense, la Chaire \u00c9conomie de d\u00e9fense - IHEDN a pris l&#039;initiative de proposer &quot;Les entretiens de l&#039;ECODEF&quot;. Cette s\u00e9rie de webinaires met en lumi\u00e8re les r\u00e9sultats des travaux de...                <\/div>\r\n\r\n                <div class=\"td-read-more\">\r\n                    <a href=\"https:\/\/fdd-ihedn.fr\/en\/chaire-ecodef-les-entretiens-de-lecodef-2-sur-le-theme-du-financement-des-entreprises-de-defense-le-mercredi-13-octobre-a-8h30\/\">Lire la suite<\/a>\r\n                <\/div>\r\n            <\/div>\r\n\r\n        <\/div>\r\n\r\n        \n\t<\/div> <!-- .\/td-block-span12 -->\n\n\t<div class=\"td-block-span12\">\n\r\n        <div class=\"td_module_11 td_module_wrap td-animation-stack\">\r\n            <div class=\"td-module-thumb\"><a href=\"https:\/\/fdd-ihedn.fr\/en\/cyber-fic-2021-intervention-de-jean-peeters-sur-lacceptabilite-sociale-des-technologies-numeriques\/\"  rel=\"bookmark\" class=\"td-image-wrap \" title=\"[chaire CYBER] FIC 2021 : Intervention de Jean Peeters sur l\u2019acceptabilit\u00e9 sociale des technologies num\u00e9riques\" ><img loading=\"lazy\" decoding=\"async\" class=\"entry-thumb\" src=\"data:image\/png;base64,iVBORw0KGgoAAAANSUhEUgAAAUQAAADrAQMAAAArGX0KAAAAA1BMVEWurq51dlI4AAAAAXRSTlMmkutdmwAAACBJREFUaN7twTEBAAAAwiD7pzbEXmAAAAAAAAAAAACQHSaOAAGSp1GBAAAAAElFTkSuQmCC\" alt=\"\" title=\"[chaire CYBER] FIC 2021 : Intervention de Jean Peeters sur l\u2019acceptabilit\u00e9 sociale des technologies num\u00e9riques\" data-type=\"image_tag\" data-img-url=\"https:\/\/fdd-ihedn.fr\/wp-content\/uploads\/2021\/09\/FIC-2021-324x235.jpg\" data-img-retina-url=\"https:\/\/fdd-ihedn.fr\/wp-content\/uploads\/2021\/09\/FIC-2021-648x470.jpg\" width=\"324\" height=\"235\" \/><\/a><\/div>\r\n            <div class=\"item-details\">\r\n                <h3 class=\"entry-title td-module-title\"><a href=\"https:\/\/fdd-ihedn.fr\/en\/cyber-fic-2021-intervention-de-jean-peeters-sur-lacceptabilite-sociale-des-technologies-numeriques\/\"  rel=\"bookmark\" title=\"[chaire CYBER] FIC 2021 : Intervention de Jean Peeters sur l\u2019acceptabilit\u00e9 sociale des technologies num\u00e9riques\">[chaire CYBER] FIC 2021 : Intervention de Jean Peeters sur l\u2019acceptabilit\u00e9 sociale des technologies...<\/a><\/h3>\r\n                <div class=\"td-module-meta-info\">\r\n                                        <span class=\"td-post-author-name\"><a href=\"https:\/\/fdd-ihedn.fr\/en\/author\/bertrand\/\">Bertrand Demandre<\/a> <span>-<\/span> <\/span>                    <span class=\"td-post-date\"><time class=\"entry-date updated td-module-date\" datetime=\"2021-09-15T14:16:55+02:00\" >15\/09\/2021<\/time><\/span>                    <span class=\"td-module-comments\"><a href=\"https:\/\/fdd-ihedn.fr\/en\/cyber-fic-2021-intervention-de-jean-peeters-sur-lacceptabilite-sociale-des-technologies-numeriques\/#respond\">0<\/a><\/span>                <\/div>\r\n\r\n                <div class=\"td-excerpt\">\r\n                    \r\n\r\nLe professeur\u00a0Jean Peeters, titulaire de la Chaire\u00a0Cyber et souverainet\u00e9 num\u00e9rique \u2013 IHEDN, est intervenu au Forum International de la Cybers\u00e9curit\u00e9 (FIC 2021) \u00e0 l\u2019occasion d\u2019un atelier sur l\u2019acceptabilit\u00e9 sociale des technologies num\u00e9riques, le 8 septembre 2021.\u00a0\r\n\r\n\r\n\r\nAnim\u00e9 par le g\u00e9n\u00e9ral Marc Watin-Augouard, l\u2019atelier PhilosoFIC\u00a0a rassembl\u00e9 plus de 150 participants autour...                <\/div>\r\n\r\n                <div class=\"td-read-more\">\r\n                    <a href=\"https:\/\/fdd-ihedn.fr\/en\/cyber-fic-2021-intervention-de-jean-peeters-sur-lacceptabilite-sociale-des-technologies-numeriques\/\">Lire la suite<\/a>\r\n                <\/div>\r\n            <\/div>\r\n\r\n        <\/div>\r\n\r\n        \n\t<\/div> <!-- .\/td-block-span12 -->\n\n\t<div class=\"td-block-span12\">\n\r\n        <div class=\"td_module_11 td_module_wrap td-animation-stack\">\r\n            <div class=\"td-module-thumb\"><a href=\"https:\/\/fdd-ihedn.fr\/en\/chaire-ecodef-video-du-webinaire-investissements-de-defense-quelle-contribution-face-aux-enjeux-economiques-actuels-les-entretiens-de-lecodef-1-le-7-juillet-2021\/\"  rel=\"bookmark\" class=\"td-image-wrap \" title=\"[chaire ECODEF] Vid\u00e9o du webinaire \u00ab\u00a0Investissements de d\u00e9fense : Quelle contribution face aux enjeux \u00e9conomiques actuels ?\u00a0\u00bb (Les entretiens de l&rsquo;ECODEF #1 \/ le 7 juillet 2021)\" ><img loading=\"lazy\" decoding=\"async\" class=\"entry-thumb\" src=\"data:image\/png;base64,iVBORw0KGgoAAAANSUhEUgAAAUQAAADrAQMAAAArGX0KAAAAA1BMVEWurq51dlI4AAAAAXRSTlMmkutdmwAAACBJREFUaN7twTEBAAAAwiD7pzbEXmAAAAAAAAAAAACQHSaOAAGSp1GBAAAAAElFTkSuQmCC\" alt=\"\" title=\"[chaire ECODEF] Vid\u00e9o du webinaire \u00ab\u00a0Investissements de d\u00e9fense : Quelle contribution face aux enjeux \u00e9conomiques actuels ?\u00a0\u00bb (Les entretiens de l&rsquo;ECODEF #1 \/ le 7 juillet 2021)\" data-type=\"image_tag\" data-img-url=\"https:\/\/fdd-ihedn.fr\/wp-content\/uploads\/2021\/06\/CHAIRE-ECODEF-IHEDN-Invitation-Webinaire-07-2021-324x235.jpg\" data-img-retina-url=\"https:\/\/fdd-ihedn.fr\/wp-content\/uploads\/2021\/06\/CHAIRE-ECODEF-IHEDN-Invitation-Webinaire-07-2021-648x470.jpg\" width=\"324\" height=\"235\" \/><\/a><\/div>\r\n            <div class=\"item-details\">\r\n                <h3 class=\"entry-title td-module-title\"><a href=\"https:\/\/fdd-ihedn.fr\/en\/chaire-ecodef-video-du-webinaire-investissements-de-defense-quelle-contribution-face-aux-enjeux-economiques-actuels-les-entretiens-de-lecodef-1-le-7-juillet-2021\/\"  rel=\"bookmark\" title=\"[chaire ECODEF] Vid\u00e9o du webinaire \u00ab\u00a0Investissements de d\u00e9fense : Quelle contribution face aux enjeux \u00e9conomiques actuels ?\u00a0\u00bb (Les entretiens de l&rsquo;ECODEF #1 \/ le 7 juillet 2021)\">[chaire ECODEF] Vid\u00e9o du webinaire \u00ab\u00a0Investissements de d\u00e9fense : Quelle contribution face aux enjeux...<\/a><\/h3>\r\n                <div class=\"td-module-meta-info\">\r\n                                        <span class=\"td-post-author-name\"><a href=\"https:\/\/fdd-ihedn.fr\/en\/author\/bertrand\/\">Bertrand Demandre<\/a> <span>-<\/span> <\/span>                    <span class=\"td-post-date\"><time class=\"entry-date updated td-module-date\" datetime=\"2021-07-09T13:50:23+02:00\" >09\/07\/2021<\/time><\/span>                    <span class=\"td-module-comments\"><a href=\"https:\/\/fdd-ihedn.fr\/en\/chaire-ecodef-video-du-webinaire-investissements-de-defense-quelle-contribution-face-aux-enjeux-economiques-actuels-les-entretiens-de-lecodef-1-le-7-juillet-2021\/#respond\">0<\/a><\/span>                <\/div>\r\n\r\n                <div class=\"td-excerpt\">\r\n                    \r\nRetrouvez l\u2019int\u00e9gralit\u00e9 des vid\u00e9os de la Chaire sur sa cha\u00eene YouTube.\r\n\r\n\r\n\r\n\r\n\r\n\r\n\r\n\r\n\r\nAfin de permettre \u00e0 son public de mieux appr\u00e9hender les enjeux \u00e9conomiques des activit\u00e9s de d\u00e9fense, la Chaire propose\u00a0&quot;Les entretiens de l&#039;ECODEF&quot;, une s\u00e9rie de webinaires au cours desquels les r\u00e9sultats des travaux de ses chercheurs sont pr\u00e9sent\u00e9s sous...                <\/div>\r\n\r\n                <div class=\"td-read-more\">\r\n                    <a href=\"https:\/\/fdd-ihedn.fr\/en\/chaire-ecodef-video-du-webinaire-investissements-de-defense-quelle-contribution-face-aux-enjeux-economiques-actuels-les-entretiens-de-lecodef-1-le-7-juillet-2021\/\">Lire la suite<\/a>\r\n                <\/div>\r\n            <\/div>\r\n\r\n        <\/div>\r\n\r\n        \n\t<\/div> <!-- .\/td-block-span12 -->\n\n\t<div class=\"td-block-span12\">\n\r\n        <div class=\"td_module_11 td_module_wrap td-animation-stack\">\r\n            <div class=\"td-module-thumb\"><a href=\"https:\/\/fdd-ihedn.fr\/en\/chaire-ecodef-la-chaire-lance-sa-serie-de-webinaires-le-7-juillet-2021-avec-le-theme-de-linvestissement-de-defense\/\"  rel=\"bookmark\" class=\"td-image-wrap \" title=\"[chaire ECODEF] Les entretiens de l\u2019ECODEF #1 : La Chaire lance sa s\u00e9rie de webinaires le 7 juillet 2021 avec le th\u00e8me de l\u2019investissement de d\u00e9fense\" ><img loading=\"lazy\" decoding=\"async\" class=\"entry-thumb\" src=\"data:image\/png;base64,iVBORw0KGgoAAAANSUhEUgAAAUQAAADrAQMAAAArGX0KAAAAA1BMVEWurq51dlI4AAAAAXRSTlMmkutdmwAAACBJREFUaN7twTEBAAAAwiD7pzbEXmAAAAAAAAAAAACQHSaOAAGSp1GBAAAAAElFTkSuQmCC\" alt=\"\" title=\"[chaire ECODEF] Les entretiens de l\u2019ECODEF #1 : La Chaire lance sa s\u00e9rie de webinaires le 7 juillet 2021 avec le th\u00e8me de l\u2019investissement de d\u00e9fense\" data-type=\"image_tag\" data-img-url=\"https:\/\/fdd-ihedn.fr\/wp-content\/uploads\/2021\/06\/CHAIRE-ECODEF-IHEDN-Invitation-Webinaire-07-2021-324x235.jpg\" data-img-retina-url=\"https:\/\/fdd-ihedn.fr\/wp-content\/uploads\/2021\/06\/CHAIRE-ECODEF-IHEDN-Invitation-Webinaire-07-2021-648x470.jpg\" width=\"324\" height=\"235\" \/><\/a><\/div>\r\n            <div class=\"item-details\">\r\n                <h3 class=\"entry-title td-module-title\"><a href=\"https:\/\/fdd-ihedn.fr\/en\/chaire-ecodef-la-chaire-lance-sa-serie-de-webinaires-le-7-juillet-2021-avec-le-theme-de-linvestissement-de-defense\/\"  rel=\"bookmark\" title=\"[chaire ECODEF] Les entretiens de l\u2019ECODEF #1 : La Chaire lance sa s\u00e9rie de webinaires le 7 juillet 2021 avec le th\u00e8me de l\u2019investissement de d\u00e9fense\">[chaire ECODEF] Les entretiens de l\u2019ECODEF #1 : La Chaire lance sa s\u00e9rie de...<\/a><\/h3>\r\n                <div class=\"td-module-meta-info\">\r\n                                        <span class=\"td-post-author-name\"><a href=\"https:\/\/fdd-ihedn.fr\/en\/author\/bertrand\/\">Bertrand Demandre<\/a> <span>-<\/span> <\/span>                    <span class=\"td-post-date\"><time class=\"entry-date updated td-module-date\" datetime=\"2021-06-23T10:09:31+02:00\" >23\/06\/2021<\/time><\/span>                    <span class=\"td-module-comments\"><a href=\"https:\/\/fdd-ihedn.fr\/en\/chaire-ecodef-la-chaire-lance-sa-serie-de-webinaires-le-7-juillet-2021-avec-le-theme-de-linvestissement-de-defense\/#respond\">0<\/a><\/span>                <\/div>\r\n\r\n                <div class=\"td-excerpt\">\r\n                    \r\n\r\n\r\n\r\n\r\n\r\n\r\nMercredi 7 juillet 2021 | 8h30 - 9h30En ligne\r\n\r\n\r\n\r\n\r\n\r\nAfin de mieux faire conna\u00eetre les enjeux \u00e9conomiques des activit\u00e9s de d\u00e9fense, la\u00a0Chaire \u00c9conomie de d\u00e9fense - IHEDN\u00a0a pris l&#039;initiative de proposer\u00a0&quot;Les entretiens de l&#039;ECODEF&quot;. Vous aurez ainsi la possibilit\u00e9 participer de fa\u00e7on r\u00e9guli\u00e8re \u00e0 des webinaires au cours desquels les...                <\/div>\r\n\r\n                <div class=\"td-read-more\">\r\n                    <a href=\"https:\/\/fdd-ihedn.fr\/en\/chaire-ecodef-la-chaire-lance-sa-serie-de-webinaires-le-7-juillet-2021-avec-le-theme-de-linvestissement-de-defense\/\">Lire la suite<\/a>\r\n                <\/div>\r\n            <\/div>\r\n\r\n        <\/div>\r\n\r\n        \n\t<\/div> <!-- .\/td-block-span12 -->\n\n\t<div class=\"td-block-span12\">\n\r\n        <div class=\"td_module_11 td_module_wrap td-animation-stack\">\r\n            <div class=\"td-module-thumb\"><a href=\"https:\/\/fdd-ihedn.fr\/en\/financement-des-armees-intervention-de-julien-malizard-au-colloque-les-lecons-militaires-de-la-guerre-du-golfe\/\"  rel=\"bookmark\" class=\"td-image-wrap \" title=\"[chaire ECODEF] Financement des arm\u00e9es : Intervention de Julien Malizard au colloque \u00ab\u00a0Les le\u00e7ons militaires de la guerre du Golfe\u00a0\u00bb\" ><img loading=\"lazy\" decoding=\"async\" class=\"entry-thumb\" src=\"data:image\/png;base64,iVBORw0KGgoAAAANSUhEUgAAAUQAAADrAQMAAAArGX0KAAAAA1BMVEWurq51dlI4AAAAAXRSTlMmkutdmwAAACBJREFUaN7twTEBAAAAwiD7pzbEXmAAAAAAAAAAAACQHSaOAAGSp1GBAAAAAElFTkSuQmCC\" alt=\"\" title=\"[chaire ECODEF] Financement des arm\u00e9es : Intervention de Julien Malizard au colloque \u00ab\u00a0Les le\u00e7ons militaires de la guerre du Golfe\u00a0\u00bb\" data-type=\"image_tag\" data-img-url=\"https:\/\/fdd-ihedn.fr\/wp-content\/uploads\/2021\/06\/Affiche_SHD-324x235.jpg\" data-img-retina-url=\"https:\/\/fdd-ihedn.fr\/wp-content\/uploads\/2021\/06\/Affiche_SHD-648x470.jpg\" width=\"324\" height=\"235\" \/><\/a><\/div>\r\n            <div class=\"item-details\">\r\n                <h3 class=\"entry-title td-module-title\"><a href=\"https:\/\/fdd-ihedn.fr\/en\/financement-des-armees-intervention-de-julien-malizard-au-colloque-les-lecons-militaires-de-la-guerre-du-golfe\/\"  rel=\"bookmark\" title=\"[chaire ECODEF] Financement des arm\u00e9es : Intervention de Julien Malizard au colloque \u00ab\u00a0Les le\u00e7ons militaires de la guerre du Golfe\u00a0\u00bb\">[chaire ECODEF] Financement des arm\u00e9es : Intervention de Julien Malizard au colloque \u00ab\u00a0Les le\u00e7ons...<\/a><\/h3>\r\n                <div class=\"td-module-meta-info\">\r\n                                        <span class=\"td-post-author-name\"><a href=\"https:\/\/fdd-ihedn.fr\/en\/author\/bertrand\/\">Bertrand Demandre<\/a> <span>-<\/span> <\/span>                    <span class=\"td-post-date\"><time class=\"entry-date updated td-module-date\" datetime=\"2021-06-16T10:39:46+02:00\" >16\/06\/2021<\/time><\/span>                    <span class=\"td-module-comments\"><a href=\"https:\/\/fdd-ihedn.fr\/en\/financement-des-armees-intervention-de-julien-malizard-au-colloque-les-lecons-militaires-de-la-guerre-du-golfe\/#respond\">0<\/a><\/span>                <\/div>\r\n\r\n                <div class=\"td-excerpt\">\r\n                    \r\nJulien Malizard interviendra le vendredi 18 juin dans le colloque &quot;Les le\u00e7ons militaires de la guerre du Golfe&quot; organis\u00e9 par le\u00a0Service historique de la d\u00e9fense\u00a0du minist\u00e8re des Arm\u00e9es. Les inscriptions sont ouvertes.\r\n\r\n\r\n\r\n\r\n\r\n\r\n\r\n\r\n\r\nJulien Malizard, titulaire adjoint de la Chaire, discutera ce vendredi 18 juin, de 14 h 30 \u00e0 16...                <\/div>\r\n\r\n                <div class=\"td-read-more\">\r\n                    <a href=\"https:\/\/fdd-ihedn.fr\/en\/financement-des-armees-intervention-de-julien-malizard-au-colloque-les-lecons-militaires-de-la-guerre-du-golfe\/\">Lire la suite<\/a>\r\n                <\/div>\r\n            <\/div>\r\n\r\n        <\/div>\r\n\r\n        \n\t<\/div> <!-- .\/td-block-span12 -->\n\n\t<div class=\"td-block-span12\">\n\r\n        <div class=\"td_module_11 td_module_wrap td-animation-stack\">\r\n            <div class=\"td-module-thumb\"><a href=\"https:\/\/fdd-ihedn.fr\/en\/economie-spatiale-intervention-de-jean-belin-a-lecole-dete-defense-espace-2021\/\"  rel=\"bookmark\" class=\"td-image-wrap \" title=\"[chaire ECODEF] \u00c9conomie spatiale : Intervention de Jean Belin \u00e0 l&rsquo;\u00e9cole d&rsquo;\u00e9t\u00e9 D\u00e9fense &#038; Espace 2021\" ><img loading=\"lazy\" decoding=\"async\" class=\"entry-thumb\" src=\"data:image\/png;base64,iVBORw0KGgoAAAANSUhEUgAAAUQAAADrAQMAAAArGX0KAAAAA1BMVEWurq51dlI4AAAAAXRSTlMmkutdmwAAACBJREFUaN7twTEBAAAAwiD7pzbEXmAAAAAAAAAAAACQHSaOAAGSp1GBAAAAAElFTkSuQmCC\" alt=\"\" title=\"[chaire ECODEF] \u00c9conomie spatiale : Intervention de Jean Belin \u00e0 l&rsquo;\u00e9cole d&rsquo;\u00e9t\u00e9 D\u00e9fense &#038; Espace 2021\" data-type=\"image_tag\" data-img-url=\"https:\/\/fdd-ihedn.fr\/wp-content\/uploads\/2021\/03\/Jean-BELIN-324x235.jpg\" data-img-retina-url=\"https:\/\/fdd-ihedn.fr\/wp-content\/uploads\/2021\/03\/Jean-BELIN-648x450.jpg\" width=\"324\" height=\"235\" \/><\/a><\/div>\r\n            <div class=\"item-details\">\r\n                <h3 class=\"entry-title td-module-title\"><a href=\"https:\/\/fdd-ihedn.fr\/en\/economie-spatiale-intervention-de-jean-belin-a-lecole-dete-defense-espace-2021\/\"  rel=\"bookmark\" title=\"[chaire ECODEF] \u00c9conomie spatiale : Intervention de Jean Belin \u00e0 l&rsquo;\u00e9cole d&rsquo;\u00e9t\u00e9 D\u00e9fense &#038; Espace 2021\">[chaire ECODEF] \u00c9conomie spatiale : Intervention de Jean Belin \u00e0 l&rsquo;\u00e9cole d&rsquo;\u00e9t\u00e9 D\u00e9fense &#038;...<\/a><\/h3>\r\n                <div class=\"td-module-meta-info\">\r\n                                        <span class=\"td-post-author-name\"><a href=\"https:\/\/fdd-ihedn.fr\/en\/author\/bertrand\/\">Bertrand Demandre<\/a> <span>-<\/span> <\/span>                    <span class=\"td-post-date\"><time class=\"entry-date updated td-module-date\" datetime=\"2021-06-14T14:29:50+02:00\" >14\/06\/2021<\/time><\/span>                    <span class=\"td-module-comments\"><a href=\"https:\/\/fdd-ihedn.fr\/en\/economie-spatiale-intervention-de-jean-belin-a-lecole-dete-defense-espace-2021\/#respond\">0<\/a><\/span>                <\/div>\r\n\r\n                <div class=\"td-excerpt\">\r\n                    \r\nJean Belin, titulaire de la Chaire, est intervenu dans le cadre d&#039;une conf\u00e9rence sur l&#039;\u00e9conomie spatiale de l&#039;\u00e9cole d&#039;\u00e9t\u00e9 D\u00e9fense &amp; Espace 2021. \r\n\r\n\r\n\r\n\r\n\r\n\r\n\r\n\r\n\r\nOrganis\u00e9e en ligne par la Chaire D\u00e9fense &amp; A\u00e9rospatial, l&#039;\u00e9cole d&#039;\u00e9t\u00e9 D\u00e9fense &amp; Espace a re\u00e7u Jean Belin, titulaire de la Chaire, ce jeudi 10 juin...                <\/div>\r\n\r\n                <div class=\"td-read-more\">\r\n                    <a href=\"https:\/\/fdd-ihedn.fr\/en\/economie-spatiale-intervention-de-jean-belin-a-lecole-dete-defense-espace-2021\/\">Lire la suite<\/a>\r\n                <\/div>\r\n            <\/div>\r\n\r\n        <\/div>\r\n\r\n        \n\t<\/div> <!-- .\/td-block-span12 -->\n\n\t<div class=\"td-block-span12\">\n\r\n        <div class=\"td_module_11 td_module_wrap td-animation-stack\">\r\n            <div class=\"td-module-thumb\"><a href=\"https:\/\/fdd-ihedn.fr\/en\/guerres-dusure-publication-dun-article-de-maxime-menuet-dans-la-revue-economic-inquiry\/\"  rel=\"bookmark\" class=\"td-image-wrap \" title=\"[chaire ECODEF] Guerres d&rsquo;usure : Publication d&rsquo;un article de Maxime Menuet dans la revue Economic Inquiry\" ><img loading=\"lazy\" decoding=\"async\" class=\"entry-thumb\" src=\"data:image\/png;base64,iVBORw0KGgoAAAANSUhEUgAAAUQAAADrAQMAAAArGX0KAAAAA1BMVEWurq51dlI4AAAAAXRSTlMmkutdmwAAACBJREFUaN7twTEBAAAAwiD7pzbEXmAAAAAAAAAAAACQHSaOAAGSp1GBAAAAAElFTkSuQmCC\" alt=\"\" title=\"[chaire ECODEF] Guerres d&rsquo;usure : Publication d&rsquo;un article de Maxime Menuet dans la revue Economic Inquiry\" data-type=\"image_tag\" data-img-url=\"https:\/\/fdd-ihedn.fr\/wp-content\/uploads\/2021\/06\/ww1-2187095_1920-324x235.jpg\" data-img-retina-url=\"https:\/\/fdd-ihedn.fr\/wp-content\/uploads\/2021\/06\/ww1-2187095_1920-648x470.jpg\" width=\"324\" height=\"235\" \/><\/a><\/div>\r\n            <div class=\"item-details\">\r\n                <h3 class=\"entry-title td-module-title\"><a href=\"https:\/\/fdd-ihedn.fr\/en\/guerres-dusure-publication-dun-article-de-maxime-menuet-dans-la-revue-economic-inquiry\/\"  rel=\"bookmark\" title=\"[chaire ECODEF] Guerres d&rsquo;usure : Publication d&rsquo;un article de Maxime Menuet dans la revue Economic Inquiry\">[chaire ECODEF] Guerres d&rsquo;usure : Publication d&rsquo;un article de Maxime Menuet dans la revue...<\/a><\/h3>\r\n                <div class=\"td-module-meta-info\">\r\n                                        <span class=\"td-post-author-name\"><a href=\"https:\/\/fdd-ihedn.fr\/en\/author\/bertrand\/\">Bertrand Demandre<\/a> <span>-<\/span> <\/span>                    <span class=\"td-post-date\"><time class=\"entry-date updated td-module-date\" datetime=\"2021-06-10T15:18:39+02:00\" >10\/06\/2021<\/time><\/span>                    <span class=\"td-module-comments\"><a href=\"https:\/\/fdd-ihedn.fr\/en\/guerres-dusure-publication-dun-article-de-maxime-menuet-dans-la-revue-economic-inquiry\/#respond\">0<\/a><\/span>                <\/div>\r\n\r\n                <div class=\"td-excerpt\">\r\n                    \r\nMaxime Menuet, chercheur associ\u00e9 \u00e0 la Chaire, a publi\u00e9 un article dans la revue Economic Inquiry sur les joueurs trop confiants dans le cadre th\u00e9orique de guerres d&#039;usure. \r\n\r\n\r\n\r\n\r\n\r\n\r\n\r\n\r\n\r\n&nbsp;\r\n\r\n\r\n\r\nMaxime Menuet, ma\u00eetre de conf\u00e9rences \u00e0 l\u2019Universit\u00e9 d\u2019Orl\u00e9ans et chercheur associ\u00e9 \u00e0 la Chaire, publie un article dans la revue Economic...                <\/div>\r\n\r\n                <div class=\"td-read-more\">\r\n                    <a href=\"https:\/\/fdd-ihedn.fr\/en\/guerres-dusure-publication-dun-article-de-maxime-menuet-dans-la-revue-economic-inquiry\/\">Lire la suite<\/a>\r\n                <\/div>\r\n            <\/div>\r\n\r\n        <\/div>\r\n\r\n        \n\t<\/div> <!-- .\/td-block-span12 -->\n\n\t<div class=\"td-block-span12\">\n\r\n        <div class=\"td_module_11 td_module_wrap td-animation-stack\">\r\n            <div class=\"td-module-thumb\"><a href=\"https:\/\/fdd-ihedn.fr\/en\/quelle-politique-industrielle-europeenne-de-defense-face-aux-defis-a-relever-synthese-de-la-conference-du-2-decembre-2020\/\"  rel=\"bookmark\" class=\"td-image-wrap \" title=\"[chaire ECODEF] \u00ab\u00a0Quelle politique industrielle europ\u00e9enne de d\u00e9fense face aux d\u00e9fis \u00e0 relever ?\u00a0\u00bb : Synth\u00e8se de la conf\u00e9rence du 2 d\u00e9cembre 2020\" ><img loading=\"lazy\" decoding=\"async\" class=\"entry-thumb\" src=\"data:image\/png;base64,iVBORw0KGgoAAAANSUhEUgAAAUQAAADrAQMAAAArGX0KAAAAA1BMVEWurq51dlI4AAAAAXRSTlMmkutdmwAAACBJREFUaN7twTEBAAAAwiD7pzbEXmAAAAAAAAAAAACQHSaOAAGSp1GBAAAAAElFTkSuQmCC\" alt=\"\" title=\"[chaire ECODEF] \u00ab\u00a0Quelle politique industrielle europ\u00e9enne de d\u00e9fense face aux d\u00e9fis \u00e0 relever ?\u00a0\u00bb : Synth\u00e8se de la conf\u00e9rence du 2 d\u00e9cembre 2020\" data-type=\"image_tag\" data-img-url=\"https:\/\/fdd-ihedn.fr\/wp-content\/uploads\/2021\/05\/ECODEF-conference-annuelle-02-12-2021-324x235.png\" data-img-retina-url=\"https:\/\/fdd-ihedn.fr\/wp-content\/uploads\/2021\/05\/ECODEF-conference-annuelle-02-12-2021-648x470.png\" width=\"324\" height=\"235\" \/><\/a><\/div>\r\n            <div class=\"item-details\">\r\n                <h3 class=\"entry-title td-module-title\"><a href=\"https:\/\/fdd-ihedn.fr\/en\/quelle-politique-industrielle-europeenne-de-defense-face-aux-defis-a-relever-synthese-de-la-conference-du-2-decembre-2020\/\"  rel=\"bookmark\" title=\"[chaire ECODEF] \u00ab\u00a0Quelle politique industrielle europ\u00e9enne de d\u00e9fense face aux d\u00e9fis \u00e0 relever ?\u00a0\u00bb : Synth\u00e8se de la conf\u00e9rence du 2 d\u00e9cembre 2020\">[chaire ECODEF] \u00ab\u00a0Quelle politique industrielle europ\u00e9enne de d\u00e9fense face aux d\u00e9fis \u00e0 relever ?\u00a0\u00bb...<\/a><\/h3>\r\n                <div class=\"td-module-meta-info\">\r\n                                        <span class=\"td-post-author-name\"><a href=\"https:\/\/fdd-ihedn.fr\/en\/author\/bertrand\/\">Bertrand Demandre<\/a> <span>-<\/span> <\/span>                    <span class=\"td-post-date\"><time class=\"entry-date updated td-module-date\" datetime=\"2021-05-26T14:28:30+02:00\" >26\/05\/2021<\/time><\/span>                    <span class=\"td-module-comments\"><a href=\"https:\/\/fdd-ihedn.fr\/en\/quelle-politique-industrielle-europeenne-de-defense-face-aux-defis-a-relever-synthese-de-la-conference-du-2-decembre-2020\/#respond\">0<\/a><\/span>                <\/div>\r\n\r\n                <div class=\"td-excerpt\">\r\n                    \r\n&quot;Quelle politique industrielle europ\u00e9enne de d\u00e9fense face aux d\u00e9fis \u00e0 relever ?&quot; C&#039;est sur ce th\u00e8me qu&#039;a port\u00e9 la conf\u00e9rence annuelle de la Chaire \u00c9conomie de d\u00e9fense - IHEDN, qui s\u2019est tenue le 2 d\u00e9cembre 2020 \u00e0 Paris (\u00c9cole militaire, amphith\u00e9\u00e2tre Foch) et a \u00e9t\u00e9 retransmise en direct. Nous...                <\/div>\r\n\r\n                <div class=\"td-read-more\">\r\n                    <a href=\"https:\/\/fdd-ihedn.fr\/en\/quelle-politique-industrielle-europeenne-de-defense-face-aux-defis-a-relever-synthese-de-la-conference-du-2-decembre-2020\/\">Lire la suite<\/a>\r\n                <\/div>\r\n            <\/div>\r\n\r\n        <\/div>\r\n\r\n        \n\t<\/div> <!-- .\/td-block-span12 -->\n\n\t<div class=\"td-block-span12\">\n\r\n        <div class=\"td_module_11 td_module_wrap td-animation-stack\">\r\n            <div class=\"td-module-thumb\"><a href=\"https:\/\/fdd-ihedn.fr\/en\/avions-de-combat-en-europe-publication-dun-article-de-josselin-droff-julien-malizard-et-laure-noel-dans-la-revue-historique-des-armees\/\"  rel=\"bookmark\" class=\"td-image-wrap \" title=\"[chaire ECODEF] Avions de combat en Europe : Publication d&rsquo;un article de Josselin Droff, Julien Malizard et Laure No\u00ebl dans la Revue historique des Arm\u00e9es\" ><img loading=\"lazy\" decoding=\"async\" class=\"entry-thumb\" src=\"data:image\/png;base64,iVBORw0KGgoAAAANSUhEUgAAAUQAAADrAQMAAAArGX0KAAAAA1BMVEWurq51dlI4AAAAAXRSTlMmkutdmwAAACBJREFUaN7twTEBAAAAwiD7pzbEXmAAAAAAAAAAAACQHSaOAAGSp1GBAAAAAElFTkSuQmCC\" alt=\"\" title=\"[chaire ECODEF] Avions de combat en Europe : Publication d&rsquo;un article de Josselin Droff, Julien Malizard et Laure No\u00ebl dans la Revue historique des Arm\u00e9es\" data-type=\"image_tag\" data-img-url=\"https:\/\/fdd-ihedn.fr\/wp-content\/uploads\/2021\/05\/RHA-couverture-324x235.jpg\" data-img-retina-url=\"https:\/\/fdd-ihedn.fr\/wp-content\/uploads\/2021\/05\/RHA-couverture.jpg\" width=\"324\" height=\"235\" \/><\/a><\/div>\r\n            <div class=\"item-details\">\r\n                <h3 class=\"entry-title td-module-title\"><a href=\"https:\/\/fdd-ihedn.fr\/en\/avions-de-combat-en-europe-publication-dun-article-de-josselin-droff-julien-malizard-et-laure-noel-dans-la-revue-historique-des-armees\/\"  rel=\"bookmark\" title=\"[chaire ECODEF] Avions de combat en Europe : Publication d&rsquo;un article de Josselin Droff, Julien Malizard et Laure No\u00ebl dans la Revue historique des Arm\u00e9es\">[chaire ECODEF] Avions de combat en Europe : Publication d&rsquo;un article de Josselin Droff,...<\/a><\/h3>\r\n                <div class=\"td-module-meta-info\">\r\n                                        <span class=\"td-post-author-name\"><a href=\"https:\/\/fdd-ihedn.fr\/en\/author\/bertrand\/\">Bertrand Demandre<\/a> <span>-<\/span> <\/span>                    <span class=\"td-post-date\"><time class=\"entry-date updated td-module-date\" datetime=\"2021-05-04T14:50:54+02:00\" >04\/05\/2021<\/time><\/span>                    <span class=\"td-module-comments\"><a href=\"https:\/\/fdd-ihedn.fr\/en\/avions-de-combat-en-europe-publication-dun-article-de-josselin-droff-julien-malizard-et-laure-noel-dans-la-revue-historique-des-armees\/#respond\">0<\/a><\/span>                <\/div>\r\n\r\n                <div class=\"td-excerpt\">\r\n                    \n\n\n\n\nDes chercheurs de la Chaire \u00c9conomie de D\u00e9fense - IHEDN ont publi\u00e9 dans le dernier num\u00e9ro de la Revue historique des Arm\u00e9es un article sur les pr\u00e9f\u00e9rences des \u00c9tats europ\u00e9ens en mati\u00e8re d&#039;avions de combat depuis la Guerre froide. \n\n\n\n\n\n\n\nJosselin Droff, Chercheur \u00e0 la Chaire, Julien Malizard, Titulaire adjoint...                <\/div>\r\n\r\n                <div class=\"td-read-more\">\r\n                    <a href=\"https:\/\/fdd-ihedn.fr\/en\/avions-de-combat-en-europe-publication-dun-article-de-josselin-droff-julien-malizard-et-laure-noel-dans-la-revue-historique-des-armees\/\">Lire la suite<\/a>\r\n                <\/div>\r\n            <\/div>\r\n\r\n        <\/div>\r\n\r\n        \n\t<\/div> <!-- .\/td-block-span12 -->\n\n\t<div class=\"td-block-span12\">\n\r\n        <div class=\"td_module_11 td_module_wrap td-animation-stack\">\r\n            <div class=\"td-module-thumb\"><a href=\"https:\/\/fdd-ihedn.fr\/en\/participation-de-jean-belin-a-la-visioconference-la-bitd-en-france-forces-et-faiblesses-jeudi-29-avril-2021\/\"  rel=\"bookmark\" class=\"td-image-wrap \" title=\"[chaire ECODEF] Jean Belin invit\u00e9 de l&rsquo;Aqui-IHEDN pour une visioconf\u00e9rence sur \u00ab\u00a0la BITD en France : forces et faiblesses\u00a0\u00bb, jeudi 29 avril 2021\" ><img loading=\"lazy\" decoding=\"async\" class=\"entry-thumb\" src=\"data:image\/png;base64,iVBORw0KGgoAAAANSUhEUgAAAUQAAADrAQMAAAArGX0KAAAAA1BMVEWurq51dlI4AAAAAXRSTlMmkutdmwAAACBJREFUaN7twTEBAAAAwiD7pzbEXmAAAAAAAAAAAACQHSaOAAGSp1GBAAAAAElFTkSuQmCC\" alt=\"\" title=\"[chaire ECODEF] Jean Belin invit\u00e9 de l&rsquo;Aqui-IHEDN pour une visioconf\u00e9rence sur \u00ab\u00a0la BITD en France : forces et faiblesses\u00a0\u00bb, jeudi 29 avril 2021\" data-type=\"image_tag\" data-img-url=\"https:\/\/fdd-ihedn.fr\/wp-content\/uploads\/2021\/04\/AQUI-IHEDN-BITD-1-324x235.png\" data-img-retina-url=\"https:\/\/fdd-ihedn.fr\/wp-content\/uploads\/2021\/04\/AQUI-IHEDN-BITD-1-648x470.png\" width=\"324\" height=\"235\" \/><\/a><\/div>\r\n            <div class=\"item-details\">\r\n                <h3 class=\"entry-title td-module-title\"><a href=\"https:\/\/fdd-ihedn.fr\/en\/participation-de-jean-belin-a-la-visioconference-la-bitd-en-france-forces-et-faiblesses-jeudi-29-avril-2021\/\"  rel=\"bookmark\" title=\"[chaire ECODEF] Jean Belin invit\u00e9 de l&rsquo;Aqui-IHEDN pour une visioconf\u00e9rence sur \u00ab\u00a0la BITD en France : forces et faiblesses\u00a0\u00bb, jeudi 29 avril 2021\">[chaire ECODEF] Jean Belin invit\u00e9 de l&rsquo;Aqui-IHEDN pour une visioconf\u00e9rence sur \u00ab\u00a0la BITD en...<\/a><\/h3>\r\n                <div class=\"td-module-meta-info\">\r\n                                        <span class=\"td-post-author-name\"><a href=\"https:\/\/fdd-ihedn.fr\/en\/author\/bertrand\/\">Bertrand Demandre<\/a> <span>-<\/span> <\/span>                    <span class=\"td-post-date\"><time class=\"entry-date updated td-module-date\" datetime=\"2021-04-21T09:29:26+02:00\" >21\/04\/2021<\/time><\/span>                    <span class=\"td-module-comments\"><a href=\"https:\/\/fdd-ihedn.fr\/en\/participation-de-jean-belin-a-la-visioconference-la-bitd-en-france-forces-et-faiblesses-jeudi-29-avril-2021\/#respond\">0<\/a><\/span>                <\/div>\r\n\r\n                <div class=\"td-excerpt\">\r\n                    \nJean Belin, titulaire de la Chaire \u00c9conomie de D\u00e9fense - IHEDN, est l&#039;invit\u00e9 de l&#039;Association r\u00e9gionale IHEDN Aquitaine (Aqui-IHEDN) pour une visioconf\u00e9rence sur le th\u00e8me de la BITD fran\u00e7aise, le jeudi 29 avril 2021 \u00e0 18h30. \n\n\n\n\n\n\n\nL&#039;Aqui-IHEDN lance sa s\u00e9rie 2021 de visioconf\u00e9rences sur le th\u00e8me de la Base...                <\/div>\r\n\r\n                <div class=\"td-read-more\">\r\n                    <a href=\"https:\/\/fdd-ihedn.fr\/en\/participation-de-jean-belin-a-la-visioconference-la-bitd-en-france-forces-et-faiblesses-jeudi-29-avril-2021\/\">Lire la suite<\/a>\r\n                <\/div>\r\n            <\/div>\r\n\r\n        <\/div>\r\n\r\n        \n\t<\/div> <!-- .\/td-block-span12 -->\n\n\t<div class=\"td-block-span12\">\n\r\n        <div class=\"td_module_11 td_module_wrap td-animation-stack\">\r\n            <div class=\"td-module-thumb\"><a href=\"https:\/\/fdd-ihedn.fr\/en\/rh-cyber-et-souverainete-numerique-retour-sur-la-table-ronde-organisee-par-la-chaire-et-lihedn-le-24-mars-2021\/\"  rel=\"bookmark\" class=\"td-image-wrap \" title=\"[chaire CYBER] \u00ab\u00a0RH, cyber et souverainet\u00e9 num\u00e9rique\u00a0\u00bb : retour sur la table ronde organis\u00e9e par la Chaire et l&rsquo;IHEDN le 24 mars 2021\" ><img loading=\"lazy\" decoding=\"async\" class=\"entry-thumb\" src=\"data:image\/png;base64,iVBORw0KGgoAAAANSUhEUgAAAUQAAADrAQMAAAArGX0KAAAAA1BMVEWurq51dlI4AAAAAXRSTlMmkutdmwAAACBJREFUaN7twTEBAAAAwiD7pzbEXmAAAAAAAAAAAACQHSaOAAGSp1GBAAAAAElFTkSuQmCC\" alt=\"\" title=\"[chaire CYBER] \u00ab\u00a0RH, cyber et souverainet\u00e9 num\u00e9rique\u00a0\u00bb : retour sur la table ronde organis\u00e9e par la Chaire et l&rsquo;IHEDN le 24 mars 2021\" data-type=\"image_tag\" data-img-url=\"https:\/\/fdd-ihedn.fr\/wp-content\/uploads\/2021\/03\/IHEDN-la-plaquette-de-la-majeure-SNC-de-la-session-nationale-IHEDN-2021-bandeau-324x235.jpg\" data-img-retina-url=\"https:\/\/fdd-ihedn.fr\/wp-content\/uploads\/2021\/03\/IHEDN-la-plaquette-de-la-majeure-SNC-de-la-session-nationale-IHEDN-2021-bandeau-648x400.jpg\" width=\"324\" height=\"235\" \/><\/a><\/div>\r\n            <div class=\"item-details\">\r\n                <h3 class=\"entry-title td-module-title\"><a href=\"https:\/\/fdd-ihedn.fr\/en\/rh-cyber-et-souverainete-numerique-retour-sur-la-table-ronde-organisee-par-la-chaire-et-lihedn-le-24-mars-2021\/\"  rel=\"bookmark\" title=\"[chaire CYBER] \u00ab\u00a0RH, cyber et souverainet\u00e9 num\u00e9rique\u00a0\u00bb : retour sur la table ronde organis\u00e9e par la Chaire et l&rsquo;IHEDN le 24 mars 2021\">[chaire CYBER] \u00ab\u00a0RH, cyber et souverainet\u00e9 num\u00e9rique\u00a0\u00bb : retour sur la table ronde organis\u00e9e...<\/a><\/h3>\r\n                <div class=\"td-module-meta-info\">\r\n                                        <span class=\"td-post-author-name\"><a href=\"https:\/\/fdd-ihedn.fr\/en\/author\/bertrand\/\">Bertrand Demandre<\/a> <span>-<\/span> <\/span>                    <span class=\"td-post-date\"><time class=\"entry-date updated td-module-date\" datetime=\"2021-03-25T11:50:46+01:00\" >25\/03\/2021<\/time><\/span>                    <span class=\"td-module-comments\"><a href=\"https:\/\/fdd-ihedn.fr\/en\/rh-cyber-et-souverainete-numerique-retour-sur-la-table-ronde-organisee-par-la-chaire-et-lihedn-le-24-mars-2021\/#respond\">0<\/a><\/span>                <\/div>\r\n\r\n                <div class=\"td-excerpt\">\r\n                    La Chaire Cyber et souverainet\u00e9 num\u00e9rique - IHEDN a organis\u00e9 une table ronde en visioconf\u00e9rence le 24 mars 2021, en partenariat avec l&#039;\u00e9quipe de la Session nationale Souverainet\u00e9 num\u00e9rique et cybers\u00e9curit\u00e9 de l&#039;IHEDN.\n\nUne table-ronde sur le th\u00e8me des ressources humaines en lien avec la souverainet\u00e9 num\u00e9rique et la cybers\u00e9curit\u00e9...                <\/div>\r\n\r\n                <div class=\"td-read-more\">\r\n                    <a href=\"https:\/\/fdd-ihedn.fr\/en\/rh-cyber-et-souverainete-numerique-retour-sur-la-table-ronde-organisee-par-la-chaire-et-lihedn-le-24-mars-2021\/\">Lire la suite<\/a>\r\n                <\/div>\r\n            <\/div>\r\n\r\n        <\/div>\r\n\r\n        \n\t<\/div> <!-- .\/td-block-span12 -->\n\n\t<div class=\"td-block-span12\">\n\r\n        <div class=\"td_module_11 td_module_wrap td-animation-stack\">\r\n            <div class=\"td-module-thumb\"><a href=\"https:\/\/fdd-ihedn.fr\/en\/participation-de-jean-peeters-au-cybersommet-du-nouveau-brunswick\/\"  rel=\"bookmark\" class=\"td-image-wrap \" title=\"[chaire CYBER] Participation de Jean Peeters au CyberSommet du Nouveau-Brunswick\" ><img loading=\"lazy\" decoding=\"async\" class=\"entry-thumb\" src=\"data:image\/png;base64,iVBORw0KGgoAAAANSUhEUgAAAUQAAADrAQMAAAArGX0KAAAAA1BMVEWurq51dlI4AAAAAXRSTlMmkutdmwAAACBJREFUaN7twTEBAAAAwiD7pzbEXmAAAAAAAAAAAACQHSaOAAGSp1GBAAAAAElFTkSuQmCC\" alt=\"\" title=\"[chaire CYBER] Participation de Jean Peeters au CyberSommet du Nouveau-Brunswick\" data-type=\"image_tag\" data-img-url=\"https:\/\/fdd-ihedn.fr\/wp-content\/uploads\/2021\/03\/ONB-Cyber-logo-banner-final--324x235.jpg\" data-img-retina-url=\"https:\/\/fdd-ihedn.fr\/wp-content\/uploads\/2021\/03\/ONB-Cyber-logo-banner-final--648x470.jpg\" width=\"324\" height=\"235\" \/><\/a><\/div>\r\n            <div class=\"item-details\">\r\n                <h3 class=\"entry-title td-module-title\"><a href=\"https:\/\/fdd-ihedn.fr\/en\/participation-de-jean-peeters-au-cybersommet-du-nouveau-brunswick\/\"  rel=\"bookmark\" title=\"[chaire CYBER] Participation de Jean Peeters au CyberSommet du Nouveau-Brunswick\">[chaire CYBER] Participation de Jean Peeters au CyberSommet du Nouveau-Brunswick<\/a><\/h3>\r\n                <div class=\"td-module-meta-info\">\r\n                                        <span class=\"td-post-author-name\"><a href=\"https:\/\/fdd-ihedn.fr\/en\/author\/bertrand\/\">Bertrand Demandre<\/a> <span>-<\/span> <\/span>                    <span class=\"td-post-date\"><time class=\"entry-date updated td-module-date\" datetime=\"2021-03-18T13:58:30+01:00\" >18\/03\/2021<\/time><\/span>                    <span class=\"td-module-comments\"><a href=\"https:\/\/fdd-ihedn.fr\/en\/participation-de-jean-peeters-au-cybersommet-du-nouveau-brunswick\/#respond\">0<\/a><\/span>                <\/div>\r\n\r\n                <div class=\"td-excerpt\">\r\n                    Jean Peeters, titulaire de la Chaire Cyber et souverainet\u00e9 num\u00e9rique - IHEDN, est intervenu au CyberSommet du Nouveau-Brunswick.\n\n\nLe professeur Jean Peeters, titulaire de la Chaire Cyber et souverainet\u00e9 num\u00e9rique - IHEDN, a particip\u00e9 ce jeudi 18 mars au CyberSommet du Nouveau-Brunswick.\n\nIl a anim\u00e9 une table ronde pr\u00e9sentant l&#039;\u00e9cosyst\u00e8me Fran\u00e7ais...                <\/div>\r\n\r\n                <div class=\"td-read-more\">\r\n                    <a href=\"https:\/\/fdd-ihedn.fr\/en\/participation-de-jean-peeters-au-cybersommet-du-nouveau-brunswick\/\">Lire la suite<\/a>\r\n                <\/div>\r\n            <\/div>\r\n\r\n        <\/div>\r\n\r\n        \n\t<\/div> <!-- .\/td-block-span12 -->\n\n\t<div class=\"td-block-span12\">\n\r\n        <div class=\"td_module_11 td_module_wrap td-animation-stack\">\r\n            <div class=\"td-module-thumb\"><a href=\"https:\/\/fdd-ihedn.fr\/en\/jean-belin-membre-du-jury-du-prix-deconomie-de-la-defense\/\"  rel=\"bookmark\" class=\"td-image-wrap \" title=\"[chaire ECODEF] Jean Belin membre du jury du prix d&rsquo;\u00e9conomie de la d\u00e9fense\" ><img loading=\"lazy\" decoding=\"async\" class=\"entry-thumb\" src=\"data:image\/png;base64,iVBORw0KGgoAAAANSUhEUgAAAUQAAADrAQMAAAArGX0KAAAAA1BMVEWurq51dlI4AAAAAXRSTlMmkutdmwAAACBJREFUaN7twTEBAAAAwiD7pzbEXmAAAAAAAAAAAACQHSaOAAGSp1GBAAAAAElFTkSuQmCC\" alt=\"\" title=\"[chaire ECODEF] Jean Belin membre du jury du prix d&rsquo;\u00e9conomie de la d\u00e9fense\" data-type=\"image_tag\" data-img-url=\"https:\/\/fdd-ihedn.fr\/wp-content\/uploads\/2021\/03\/Jean-BELIN-324x235.jpg\" data-img-retina-url=\"https:\/\/fdd-ihedn.fr\/wp-content\/uploads\/2021\/03\/Jean-BELIN-648x450.jpg\" width=\"324\" height=\"235\" \/><\/a><\/div>\r\n            <div class=\"item-details\">\r\n                <h3 class=\"entry-title td-module-title\"><a href=\"https:\/\/fdd-ihedn.fr\/en\/jean-belin-membre-du-jury-du-prix-deconomie-de-la-defense\/\"  rel=\"bookmark\" title=\"[chaire ECODEF] Jean Belin membre du jury du prix d&rsquo;\u00e9conomie de la d\u00e9fense\">[chaire ECODEF] Jean Belin membre du jury du prix d&rsquo;\u00e9conomie de la d\u00e9fense<\/a><\/h3>\r\n                <div class=\"td-module-meta-info\">\r\n                                        <span class=\"td-post-author-name\"><a href=\"https:\/\/fdd-ihedn.fr\/en\/author\/bertrand\/\">Bertrand Demandre<\/a> <span>-<\/span> <\/span>                    <span class=\"td-post-date\"><time class=\"entry-date updated td-module-date\" datetime=\"2021-03-18T13:35:40+01:00\" >18\/03\/2021<\/time><\/span>                    <span class=\"td-module-comments\"><a href=\"https:\/\/fdd-ihedn.fr\/en\/jean-belin-membre-du-jury-du-prix-deconomie-de-la-defense\/#respond\">0<\/a><\/span>                <\/div>\r\n\r\n                <div class=\"td-excerpt\">\r\n                    Le minist\u00e8re des Arm\u00e9es a nomm\u00e9 Jean Belin, titulaire de la Chaire,  au jury du prix d'\u00e9conomie de la d\u00e9fense.                 <\/div>\r\n\r\n                <div class=\"td-read-more\">\r\n                    <a href=\"https:\/\/fdd-ihedn.fr\/en\/jean-belin-membre-du-jury-du-prix-deconomie-de-la-defense\/\">Lire la suite<\/a>\r\n                <\/div>\r\n            <\/div>\r\n\r\n        <\/div>\r\n\r\n        \n\t<\/div> <!-- .\/td-block-span12 -->\n\n\t<div class=\"td-block-span12\">\n\r\n        <div class=\"td_module_11 td_module_wrap td-animation-stack\">\r\n            <div class=\"td-module-thumb\"><a href=\"https:\/\/fdd-ihedn.fr\/en\/politique-industrielle-europeenne-de-defense-le-professeur-christian-de-boissieu-dans-la-revue-defense\/\"  rel=\"bookmark\" class=\"td-image-wrap \" title=\"[chaire ECODEF] Politique industrielle europ\u00e9enne de d\u00e9fense : le professeur Christian de Boissieu dans la revue D\u00e9fense\" ><img loading=\"lazy\" decoding=\"async\" class=\"entry-thumb\" src=\"data:image\/png;base64,iVBORw0KGgoAAAANSUhEUgAAAUQAAADrAQMAAAArGX0KAAAAA1BMVEWurq51dlI4AAAAAXRSTlMmkutdmwAAACBJREFUaN7twTEBAAAAwiD7pzbEXmAAAAAAAAAAAACQHSaOAAGSp1GBAAAAAElFTkSuQmCC\" alt=\"\" title=\"[chaire ECODEF] Politique industrielle europ\u00e9enne de d\u00e9fense : le professeur Christian de Boissieu dans la revue D\u00e9fense\" data-type=\"image_tag\" data-img-url=\"https:\/\/fdd-ihedn.fr\/wp-content\/uploads\/2021\/02\/Defense-301-couverture-324x235.jpg\" data-img-retina-url=\"https:\/\/fdd-ihedn.fr\/wp-content\/uploads\/2021\/02\/Defense-301-couverture-648x470.jpg\" width=\"324\" height=\"235\" \/><\/a><\/div>\r\n            <div class=\"item-details\">\r\n                <h3 class=\"entry-title td-module-title\"><a href=\"https:\/\/fdd-ihedn.fr\/en\/politique-industrielle-europeenne-de-defense-le-professeur-christian-de-boissieu-dans-la-revue-defense\/\"  rel=\"bookmark\" title=\"[chaire ECODEF] Politique industrielle europ\u00e9enne de d\u00e9fense : le professeur Christian de Boissieu dans la revue D\u00e9fense\">[chaire ECODEF] Politique industrielle europ\u00e9enne de d\u00e9fense : le professeur Christian de Boissieu dans...<\/a><\/h3>\r\n                <div class=\"td-module-meta-info\">\r\n                                        <span class=\"td-post-author-name\"><a href=\"https:\/\/fdd-ihedn.fr\/en\/author\/bertrand\/\">Bertrand Demandre<\/a> <span>-<\/span> <\/span>                    <span class=\"td-post-date\"><time class=\"entry-date updated td-module-date\" datetime=\"2021-02-25T13:54:31+01:00\" >25\/02\/2021<\/time><\/span>                    <span class=\"td-module-comments\"><a href=\"https:\/\/fdd-ihedn.fr\/en\/politique-industrielle-europeenne-de-defense-le-professeur-christian-de-boissieu-dans-la-revue-defense\/#respond\">0<\/a><\/span>                <\/div>\r\n\r\n                <div class=\"td-excerpt\">\r\n                    \nRetrouvez dans le dernier num\u00e9ro de D\u00e9fense, revue bimestrielle de l&#039;Union-IHEDN, l&#039;allocution prononc\u00e9e le 2 d\u00e9cembre dernier par le professeur Christian de Boissieu, en introduction \u00e0 la conf\u00e9rence &quot;Quelle politique industrielle europ\u00e9enne de d\u00e9fense face aux d\u00e9fis \u00e0 relever ?&quot;. \n\n\n\n\n\n\n\nChristian de Boissieu, pr\u00e9sident du Conseil scientifique de la...                <\/div>\r\n\r\n                <div class=\"td-read-more\">\r\n                    <a href=\"https:\/\/fdd-ihedn.fr\/en\/politique-industrielle-europeenne-de-defense-le-professeur-christian-de-boissieu-dans-la-revue-defense\/\">Lire la suite<\/a>\r\n                <\/div>\r\n            <\/div>\r\n\r\n        <\/div>\r\n\r\n        \n\t<\/div> <!-- .\/td-block-span12 -->\n\n\t<div class=\"td-block-span12\">\n\r\n        <div class=\"td_module_11 td_module_wrap td-animation-stack\">\r\n            <div class=\"td-module-thumb\"><a href=\"https:\/\/fdd-ihedn.fr\/en\/replay-conference-annuelle-decembre-2020\/\"  rel=\"bookmark\" class=\"td-image-wrap \" title=\"[chaire ECODEF] Vid\u00e9o de la Conf\u00e9rence annuelle \u00ab\u00a0Quelle politique industrielle europ\u00e9enne de d\u00e9fense face aux d\u00e9fis \u00e0 relever ?\u00a0\u00bb (2 d\u00e9cembre 2020 \u00e0 l\u2019\u00c9cole militaire)\" ><img loading=\"lazy\" decoding=\"async\" class=\"entry-thumb\" src=\"data:image\/png;base64,iVBORw0KGgoAAAANSUhEUgAAAUQAAADrAQMAAAArGX0KAAAAA1BMVEWurq51dlI4AAAAAXRSTlMmkutdmwAAACBJREFUaN7twTEBAAAAwiD7pzbEXmAAAAAAAAAAAACQHSaOAAGSp1GBAAAAAElFTkSuQmCC\" alt=\"\" title=\"[chaire ECODEF] Vid\u00e9o de la Conf\u00e9rence annuelle \u00ab\u00a0Quelle politique industrielle europ\u00e9enne de d\u00e9fense face aux d\u00e9fis \u00e0 relever ?\u00a0\u00bb (2 d\u00e9cembre 2020 \u00e0 l\u2019\u00c9cole militaire)\" data-type=\"image_tag\" data-img-url=\"https:\/\/fdd-ihedn.fr\/wp-content\/uploads\/2021\/05\/Conference-Ecodef-2-decembre-2020-324x235.jpg\" data-img-retina-url=\"https:\/\/fdd-ihedn.fr\/wp-content\/uploads\/2021\/05\/Conference-Ecodef-2-decembre-2020-648x470.jpg\" width=\"324\" height=\"235\" \/><\/a><\/div>\r\n            <div class=\"item-details\">\r\n                <h3 class=\"entry-title td-module-title\"><a href=\"https:\/\/fdd-ihedn.fr\/en\/replay-conference-annuelle-decembre-2020\/\"  rel=\"bookmark\" title=\"[chaire ECODEF] Vid\u00e9o de la Conf\u00e9rence annuelle \u00ab\u00a0Quelle politique industrielle europ\u00e9enne de d\u00e9fense face aux d\u00e9fis \u00e0 relever ?\u00a0\u00bb (2 d\u00e9cembre 2020 \u00e0 l\u2019\u00c9cole militaire)\">[chaire ECODEF] Vid\u00e9o de la Conf\u00e9rence annuelle \u00ab\u00a0Quelle politique industrielle europ\u00e9enne de d\u00e9fense face...<\/a><\/h3>\r\n                <div class=\"td-module-meta-info\">\r\n                                        <span class=\"td-post-author-name\"><a href=\"https:\/\/fdd-ihedn.fr\/en\/author\/bertrand\/\">Bertrand Demandre<\/a> <span>-<\/span> <\/span>                    <span class=\"td-post-date\"><time class=\"entry-date updated td-module-date\" datetime=\"2021-02-22T10:57:49+01:00\" >22\/02\/2021<\/time><\/span>                    <span class=\"td-module-comments\"><a href=\"https:\/\/fdd-ihedn.fr\/en\/replay-conference-annuelle-decembre-2020\/#respond\">0<\/a><\/span>                <\/div>\r\n\r\n                <div class=\"td-excerpt\">\r\n                    \nRetrouvez l&#039;int\u00e9gralit\u00e9 des d\u00e9bats sur la cha\u00eene YouTube de la Chaire. \n\n\n\n\n\n\n\nLa Chaire \u00c9conomie de D\u00e9fense \u2013 IHEDN a organis\u00e9 sa conf\u00e9rence annuelle le 2 d\u00e9cembre 2020 apr\u00e8s-midi \u00e0 l\u2019\u00c9cole militaire (amphith\u00e9\u00e2tre Foch) et en webinaire. Elle a rassembl\u00e9 plus de 400 participants autour du th\u00e8me&nbsp;\u201cQuelle politique industrielle europ\u00e9enne...                <\/div>\r\n\r\n                <div class=\"td-read-more\">\r\n                    <a href=\"https:\/\/fdd-ihedn.fr\/en\/replay-conference-annuelle-decembre-2020\/\">Lire la suite<\/a>\r\n                <\/div>\r\n            <\/div>\r\n\r\n        <\/div>\r\n\r\n        \n\t<\/div> <!-- .\/td-block-span12 -->\n\n\t<div class=\"td-block-span12\">\n\r\n        <div class=\"td_module_11 td_module_wrap td-animation-stack\">\r\n            <div class=\"td-module-thumb\"><a href=\"https:\/\/fdd-ihedn.fr\/en\/conference-annuelle-de-la-chaire-economie-de-defense-ihedn\/\"  rel=\"bookmark\" class=\"td-image-wrap \" title=\"[chaire ECODEF] Conf\u00e9rence annuelle de la Chaire\" ><img loading=\"lazy\" decoding=\"async\" class=\"entry-thumb\" src=\"data:image\/png;base64,iVBORw0KGgoAAAANSUhEUgAAAUQAAADrAQMAAAArGX0KAAAAA1BMVEWurq51dlI4AAAAAXRSTlMmkutdmwAAACBJREFUaN7twTEBAAAAwiD7pzbEXmAAAAAAAAAAAACQHSaOAAGSp1GBAAAAAElFTkSuQmCC\" alt=\"\" title=\"[chaire ECODEF] Conf\u00e9rence annuelle de la Chaire\" data-type=\"image_tag\" data-img-url=\"https:\/\/fdd-ihedn.fr\/wp-content\/uploads\/2020\/03\/2019_sga023_r_9-1-1024x683-1-324x235.jpg\" data-img-retina-url=\"https:\/\/fdd-ihedn.fr\/wp-content\/uploads\/2020\/03\/2019_sga023_r_9-1-1024x683-1-648x470.jpg\" width=\"324\" height=\"235\" \/><\/a><\/div>\r\n            <div class=\"item-details\">\r\n                <h3 class=\"entry-title td-module-title\"><a href=\"https:\/\/fdd-ihedn.fr\/en\/conference-annuelle-de-la-chaire-economie-de-defense-ihedn\/\"  rel=\"bookmark\" title=\"[chaire ECODEF] Conf\u00e9rence annuelle de la Chaire\">[chaire ECODEF] Conf\u00e9rence annuelle de la Chaire<\/a><\/h3>\r\n                <div class=\"td-module-meta-info\">\r\n                                        <span class=\"td-post-author-name\"><a href=\"https:\/\/fdd-ihedn.fr\/en\/author\/dev\/\">dev<\/a> <span>-<\/span> <\/span>                    <span class=\"td-post-date\"><time class=\"entry-date updated td-module-date\" datetime=\"2020-03-04T08:33:00+01:00\" >04\/03\/2020<\/time><\/span>                    <span class=\"td-module-comments\"><a href=\"https:\/\/fdd-ihedn.fr\/en\/conference-annuelle-de-la-chaire-economie-de-defense-ihedn\/#respond\">0<\/a><\/span>                <\/div>\r\n\r\n                <div class=\"td-excerpt\">\r\n                    \nEN RAISON DE LA SITUATION SANITAIRE, LA CONF\u00c9RENCE EST REPORT\u00c9E.\n\n\n\nUNE NOUVELLE DATE SERA COMMUNIQU\u00c9E D\u00c8S LE RETOUR \u00c0 LA NORMALE.\n\n\n\n\n\n\n\nLa Chaire \u00c9conomie de D\u00e9fense \u2013 IHEDN organise sa conf\u00e9rence annuelle le 15 avril 2020 apr\u00e8s-midi, \u00e0 l\u2019Assembl\u00e9e nationale, en salle Victor Hugo, avec la participation de Madame Florence Parly,...                <\/div>\r\n\r\n                <div class=\"td-read-more\">\r\n                    <a href=\"https:\/\/fdd-ihedn.fr\/en\/conference-annuelle-de-la-chaire-economie-de-defense-ihedn\/\">Lire la suite<\/a>\r\n                <\/div>\r\n            <\/div>\r\n\r\n        <\/div>\r\n\r\n        \n\t<\/div> <!-- .\/td-block-span12 -->\n\n\t<div class=\"td-block-span12\">\n\r\n        <div class=\"td_module_11 td_module_wrap td-animation-stack\">\r\n            <div class=\"td-module-thumb\"><a href=\"https:\/\/fdd-ihedn.fr\/en\/conference-de-jean-belin-sur-les-industries-de-defense-enjeux-economiques-prospectives-lundi-12-decembre-a-pessac-33\/\"  rel=\"bookmark\" class=\"td-image-wrap \" title=\"[chaire ECODEF] Conf\u00e9rence de Jean Belin sur  \u00ab\u00a0Les industries de d\u00e9fense : enjeux \u00e9conomiques &#038; prospectives\u00a0\u00bb, lundi 2 d\u00e9cembre \u00e0 Pessac (33)\" ><img loading=\"lazy\" decoding=\"async\" class=\"entry-thumb\" src=\"data:image\/png;base64,iVBORw0KGgoAAAANSUhEUgAAAUQAAADrAQMAAAArGX0KAAAAA1BMVEWurq51dlI4AAAAAXRSTlMmkutdmwAAACBJREFUaN7twTEBAAAAwiD7pzbEXmAAAAAAAAAAAACQHSaOAAGSp1GBAAAAAElFTkSuQmCC\" alt=\"\" title=\"[chaire ECODEF] Conf\u00e9rence de Jean Belin sur  \u00ab\u00a0Les industries de d\u00e9fense : enjeux \u00e9conomiques &#038; prospectives\u00a0\u00bb, lundi 2 d\u00e9cembre \u00e0 Pessac (33)\" data-type=\"image_tag\" data-img-url=\"https:\/\/fdd-ihedn.fr\/wp-content\/uploads\/2019\/11\/Cercle-des-partenaires-IHEDN-Chaire-Economie-Defense-391-324x235.jpg\" data-img-retina-url=\"https:\/\/fdd-ihedn.fr\/wp-content\/uploads\/2019\/11\/Cercle-des-partenaires-IHEDN-Chaire-Economie-Defense-391-648x450.jpg\" width=\"324\" height=\"235\" \/><\/a><\/div>\r\n            <div class=\"item-details\">\r\n                <h3 class=\"entry-title td-module-title\"><a href=\"https:\/\/fdd-ihedn.fr\/en\/conference-de-jean-belin-sur-les-industries-de-defense-enjeux-economiques-prospectives-lundi-12-decembre-a-pessac-33\/\"  rel=\"bookmark\" title=\"[chaire ECODEF] Conf\u00e9rence de Jean Belin sur  \u00ab\u00a0Les industries de d\u00e9fense : enjeux \u00e9conomiques &#038; prospectives\u00a0\u00bb, lundi 2 d\u00e9cembre \u00e0 Pessac (33)\">[chaire ECODEF] Conf\u00e9rence de Jean Belin sur  \u00ab\u00a0Les industries de d\u00e9fense : enjeux...<\/a><\/h3>\r\n                <div class=\"td-module-meta-info\">\r\n                                        <span class=\"td-post-author-name\"><a href=\"https:\/\/fdd-ihedn.fr\/en\/author\/dev\/\">dev<\/a> <span>-<\/span> <\/span>                    <span class=\"td-post-date\"><time class=\"entry-date updated td-module-date\" datetime=\"2019-11-21T12:35:27+01:00\" >21\/11\/2019<\/time><\/span>                    <span class=\"td-module-comments\"><a href=\"https:\/\/fdd-ihedn.fr\/en\/conference-de-jean-belin-sur-les-industries-de-defense-enjeux-economiques-prospectives-lundi-12-decembre-a-pessac-33\/#respond\">0<\/a><\/span>                <\/div>\r\n\r\n                <div class=\"td-excerpt\">\r\n                    \nLa d\u00e9l\u00e9gation r\u00e9gionale des Jeunes IHEDN en Nouvelle-Aquitaine a le plaisir de vous inviter \u00e0 la conf\u00e9rence :\n\n\n\nLes industries de d\u00e9fense : enjeux \u00e9conomiques &amp; prospectives\n\n\n\nAvec\n\n\n\nJean Belin, Ma\u00eetre de Conf\u00e9rences et titulaire de la Chaire \u00c9conomie de d\u00e9fense - IHEDN\n\n\n\nLundi 2 d\u00e9cembre 201917h30 \u2013 19h00\n\n\n\nCampus\nuniversitaire de Pessac \u2013 Salle...                <\/div>\r\n\r\n                <div class=\"td-read-more\">\r\n                    <a href=\"https:\/\/fdd-ihedn.fr\/en\/conference-de-jean-belin-sur-les-industries-de-defense-enjeux-economiques-prospectives-lundi-12-decembre-a-pessac-33\/\">Lire la suite<\/a>\r\n                <\/div>\r\n            <\/div>\r\n\r\n        <\/div>\r\n\r\n        \n\t<\/div> <!-- .\/td-block-span12 -->\n\n\t<div class=\"td-block-span12\">\n\r\n        <div class=\"td_module_11 td_module_wrap td-animation-stack\">\r\n            <div class=\"td-module-thumb\"><a href=\"https:\/\/fdd-ihedn.fr\/en\/cycle-decouverte-2019-en-partenariat-avec-la-sncf\/\"  rel=\"bookmark\" class=\"td-image-wrap \" title=\"[cycle D\u00e9couverte] Retour sur l&rsquo;\u00e9dition 2019\" ><img loading=\"lazy\" decoding=\"async\" class=\"entry-thumb\" src=\"data:image\/png;base64,iVBORw0KGgoAAAANSUhEUgAAAUQAAADrAQMAAAArGX0KAAAAA1BMVEWurq51dlI4AAAAAXRSTlMmkutdmwAAACBJREFUaN7twTEBAAAAwiD7pzbEXmAAAAAAAAAAAACQHSaOAAGSp1GBAAAAAElFTkSuQmCC\" alt=\"\" title=\"[cycle D\u00e9couverte] Retour sur l&rsquo;\u00e9dition 2019\" data-type=\"image_tag\" data-img-url=\"https:\/\/fdd-ihedn.fr\/wp-content\/uploads\/2019\/04\/56957752_1052047988324121_8051637557584199680_o-1-1024x682-1-324x235.jpg\" data-img-retina-url=\"https:\/\/fdd-ihedn.fr\/wp-content\/uploads\/2019\/04\/56957752_1052047988324121_8051637557584199680_o-1-1024x682-1-648x470.jpg\" width=\"324\" height=\"235\" \/><\/a><\/div>\r\n            <div class=\"item-details\">\r\n                <h3 class=\"entry-title td-module-title\"><a href=\"https:\/\/fdd-ihedn.fr\/en\/cycle-decouverte-2019-en-partenariat-avec-la-sncf\/\"  rel=\"bookmark\" title=\"[cycle D\u00e9couverte] Retour sur l&rsquo;\u00e9dition 2019\">[cycle D\u00e9couverte] Retour sur l&rsquo;\u00e9dition 2019<\/a><\/h3>\r\n                <div class=\"td-module-meta-info\">\r\n                                        <span class=\"td-post-author-name\"><a href=\"https:\/\/fdd-ihedn.fr\/en\/author\/dev\/\">dev<\/a> <span>-<\/span> <\/span>                    <span class=\"td-post-date\"><time class=\"entry-date updated td-module-date\" datetime=\"2019-04-05T13:11:08+02:00\" >05\/04\/2019<\/time><\/span>                    <span class=\"td-module-comments\"><a href=\"https:\/\/fdd-ihedn.fr\/en\/cycle-decouverte-2019-en-partenariat-avec-la-sncf\/#respond\">0<\/a><\/span>                <\/div>\r\n\r\n                <div class=\"td-excerpt\">\r\n                    Organis\u00e9e gr\u00e2ce au soutien de la SNCF,\r\nla 9e \u00e9dition du cycle \u00ab D\u00e9couverte \u00bb\r\ns\u2019est d\u00e9roul\u00e9e du lundi 1er au mercredi 3 avril 2019\r\nPendant trois journ\u00e9es cons\u00e9cutives, les 37 participants, tous en apprentissage (BTS, Licences et Masters professionnels) en r\u00e9gion parisienne, se sont vus proposer une information approfondie sur notre...                <\/div>\r\n\r\n                <div class=\"td-read-more\">\r\n                    <a href=\"https:\/\/fdd-ihedn.fr\/en\/cycle-decouverte-2019-en-partenariat-avec-la-sncf\/\">Lire la suite<\/a>\r\n                <\/div>\r\n            <\/div>\r\n\r\n        <\/div>\r\n\r\n        \n\t<\/div> <!-- .\/td-block-span12 -->\n\n\t<div class=\"td-block-span12\">\n\r\n        <div class=\"td_module_11 td_module_wrap td-animation-stack\">\r\n            <div class=\"td-module-thumb\"><a href=\"https:\/\/fdd-ihedn.fr\/en\/chaire-economie-de-defense-retour-sur-la-conference-recherche-innovation-et-defense-du-20-mars-2019\/\"  rel=\"bookmark\" class=\"td-image-wrap \" title=\"[chaire ECODEF] Retour sur la conf\u00e9rence \u00ab\u00a0Recherche, Innovation et D\u00e9fense\u00a0\u00bb du 20 mars 2019\" ><img loading=\"lazy\" decoding=\"async\" class=\"entry-thumb\" src=\"data:image\/png;base64,iVBORw0KGgoAAAANSUhEUgAAAUQAAADrAQMAAAArGX0KAAAAA1BMVEWurq51dlI4AAAAAXRSTlMmkutdmwAAACBJREFUaN7twTEBAAAAwiD7pzbEXmAAAAAAAAAAAACQHSaOAAGSp1GBAAAAAElFTkSuQmCC\" alt=\"\" title=\"[chaire ECODEF] Retour sur la conf\u00e9rence \u00ab\u00a0Recherche, Innovation et D\u00e9fense\u00a0\u00bb du 20 mars 2019\" data-type=\"image_tag\" data-img-url=\"https:\/\/fdd-ihedn.fr\/wp-content\/uploads\/2019\/03\/doc_tables-1024x768-2-1024x768-1-324x235.jpg\" data-img-retina-url=\"https:\/\/fdd-ihedn.fr\/wp-content\/uploads\/2019\/03\/doc_tables-1024x768-2-1024x768-1-648x470.jpg\" width=\"324\" height=\"235\" \/><\/a><\/div>\r\n            <div class=\"item-details\">\r\n                <h3 class=\"entry-title td-module-title\"><a href=\"https:\/\/fdd-ihedn.fr\/en\/chaire-economie-de-defense-retour-sur-la-conference-recherche-innovation-et-defense-du-20-mars-2019\/\"  rel=\"bookmark\" title=\"[chaire ECODEF] Retour sur la conf\u00e9rence \u00ab\u00a0Recherche, Innovation et D\u00e9fense\u00a0\u00bb du 20 mars 2019\">[chaire ECODEF] Retour sur la conf\u00e9rence \u00ab\u00a0Recherche, Innovation et D\u00e9fense\u00a0\u00bb du 20 mars 2019<\/a><\/h3>\r\n                <div class=\"td-module-meta-info\">\r\n                                        <span class=\"td-post-author-name\"><a href=\"https:\/\/fdd-ihedn.fr\/en\/author\/dev\/\">dev<\/a> <span>-<\/span> <\/span>                    <span class=\"td-post-date\"><time class=\"entry-date updated td-module-date\" datetime=\"2019-03-22T10:37:06+01:00\" >22\/03\/2019<\/time><\/span>                    <span class=\"td-module-comments\"><a href=\"https:\/\/fdd-ihedn.fr\/en\/chaire-economie-de-defense-retour-sur-la-conference-recherche-innovation-et-defense-du-20-mars-2019\/#respond\">0<\/a><\/span>                <\/div>\r\n\r\n                <div class=\"td-excerpt\">\r\n                    L\u2019innovation dans la D\u00e9fense\nLa Chaire \u00c9conomie de D\u00e9fense a organis\u00e9 la conf\u00e9rence Recherche Innovation et D\u00e9fense, ce mercredi 20 mars 2019 \u00e0 l\u2019Assembl\u00e9e nationale. L\u2019\u00e9v\u00e9nement a r\u00e9uni pr\u00e8s de 200 personnes autour de deux tables rondes, pour des \u00e9changes de haut niveau sur l\u2019innovation dans la D\u00e9fense.\n\nLe d\u00e9put\u00e9 Didier...                <\/div>\r\n\r\n                <div class=\"td-read-more\">\r\n                    <a href=\"https:\/\/fdd-ihedn.fr\/en\/chaire-economie-de-defense-retour-sur-la-conference-recherche-innovation-et-defense-du-20-mars-2019\/\">Lire la suite<\/a>\r\n                <\/div>\r\n            <\/div>\r\n\r\n        <\/div>\r\n\r\n        \n\t<\/div> <!-- .\/td-block-span12 -->\n\n\t<div class=\"td-block-span12\">\n\r\n        <div class=\"td_module_11 td_module_wrap td-animation-stack\">\r\n            <div class=\"td-module-thumb\"><a href=\"https:\/\/fdd-ihedn.fr\/en\/chaire-economie-de-defense-retour-sur-la-journee-detude-du-10-octobre-2018\/\"  rel=\"bookmark\" class=\"td-image-wrap \" title=\"[chaire ECODEF] Retour sur la journ\u00e9e d\u2019\u00e9tude du 10 octobre 2018\" ><img loading=\"lazy\" decoding=\"async\" class=\"entry-thumb\" src=\"data:image\/png;base64,iVBORw0KGgoAAAANSUhEUgAAAUQAAADrAQMAAAArGX0KAAAAA1BMVEWurq51dlI4AAAAAXRSTlMmkutdmwAAACBJREFUaN7twTEBAAAAwiD7pzbEXmAAAAAAAAAAAACQHSaOAAGSp1GBAAAAAElFTkSuQmCC\" alt=\"\" title=\"[chaire ECODEF] Retour sur la journ\u00e9e d\u2019\u00e9tude du 10 octobre 2018\" data-type=\"image_tag\" data-img-url=\"https:\/\/fdd-ihedn.fr\/wp-content\/uploads\/2020\/04\/jean-324x235.jpg\" data-img-retina-url=\"https:\/\/fdd-ihedn.fr\/wp-content\/uploads\/2020\/04\/jean-648x470.jpg\" width=\"324\" height=\"235\" \/><\/a><\/div>\r\n            <div class=\"item-details\">\r\n                <h3 class=\"entry-title td-module-title\"><a href=\"https:\/\/fdd-ihedn.fr\/en\/chaire-economie-de-defense-retour-sur-la-journee-detude-du-10-octobre-2018\/\"  rel=\"bookmark\" title=\"[chaire ECODEF] Retour sur la journ\u00e9e d\u2019\u00e9tude du 10 octobre 2018\">[chaire ECODEF] Retour sur la journ\u00e9e d\u2019\u00e9tude du 10 octobre 2018<\/a><\/h3>\r\n                <div class=\"td-module-meta-info\">\r\n                                        <span class=\"td-post-author-name\"><a href=\"https:\/\/fdd-ihedn.fr\/en\/author\/dev\/\">dev<\/a> <span>-<\/span> <\/span>                    <span class=\"td-post-date\"><time class=\"entry-date updated td-module-date\" datetime=\"2018-10-12T07:47:29+02:00\" >12\/10\/2018<\/time><\/span>                    <span class=\"td-module-comments\"><a href=\"https:\/\/fdd-ihedn.fr\/en\/chaire-economie-de-defense-retour-sur-la-journee-detude-du-10-octobre-2018\/#respond\">0<\/a><\/span>                <\/div>\r\n\r\n                <div class=\"td-excerpt\">\r\n                    A l\u2019approche du centenaire de l\u2019Armistice, la Chaire \u00c9conomie de D\u00e9fense a organis\u00e9 ce 10 octobre 2018, \u00e0 l\u2019\u00c9cole militaire, une journ\u00e9e d\u2019\u00e9tude sur le th\u00e8me : \u00ab\u00a0Les morts de la Grande Guerre\u00a0: Hasard ou d\u00e9terminisme ?\u00a0\u00bb.Voulue par Jean Belin, titulaire de la Chaire, et Antoine Parent, Professeur des...                <\/div>\r\n\r\n                <div class=\"td-read-more\">\r\n                    <a href=\"https:\/\/fdd-ihedn.fr\/en\/chaire-economie-de-defense-retour-sur-la-journee-detude-du-10-octobre-2018\/\">Lire la suite<\/a>\r\n                <\/div>\r\n            <\/div>\r\n\r\n        <\/div>\r\n\r\n        \n\t<\/div> <!-- .\/td-block-span12 -->\n\n\t<div class=\"td-block-span12\">\n\r\n        <div class=\"td_module_11 td_module_wrap td-animation-stack\">\r\n            <div class=\"td-module-thumb\"><a href=\"https:\/\/fdd-ihedn.fr\/en\/chaire-economie-de-defense-revoir-la-conference-le-financement-de-la-defense-quelles-solutions-pour-quels-besoins\/\"  rel=\"bookmark\" class=\"td-image-wrap \" title=\"[chaire ECODEF] Retour sur la Conf\u00e9rence annuelle de la Chaire : \u00ab\u00a0Quelles solutions pour quels besoins ?\u201d\" ><img loading=\"lazy\" decoding=\"async\" class=\"entry-thumb\" src=\"data:image\/png;base64,iVBORw0KGgoAAAANSUhEUgAAAUQAAADrAQMAAAArGX0KAAAAA1BMVEWurq51dlI4AAAAAXRSTlMmkutdmwAAACBJREFUaN7twTEBAAAAwiD7pzbEXmAAAAAAAAAAAACQHSaOAAGSp1GBAAAAAElFTkSuQmCC\" alt=\"\" title=\"[chaire ECODEF] Retour sur la Conf\u00e9rence annuelle de la Chaire : \u00ab\u00a0Quelles solutions pour quels besoins ?\u201d\" data-type=\"image_tag\" data-img-url=\"https:\/\/fdd-ihedn.fr\/wp-content\/uploads\/2018\/06\/2017_ECPAD_373_E_001_102-1-1024x683-1-324x235.jpg\" data-img-retina-url=\"https:\/\/fdd-ihedn.fr\/wp-content\/uploads\/2018\/06\/2017_ECPAD_373_E_001_102-1-1024x683-1-648x470.jpg\" width=\"324\" height=\"235\" \/><\/a><\/div>\r\n            <div class=\"item-details\">\r\n                <h3 class=\"entry-title td-module-title\"><a href=\"https:\/\/fdd-ihedn.fr\/en\/chaire-economie-de-defense-revoir-la-conference-le-financement-de-la-defense-quelles-solutions-pour-quels-besoins\/\"  rel=\"bookmark\" title=\"[chaire ECODEF] Retour sur la Conf\u00e9rence annuelle de la Chaire : \u00ab\u00a0Quelles solutions pour quels besoins ?\u201d\">[chaire ECODEF] Retour sur la Conf\u00e9rence annuelle de la Chaire : \u00ab\u00a0Quelles solutions pour...<\/a><\/h3>\r\n                <div class=\"td-module-meta-info\">\r\n                                        <span class=\"td-post-author-name\"><a href=\"https:\/\/fdd-ihedn.fr\/en\/author\/dev\/\">dev<\/a> <span>-<\/span> <\/span>                    <span class=\"td-post-date\"><time class=\"entry-date updated td-module-date\" datetime=\"2018-06-25T12:52:08+02:00\" >25\/06\/2018<\/time><\/span>                    <span class=\"td-module-comments\"><a href=\"https:\/\/fdd-ihedn.fr\/en\/chaire-economie-de-defense-revoir-la-conference-le-financement-de-la-defense-quelles-solutions-pour-quels-besoins\/#respond\">0<\/a><\/span>                <\/div>\r\n\r\n                <div class=\"td-excerpt\">\r\n                    Organis\u00e9e par notre Chaire \u00c9conomie de D\u00e9fense et le Minist\u00e8re des Arm\u00e9es, le 17 novembre dernier \u00e0 la Maison de la Chimie, cette conf\u00e9rence a \u00e9t\u00e9 consacr\u00e9e au th\u00e8me du financement de la d\u00e9fense.\n\nVous pouvez retrouver ici les interventions de Florence Parly (Ministre des Arm\u00e9es), Jean-Jacques Bridey (Pr\u00e9sident de...                <\/div>\r\n\r\n                <div class=\"td-read-more\">\r\n                    <a href=\"https:\/\/fdd-ihedn.fr\/en\/chaire-economie-de-defense-revoir-la-conference-le-financement-de-la-defense-quelles-solutions-pour-quels-besoins\/\">Lire la suite<\/a>\r\n                <\/div>\r\n            <\/div>\r\n\r\n        <\/div>\r\n\r\n        \n\t<\/div> <!-- .\/td-block-span12 -->\n\n\t<div class=\"td-block-span12\">\n\r\n        <div class=\"td_module_11 td_module_wrap td-animation-stack\">\r\n            <div class=\"td-module-thumb\"><a href=\"https:\/\/fdd-ihedn.fr\/en\/rencontres-ihedn-26-mai-2018-a-lecole-militaire\/\"  rel=\"bookmark\" class=\"td-image-wrap \" title=\"Rencontres IHEDN, le 26 mai 2018 \u00e0 l\u2019\u00c9cole militaire\" ><img loading=\"lazy\" decoding=\"async\" class=\"entry-thumb\" src=\"data:image\/png;base64,iVBORw0KGgoAAAANSUhEUgAAAUQAAADrAQMAAAArGX0KAAAAA1BMVEWurq51dlI4AAAAAXRSTlMmkutdmwAAACBJREFUaN7twTEBAAAAwiD7pzbEXmAAAAAAAAAAAACQHSaOAAGSp1GBAAAAAElFTkSuQmCC\" alt=\"\" title=\"Rencontres IHEDN, le 26 mai 2018 \u00e0 l\u2019\u00c9cole militaire\" data-type=\"image_tag\" data-img-url=\"https:\/\/fdd-ihedn.fr\/wp-content\/uploads\/2021\/04\/AFFICHE_RENCONTRES_IHEDN_2018-905x1280-1-324x235.jpg\" data-img-retina-url=\"https:\/\/fdd-ihedn.fr\/wp-content\/uploads\/2021\/04\/AFFICHE_RENCONTRES_IHEDN_2018-905x1280-1-648x470.jpg\" width=\"324\" height=\"235\" \/><\/a><\/div>\r\n            <div class=\"item-details\">\r\n                <h3 class=\"entry-title td-module-title\"><a href=\"https:\/\/fdd-ihedn.fr\/en\/rencontres-ihedn-26-mai-2018-a-lecole-militaire\/\"  rel=\"bookmark\" title=\"Rencontres IHEDN, le 26 mai 2018 \u00e0 l\u2019\u00c9cole militaire\">Rencontres IHEDN, le 26 mai 2018 \u00e0 l\u2019\u00c9cole militaire<\/a><\/h3>\r\n                <div class=\"td-module-meta-info\">\r\n                                        <span class=\"td-post-author-name\"><a href=\"https:\/\/fdd-ihedn.fr\/en\/author\/dev\/\">dev<\/a> <span>-<\/span> <\/span>                    <span class=\"td-post-date\"><time class=\"entry-date updated td-module-date\" datetime=\"2018-04-25T15:08:38+02:00\" >25\/04\/2018<\/time><\/span>                    <span class=\"td-module-comments\"><a href=\"https:\/\/fdd-ihedn.fr\/en\/rencontres-ihedn-26-mai-2018-a-lecole-militaire\/#respond\">0<\/a><\/span>                <\/div>\r\n\r\n                <div class=\"td-excerpt\">\r\n                    Les \u00ab Rencontres IHEDN \u00bb\nLa d\u00e9fense comme vous ne l&#039;avez jamais abord\u00e9e\n\n26 mai 2018 10h - 17h\n\u00c9cole militaire\n21 place Joffre - 75007 Paris\n\n\u25ba inscrivez-vous\n&nbsp;\nLa d\u00e9fense est un enjeu trop vital pour \u00eatre le domaine r\u00e9serv\u00e9 d\u2019experts et de professionnels. La d\u00e9fense engage la survie de la Nation. Ses institutions,...                <\/div>\r\n\r\n                <div class=\"td-read-more\">\r\n                    <a href=\"https:\/\/fdd-ihedn.fr\/en\/rencontres-ihedn-26-mai-2018-a-lecole-militaire\/\">Lire la suite<\/a>\r\n                <\/div>\r\n            <\/div>\r\n\r\n        <\/div>\r\n\r\n        \n\t<\/div> <!-- .\/td-block-span12 -->\n\n\t<div class=\"td-block-span12\">\n\r\n        <div class=\"td_module_11 td_module_wrap td-animation-stack\">\r\n            <div class=\"td-module-thumb\"><a href=\"https:\/\/fdd-ihedn.fr\/en\/cycle-decouverte-2018-en-partenariat-avec-la-sncf\/\"  rel=\"bookmark\" class=\"td-image-wrap \" title=\"[cycle D\u00e9couverte] Retour sur l&rsquo;\u00e9dition 2018\" ><img loading=\"lazy\" decoding=\"async\" class=\"entry-thumb\" src=\"data:image\/png;base64,iVBORw0KGgoAAAANSUhEUgAAAUQAAADrAQMAAAArGX0KAAAAA1BMVEWurq51dlI4AAAAAXRSTlMmkutdmwAAACBJREFUaN7twTEBAAAAwiD7pzbEXmAAAAAAAAAAAACQHSaOAAGSp1GBAAAAAElFTkSuQmCC\" alt=\"\" title=\"[cycle D\u00e9couverte] Retour sur l&rsquo;\u00e9dition 2018\" data-type=\"image_tag\" data-img-url=\"https:\/\/fdd-ihedn.fr\/wp-content\/uploads\/2018\/04\/P1000246-1-1024x769-1-324x235.jpg\" data-img-retina-url=\"https:\/\/fdd-ihedn.fr\/wp-content\/uploads\/2018\/04\/P1000246-1-1024x769-1-648x470.jpg\" width=\"324\" height=\"235\" \/><\/a><\/div>\r\n            <div class=\"item-details\">\r\n                <h3 class=\"entry-title td-module-title\"><a href=\"https:\/\/fdd-ihedn.fr\/en\/cycle-decouverte-2018-en-partenariat-avec-la-sncf\/\"  rel=\"bookmark\" title=\"[cycle D\u00e9couverte] Retour sur l&rsquo;\u00e9dition 2018\">[cycle D\u00e9couverte] Retour sur l&rsquo;\u00e9dition 2018<\/a><\/h3>\r\n                <div class=\"td-module-meta-info\">\r\n                                        <span class=\"td-post-author-name\"><a href=\"https:\/\/fdd-ihedn.fr\/en\/author\/dev\/\">dev<\/a> <span>-<\/span> <\/span>                    <span class=\"td-post-date\"><time class=\"entry-date updated td-module-date\" datetime=\"2018-04-02T07:47:53+02:00\" >02\/04\/2018<\/time><\/span>                    <span class=\"td-module-comments\"><a href=\"https:\/\/fdd-ihedn.fr\/en\/cycle-decouverte-2018-en-partenariat-avec-la-sncf\/#respond\">0<\/a><\/span>                <\/div>\r\n\r\n                <div class=\"td-excerpt\">\r\n                    \nOrganis\u00e9e gr\u00e2ce au soutien de la SNCF,la 8e \u00e9dition du cycle \u00ab D\u00e9couverte \u00bbs\u2019est d\u00e9roul\u00e9e du lundi 26 au mercredi 28 mars 2018\n\n\n\nPendant trois journ\u00e9es cons\u00e9cutives, les 39 participants, tous en apprentissage (BTS, Licences et Masters professionnels) en r\u00e9gion parisienne, se sont vus proposer une information approfondie sur notre...                <\/div>\r\n\r\n                <div class=\"td-read-more\">\r\n                    <a href=\"https:\/\/fdd-ihedn.fr\/en\/cycle-decouverte-2018-en-partenariat-avec-la-sncf\/\">Lire la suite<\/a>\r\n                <\/div>\r\n            <\/div>\r\n\r\n        <\/div>\r\n\r\n        \n\t<\/div> <!-- .\/td-block-span12 -->\n\n\t<div class=\"td-block-span12\">\n\r\n        <div class=\"td_module_11 td_module_wrap td-animation-stack\">\r\n            <div class=\"td-module-thumb\"><a href=\"https:\/\/fdd-ihedn.fr\/en\/journee-cohesion-nationale-et-citoyennete-chateauroux-le-16-novembre-017\/\"  rel=\"bookmark\" class=\"td-image-wrap \" title=\"Journ\u00e9e \u00ab\u00a0Coh\u00e9sion nationale et citoyennet\u00e9\u00a0\u00bb &#8211; Ch\u00e2teauroux le 16 novembre 2017\" ><img loading=\"lazy\" decoding=\"async\" class=\"entry-thumb\" src=\"data:image\/png;base64,iVBORw0KGgoAAAANSUhEUgAAAUQAAADrAQMAAAArGX0KAAAAA1BMVEWurq51dlI4AAAAAXRSTlMmkutdmwAAACBJREFUaN7twTEBAAAAwiD7pzbEXmAAAAAAAAAAAACQHSaOAAGSp1GBAAAAAElFTkSuQmCC\" alt=\"\" title=\"Journ\u00e9e \u00ab\u00a0Coh\u00e9sion nationale et citoyennet\u00e9\u00a0\u00bb &#8211; Ch\u00e2teauroux le 16 novembre 2017\" data-type=\"image_tag\" data-img-url=\"https:\/\/fdd-ihedn.fr\/wp-content\/uploads\/2021\/04\/DSC_0078-2-324x235.jpg\" data-img-retina-url=\"https:\/\/fdd-ihedn.fr\/wp-content\/uploads\/2021\/04\/DSC_0078-2-648x470.jpg\" width=\"324\" height=\"235\" \/><\/a><\/div>\r\n            <div class=\"item-details\">\r\n                <h3 class=\"entry-title td-module-title\"><a href=\"https:\/\/fdd-ihedn.fr\/en\/journee-cohesion-nationale-et-citoyennete-chateauroux-le-16-novembre-017\/\"  rel=\"bookmark\" title=\"Journ\u00e9e \u00ab\u00a0Coh\u00e9sion nationale et citoyennet\u00e9\u00a0\u00bb &#8211; Ch\u00e2teauroux le 16 novembre 2017\">Journ\u00e9e \u00ab\u00a0Coh\u00e9sion nationale et citoyennet\u00e9\u00a0\u00bb &#8211; Ch\u00e2teauroux le 16 novembre 2017<\/a><\/h3>\r\n                <div class=\"td-module-meta-info\">\r\n                                        <span class=\"td-post-author-name\"><a href=\"https:\/\/fdd-ihedn.fr\/en\/author\/dev\/\">dev<\/a> <span>-<\/span> <\/span>                    <span class=\"td-post-date\"><time class=\"entry-date updated td-module-date\" datetime=\"2017-11-20T09:28:13+01:00\" >20\/11\/2017<\/time><\/span>                    <span class=\"td-module-comments\"><a href=\"https:\/\/fdd-ihedn.fr\/en\/journee-cohesion-nationale-et-citoyennete-chateauroux-le-16-novembre-017\/#respond\">0<\/a><\/span>                <\/div>\r\n\r\n                <div class=\"td-excerpt\">\r\n                    Port\u00e9e par le m\u00e9c\u00e9nat de Renault Trucks Defense, Sofema et Spema, une journ\u00e9e \u00ab Coh\u00e9sion nationale et citoyennet\u00e9 \u00bb a \u00e9t\u00e9 organis\u00e9e le 16 novembre \u00e0 Ch\u00e2teauroux en partenariat avec l\u2019association r\u00e9gionale IHEDN \u2013 Centre (AR7) et avec le soutien de Ch\u00e2teauroux m\u00e9tropole, ainsi que du d\u00e9partement, de la...                <\/div>\r\n\r\n                <div class=\"td-read-more\">\r\n                    <a href=\"https:\/\/fdd-ihedn.fr\/en\/journee-cohesion-nationale-et-citoyennete-chateauroux-le-16-novembre-017\/\">Lire la suite<\/a>\r\n                <\/div>\r\n            <\/div>\r\n\r\n        <\/div>\r\n\r\n        \n\t<\/div> <!-- .\/td-block-span12 -->\n\n\t<div class=\"td-block-span12\">\n\r\n        <div class=\"td_module_11 td_module_wrap td-animation-stack\">\r\n            <div class=\"td-module-thumb\"><a href=\"https:\/\/fdd-ihedn.fr\/en\/ihedn-journee-cohesion-nationale-et-citoyennete-le-5-decembre-au-havre\/\"  rel=\"bookmark\" class=\"td-image-wrap \" title=\"IHEDN &#8211; Journ\u00e9e \u00ab Coh\u00e9sion nationale et citoyennet\u00e9 \u00bb &#8211; le Havre le 5 d\u00e9cembre 2017\" ><img loading=\"lazy\" decoding=\"async\" class=\"entry-thumb\" src=\"data:image\/png;base64,iVBORw0KGgoAAAANSUhEUgAAAUQAAADrAQMAAAArGX0KAAAAA1BMVEWurq51dlI4AAAAAXRSTlMmkutdmwAAACBJREFUaN7twTEBAAAAwiD7pzbEXmAAAAAAAAAAAACQHSaOAAGSp1GBAAAAAElFTkSuQmCC\" alt=\"\" title=\"IHEDN &#8211; Journ\u00e9e \u00ab Coh\u00e9sion nationale et citoyennet\u00e9 \u00bb &#8211; le Havre le 5 d\u00e9cembre 2017\" data-type=\"image_tag\" data-img-url=\"https:\/\/fdd-ihedn.fr\/wp-content\/uploads\/2021\/04\/logos-communaute-IHEDN.png\" data-img-retina-url=\"https:\/\/fdd-ihedn.fr\/wp-content\/uploads\/2021\/04\/logos-communaute-IHEDN.png\" width=\"279\" height=\"121\" \/><\/a><\/div>\r\n            <div class=\"item-details\">\r\n                <h3 class=\"entry-title td-module-title\"><a href=\"https:\/\/fdd-ihedn.fr\/en\/ihedn-journee-cohesion-nationale-et-citoyennete-le-5-decembre-au-havre\/\"  rel=\"bookmark\" title=\"IHEDN &#8211; Journ\u00e9e \u00ab Coh\u00e9sion nationale et citoyennet\u00e9 \u00bb &#8211; le Havre le 5 d\u00e9cembre 2017\">IHEDN &#8211; Journ\u00e9e \u00ab Coh\u00e9sion nationale et citoyennet\u00e9 \u00bb &#8211; le Havre le 5...<\/a><\/h3>\r\n                <div class=\"td-module-meta-info\">\r\n                                        <span class=\"td-post-author-name\"><a href=\"https:\/\/fdd-ihedn.fr\/en\/author\/dev\/\">dev<\/a> <span>-<\/span> <\/span>                    <span class=\"td-post-date\"><time class=\"entry-date updated td-module-date\" datetime=\"2017-11-15T10:08:18+01:00\" >15\/11\/2017<\/time><\/span>                    <span class=\"td-module-comments\"><a href=\"https:\/\/fdd-ihedn.fr\/en\/ihedn-journee-cohesion-nationale-et-citoyennete-le-5-decembre-au-havre\/#respond\">0<\/a><\/span>                <\/div>\r\n\r\n                <div class=\"td-excerpt\">\r\n                    \r\nJourn\u00e9e \u00ab\u00a0Coh\u00e9sion nationale et citoyennet\u00e9\u00a0\u00bb\r\nL\u2019engagement des jeunes\r\nLe Havre, mardi 5 d\u00e9cembre 2017\r\n\u00c9cole Nationale Sup\u00e9rieure Maritime (ENSM)\r\n&nbsp;\r\nL\u2019Institut de hautes \u00e9tudes de d\u00e9fense nationale (IHEDN) et l\u2019Association r\u00e9gionale des auditeurs IHEDN de Normandie ont le plaisir de vous inviter \u00e0 la journ\u00e9e \u00ab Coh\u00e9sion nationale et citoyennet\u00e9 \u00bb qu\u2019il organisent sur...                <\/div>\r\n\r\n                <div class=\"td-read-more\">\r\n                    <a href=\"https:\/\/fdd-ihedn.fr\/en\/ihedn-journee-cohesion-nationale-et-citoyennete-le-5-decembre-au-havre\/\">Lire la suite<\/a>\r\n                <\/div>\r\n            <\/div>\r\n\r\n        <\/div>\r\n\r\n        \n\t<\/div> <!-- .\/td-block-span12 -->\n\n\t<div class=\"td-block-span12\">\n\r\n        <div class=\"td_module_11 td_module_wrap td-animation-stack\">\r\n            <div class=\"td-module-thumb\"><a href=\"https:\/\/fdd-ihedn.fr\/en\/rencontres-ihedn-20-mai-2017-ecole-militaire\/\"  rel=\"bookmark\" class=\"td-image-wrap \" title=\"Rencontres IHEDN \u2013 20 mai 2017 \u00e0 l&rsquo;\u00c9cole militaire\" ><img loading=\"lazy\" decoding=\"async\" class=\"entry-thumb\" src=\"data:image\/png;base64,iVBORw0KGgoAAAANSUhEUgAAAUQAAADrAQMAAAArGX0KAAAAA1BMVEWurq51dlI4AAAAAXRSTlMmkutdmwAAACBJREFUaN7twTEBAAAAwiD7pzbEXmAAAAAAAAAAAACQHSaOAAGSp1GBAAAAAElFTkSuQmCC\" alt=\"\" title=\"Rencontres IHEDN \u2013 20 mai 2017 \u00e0 l&rsquo;\u00c9cole militaire\" data-type=\"image_tag\" data-img-url=\"https:\/\/fdd-ihedn.fr\/wp-content\/uploads\/2017\/05\/AFFICHERENCONTRE2017WEB-mini2-300x300-1-300x235.jpg\" data-img-retina-url=\"https:\/\/fdd-ihedn.fr\/wp-content\/uploads\/2017\/05\/AFFICHERENCONTRE2017WEB-mini2-300x300-1.jpg\" width=\"300\" height=\"235\" \/><\/a><\/div>\r\n            <div class=\"item-details\">\r\n                <h3 class=\"entry-title td-module-title\"><a href=\"https:\/\/fdd-ihedn.fr\/en\/rencontres-ihedn-20-mai-2017-ecole-militaire\/\"  rel=\"bookmark\" title=\"Rencontres IHEDN \u2013 20 mai 2017 \u00e0 l&rsquo;\u00c9cole militaire\">Rencontres IHEDN \u2013 20 mai 2017 \u00e0 l&rsquo;\u00c9cole militaire<\/a><\/h3>\r\n                <div class=\"td-module-meta-info\">\r\n                                        <span class=\"td-post-author-name\"><a href=\"https:\/\/fdd-ihedn.fr\/en\/author\/dev\/\">dev<\/a> <span>-<\/span> <\/span>                    <span class=\"td-post-date\"><time class=\"entry-date updated td-module-date\" datetime=\"2017-05-05T11:15:24+02:00\" >05\/05\/2017<\/time><\/span>                    <span class=\"td-module-comments\"><a href=\"https:\/\/fdd-ihedn.fr\/en\/rencontres-ihedn-20-mai-2017-ecole-militaire\/#respond\">0<\/a><\/span>                <\/div>\r\n\r\n                <div class=\"td-excerpt\">\r\n                    Rencontres IHEDN \u2013 20 mai 2017 \u00e0 l\u2019\u00c9cole militaire\r\n\u201cLa D\u00e9fense comme vous ne l\u2019avez jamais abord\u00e9e :\r\n13 tables rondes, des penseurs, des experts, des ONG, des livres, des peintures\r\n\u2026et un conseil de guerre\u201d.\r\n\r\nInscription : ici\r\n\r\n6 th\u00e9matiques abord\u00e9es :\r\nLA GUERRE DES MACHINES\r\nLa guerre est un cam\u00e9l\u00e9on. Ses causes, ses formes,...                <\/div>\r\n\r\n                <div class=\"td-read-more\">\r\n                    <a href=\"https:\/\/fdd-ihedn.fr\/en\/rencontres-ihedn-20-mai-2017-ecole-militaire\/\">Lire la suite<\/a>\r\n                <\/div>\r\n            <\/div>\r\n\r\n        <\/div>\r\n\r\n        \n\t<\/div> <!-- .\/td-block-span12 -->\n\n\t<div class=\"td-block-span12\">\n\r\n        <div class=\"td_module_11 td_module_wrap td-animation-stack\">\r\n            <div class=\"td-module-thumb\"><a href=\"https:\/\/fdd-ihedn.fr\/en\/seminaire-decouverte-2017-en-partenariat-avec-la-sncf\/\"  rel=\"bookmark\" class=\"td-image-wrap \" title=\"[cycle D\u00e9couverte] Retour sur l&rsquo;\u00e9dition 2017\" ><img loading=\"lazy\" decoding=\"async\" class=\"entry-thumb\" src=\"data:image\/png;base64,iVBORw0KGgoAAAANSUhEUgAAAUQAAADrAQMAAAArGX0KAAAAA1BMVEWurq51dlI4AAAAAXRSTlMmkutdmwAAACBJREFUaN7twTEBAAAAwiD7pzbEXmAAAAAAAAAAAACQHSaOAAGSp1GBAAAAAElFTkSuQmCC\" alt=\"\" title=\"[cycle D\u00e9couverte] Retour sur l&rsquo;\u00e9dition 2017\" data-type=\"image_tag\" data-img-url=\"https:\/\/fdd-ihedn.fr\/wp-content\/uploads\/2017\/04\/P1090414-22-225x300-1-225x235.jpg\" data-img-retina-url=\"https:\/\/fdd-ihedn.fr\/wp-content\/uploads\/2017\/04\/P1090414-22-225x300-1.jpg\" width=\"225\" height=\"235\" \/><\/a><\/div>\r\n            <div class=\"item-details\">\r\n                <h3 class=\"entry-title td-module-title\"><a href=\"https:\/\/fdd-ihedn.fr\/en\/seminaire-decouverte-2017-en-partenariat-avec-la-sncf\/\"  rel=\"bookmark\" title=\"[cycle D\u00e9couverte] Retour sur l&rsquo;\u00e9dition 2017\">[cycle D\u00e9couverte] Retour sur l&rsquo;\u00e9dition 2017<\/a><\/h3>\r\n                <div class=\"td-module-meta-info\">\r\n                                        <span class=\"td-post-author-name\"><a href=\"https:\/\/fdd-ihedn.fr\/en\/author\/dev\/\">dev<\/a> <span>-<\/span> <\/span>                    <span class=\"td-post-date\"><time class=\"entry-date updated td-module-date\" datetime=\"2017-04-06T12:40:25+02:00\" >06\/04\/2017<\/time><\/span>                    <span class=\"td-module-comments\"><a href=\"https:\/\/fdd-ihedn.fr\/en\/seminaire-decouverte-2017-en-partenariat-avec-la-sncf\/#respond\">0<\/a><\/span>                <\/div>\r\n\r\n                <div class=\"td-excerpt\">\r\n                    Organis\u00e9e gr\u00e2ce au soutien de la SNCF,\r\nla 7e \u00e9dition du s\u00e9minaire \u00ab D\u00e9couverte \u00bb\r\ns\u2019est d\u00e9roul\u00e9e du lundi 27 au mercredi 29 mars 2017\r\nCe s\u00e9minaire a offert aux 36 participants, tous en apprentissage (BTS, Licences et Masters professionnels) en r\u00e9gion parisienne, une information approfondie sur notre D\u00e9fense ainsi que sur...                <\/div>\r\n\r\n                <div class=\"td-read-more\">\r\n                    <a href=\"https:\/\/fdd-ihedn.fr\/en\/seminaire-decouverte-2017-en-partenariat-avec-la-sncf\/\">Lire la suite<\/a>\r\n                <\/div>\r\n            <\/div>\r\n\r\n        <\/div>\r\n\r\n        \n\t<\/div> <!-- .\/td-block-span12 -->\n\n\t<div class=\"td-block-span12\">\n\r\n        <div class=\"td_module_11 td_module_wrap td-animation-stack\">\r\n            <div class=\"td-module-thumb\"><a href=\"https:\/\/fdd-ihedn.fr\/en\/video-revoir-la-conference-les-industries-de-defense-un-atout-pour-leconomie\/\"  rel=\"bookmark\" class=\"td-image-wrap \" title=\"[chaire ECODEF] Revoir la conf\u00e9rence \u201cLes industries de d\u00e9fense, un atout pour l\u2019\u00e9conomie ?\u201d\" ><img loading=\"lazy\" decoding=\"async\" class=\"entry-thumb\" src=\"data:image\/png;base64,iVBORw0KGgoAAAANSUhEUgAAAUQAAADrAQMAAAArGX0KAAAAA1BMVEWurq51dlI4AAAAAXRSTlMmkutdmwAAACBJREFUaN7twTEBAAAAwiD7pzbEXmAAAAAAAAAAAACQHSaOAAGSp1GBAAAAAElFTkSuQmCC\" alt=\"\" title=\"[chaire ECODEF] Revoir la conf\u00e9rence \u201cLes industries de d\u00e9fense, un atout pour l\u2019\u00e9conomie ?\u201d\" data-type=\"image_tag\" data-img-url=\"https:\/\/fdd-ihedn.fr\/wp-content\/uploads\/2017\/04\/visuel-conf-Cercle-Eco6-300x146-1.png\" data-img-retina-url=\"https:\/\/fdd-ihedn.fr\/wp-content\/uploads\/2017\/04\/visuel-conf-Cercle-Eco6-300x146-1.png\" width=\"300\" height=\"146\" \/><\/a><\/div>\r\n            <div class=\"item-details\">\r\n                <h3 class=\"entry-title td-module-title\"><a href=\"https:\/\/fdd-ihedn.fr\/en\/video-revoir-la-conference-les-industries-de-defense-un-atout-pour-leconomie\/\"  rel=\"bookmark\" title=\"[chaire ECODEF] Revoir la conf\u00e9rence \u201cLes industries de d\u00e9fense, un atout pour l\u2019\u00e9conomie ?\u201d\">[chaire ECODEF] Revoir la conf\u00e9rence \u201cLes industries de d\u00e9fense, un atout pour l\u2019\u00e9conomie ?\u201d<\/a><\/h3>\r\n                <div class=\"td-module-meta-info\">\r\n                                        <span class=\"td-post-author-name\"><a href=\"https:\/\/fdd-ihedn.fr\/en\/author\/dev\/\">dev<\/a> <span>-<\/span> <\/span>                    <span class=\"td-post-date\"><time class=\"entry-date updated td-module-date\" datetime=\"2017-04-04T16:53:55+02:00\" >04\/04\/2017<\/time><\/span>                    <span class=\"td-module-comments\"><a href=\"https:\/\/fdd-ihedn.fr\/en\/video-revoir-la-conference-les-industries-de-defense-un-atout-pour-leconomie\/#respond\">0<\/a><\/span>                <\/div>\r\n\r\n                <div class=\"td-excerpt\">\r\n                    Organis\u00e9 le 22 mars 2017 par notre Chaire \u00c9conomie de d\u00e9fense et le Cercle des \u00e9conomistes, ce s\u00e9minaire a eu pour but, \u00e0 2 mois de l\u2019\u00e9lection pr\u00e9sidentielle, de permettre au grand public de bien comprendre les enjeux \u00e9conomiques du secteur de la d\u00e9fense.\n\nEn effet, depuis les attentats qui...                <\/div>\r\n\r\n                <div class=\"td-read-more\">\r\n                    <a href=\"https:\/\/fdd-ihedn.fr\/en\/video-revoir-la-conference-les-industries-de-defense-un-atout-pour-leconomie\/\">Lire la suite<\/a>\r\n                <\/div>\r\n            <\/div>\r\n\r\n        <\/div>\r\n\r\n        \n\t<\/div> <!-- .\/td-block-span12 -->\n\n\t<div class=\"td-block-span12\">\n\r\n        <div class=\"td_module_11 td_module_wrap td-animation-stack\">\r\n            <div class=\"td-module-thumb\"><a href=\"https:\/\/fdd-ihedn.fr\/en\/journee-cohesion-nationale-et-citoyennete-amiens-le-1er-decembre-2016\/\"  rel=\"bookmark\" class=\"td-image-wrap \" title=\"Journ\u00e9e \u00ab\u00a0Coh\u00e9sion nationale et citoyennet\u00e9\u00a0\u00bb &#8211; Amiens, le 1er d\u00e9cembre 2016\" ><img loading=\"lazy\" decoding=\"async\" class=\"entry-thumb\" src=\"data:image\/png;base64,iVBORw0KGgoAAAANSUhEUgAAAUQAAADrAQMAAAArGX0KAAAAA1BMVEWurq51dlI4AAAAAXRSTlMmkutdmwAAACBJREFUaN7twTEBAAAAwiD7pzbEXmAAAAAAAAAAAACQHSaOAAGSp1GBAAAAAElFTkSuQmCC\" alt=\"\" title=\"Journ\u00e9e \u00ab\u00a0Coh\u00e9sion nationale et citoyennet\u00e9\u00a0\u00bb &#8211; Amiens, le 1er d\u00e9cembre 2016\" data-type=\"image_tag\" data-img-url=\"https:\/\/fdd-ihedn.fr\/wp-content\/uploads\/2021\/04\/DSC_0700-2-324x235.jpg\" data-img-retina-url=\"https:\/\/fdd-ihedn.fr\/wp-content\/uploads\/2021\/04\/DSC_0700-2-648x470.jpg\" width=\"324\" height=\"235\" \/><\/a><\/div>\r\n            <div class=\"item-details\">\r\n                <h3 class=\"entry-title td-module-title\"><a href=\"https:\/\/fdd-ihedn.fr\/en\/journee-cohesion-nationale-et-citoyennete-amiens-le-1er-decembre-2016\/\"  rel=\"bookmark\" title=\"Journ\u00e9e \u00ab\u00a0Coh\u00e9sion nationale et citoyennet\u00e9\u00a0\u00bb &#8211; Amiens, le 1er d\u00e9cembre 2016\">Journ\u00e9e \u00ab\u00a0Coh\u00e9sion nationale et citoyennet\u00e9\u00a0\u00bb &#8211; Amiens, le 1er d\u00e9cembre 2016<\/a><\/h3>\r\n                <div class=\"td-module-meta-info\">\r\n                                        <span class=\"td-post-author-name\"><a href=\"https:\/\/fdd-ihedn.fr\/en\/author\/dev\/\">dev<\/a> <span>-<\/span> <\/span>                    <span class=\"td-post-date\"><time class=\"entry-date updated td-module-date\" datetime=\"2016-12-05T08:16:09+01:00\" >05\/12\/2016<\/time><\/span>                    <span class=\"td-module-comments\"><a href=\"https:\/\/fdd-ihedn.fr\/en\/journee-cohesion-nationale-et-citoyennete-amiens-le-1er-decembre-2016\/#respond\">0<\/a><\/span>                <\/div>\r\n\r\n                <div class=\"td-excerpt\">\r\n                    Une\u00a0journ\u00e9e &quot;Coh\u00e9sion nationale et citoyennet\u00e9&quot; a \u00e9t\u00e9 organis\u00e9e le 1er d\u00e9cembre \u00e0 Amiens avec l&#039;appui de l\u2019association r\u00e9gionale IHEDN \u2013 Picardie. Elle a port\u00e9 sur le th\u00e8me de l&#039;engagement des jeunes et s&#039;est inscrite dans le prolongement de la pr\u00e9c\u00e9dente session ami\u00e9noise, organis\u00e9e le 25 novembre 2013.\n\nElle a rassembl\u00e9...                <\/div>\r\n\r\n                <div class=\"td-read-more\">\r\n                    <a href=\"https:\/\/fdd-ihedn.fr\/en\/journee-cohesion-nationale-et-citoyennete-amiens-le-1er-decembre-2016\/\">Lire la suite<\/a>\r\n                <\/div>\r\n            <\/div>\r\n\r\n        <\/div>\r\n\r\n        \n\t<\/div> <!-- .\/td-block-span12 -->\n\n\t<div class=\"td-block-span12\">\n\r\n        <div class=\"td_module_11 td_module_wrap td-animation-stack\">\r\n            <div class=\"td-module-thumb\"><a href=\"https:\/\/fdd-ihedn.fr\/en\/felicitations-a-lequipe-de-france-olympique\/\"  rel=\"bookmark\" class=\"td-image-wrap \" title=\"F\u00e9licitations \u00e0 l&rsquo;\u00e9quipe de France Olympique !\" ><img loading=\"lazy\" decoding=\"async\" class=\"entry-thumb\" src=\"data:image\/png;base64,iVBORw0KGgoAAAANSUhEUgAAAUQAAADrAQMAAAArGX0KAAAAA1BMVEWurq51dlI4AAAAAXRSTlMmkutdmwAAACBJREFUaN7twTEBAAAAwiD7pzbEXmAAAAAAAAAAAACQHSaOAAGSp1GBAAAAAElFTkSuQmCC\" alt=\"\" title=\"F\u00e9licitations \u00e0 l&rsquo;\u00e9quipe de France Olympique !\" data-type=\"image_tag\" data-img-url=\"https:\/\/fdd-ihedn.fr\/wp-content\/uploads\/2021\/04\/14021571_1130845537010470_7573887464042485525_n-324x235.jpg\" data-img-retina-url=\"https:\/\/fdd-ihedn.fr\/wp-content\/uploads\/2021\/04\/14021571_1130845537010470_7573887464042485525_n-648x470.jpg\" width=\"324\" height=\"235\" \/><\/a><\/div>\r\n            <div class=\"item-details\">\r\n                <h3 class=\"entry-title td-module-title\"><a href=\"https:\/\/fdd-ihedn.fr\/en\/felicitations-a-lequipe-de-france-olympique\/\"  rel=\"bookmark\" title=\"F\u00e9licitations \u00e0 l&rsquo;\u00e9quipe de France Olympique !\">F\u00e9licitations \u00e0 l&rsquo;\u00e9quipe de France Olympique !<\/a><\/h3>\r\n                <div class=\"td-module-meta-info\">\r\n                                        <span class=\"td-post-author-name\"><a href=\"https:\/\/fdd-ihedn.fr\/en\/author\/dev\/\">dev<\/a> <span>-<\/span> <\/span>                    <span class=\"td-post-date\"><time class=\"entry-date updated td-module-date\" datetime=\"2016-08-22T12:39:37+02:00\" >22\/08\/2016<\/time><\/span>                    <span class=\"td-module-comments\"><a href=\"https:\/\/fdd-ihedn.fr\/en\/felicitations-a-lequipe-de-france-olympique\/#respond\">0<\/a><\/span>                <\/div>\r\n\r\n                <div class=\"td-excerpt\">\r\n                    F\u00e9licitations \u00e0 l&#039;\u00e9quipe de France Olympique qui rapporte 42 m\u00e9dailles de #Rio2016 ! Un record ! #FiersdelaFrance #espritbleu                <\/div>\r\n\r\n                <div class=\"td-read-more\">\r\n                    <a href=\"https:\/\/fdd-ihedn.fr\/en\/felicitations-a-lequipe-de-france-olympique\/\">Lire la suite<\/a>\r\n                <\/div>\r\n            <\/div>\r\n\r\n        <\/div>\r\n\r\n        \n\t<\/div> <!-- .\/td-block-span12 -->\n\n\t<div class=\"td-block-span12\">\n\r\n        <div class=\"td_module_11 td_module_wrap td-animation-stack\">\r\n            <div class=\"td-module-thumb\"><a href=\"https:\/\/fdd-ihedn.fr\/en\/journee-cohesion-nationale-et-citoyennete-clermont-ferrand-le-26-avril-2016\/\"  rel=\"bookmark\" class=\"td-image-wrap \" title=\"Journ\u00e9e \u00ab Coh\u00e9sion nationale et citoyennet\u00e9 \u00bb \u2013 Clermont-Ferrand, le 26 avril 2016\" ><img loading=\"lazy\" decoding=\"async\" class=\"entry-thumb\" src=\"data:image\/png;base64,iVBORw0KGgoAAAANSUhEUgAAAUQAAADrAQMAAAArGX0KAAAAA1BMVEWurq51dlI4AAAAAXRSTlMmkutdmwAAACBJREFUaN7twTEBAAAAwiD7pzbEXmAAAAAAAAAAAACQHSaOAAGSp1GBAAAAAElFTkSuQmCC\" alt=\"\" title=\"Journ\u00e9e \u00ab Coh\u00e9sion nationale et citoyennet\u00e9 \u00bb \u2013 Clermont-Ferrand, le 26 avril 2016\" data-type=\"image_tag\" data-img-url=\"https:\/\/fdd-ihedn.fr\/wp-content\/uploads\/2016\/04\/Logo-AR-Auvergne-217x300-1-217x235.jpg\" data-img-retina-url=\"https:\/\/fdd-ihedn.fr\/wp-content\/uploads\/2016\/04\/Logo-AR-Auvergne-217x300-1.bmp\" width=\"217\" height=\"235\" \/><\/a><\/div>\r\n            <div class=\"item-details\">\r\n                <h3 class=\"entry-title td-module-title\"><a href=\"https:\/\/fdd-ihedn.fr\/en\/journee-cohesion-nationale-et-citoyennete-clermont-ferrand-le-26-avril-2016\/\"  rel=\"bookmark\" title=\"Journ\u00e9e \u00ab Coh\u00e9sion nationale et citoyennet\u00e9 \u00bb \u2013 Clermont-Ferrand, le 26 avril 2016\">Journ\u00e9e \u00ab Coh\u00e9sion nationale et citoyennet\u00e9 \u00bb \u2013 Clermont-Ferrand, le 26 avril 2016<\/a><\/h3>\r\n                <div class=\"td-module-meta-info\">\r\n                                        <span class=\"td-post-author-name\"><a href=\"https:\/\/fdd-ihedn.fr\/en\/author\/dev\/\">dev<\/a> <span>-<\/span> <\/span>                    <span class=\"td-post-date\"><time class=\"entry-date updated td-module-date\" datetime=\"2016-04-27T08:33:25+02:00\" >27\/04\/2016<\/time><\/span>                    <span class=\"td-module-comments\"><a href=\"https:\/\/fdd-ihedn.fr\/en\/journee-cohesion-nationale-et-citoyennete-clermont-ferrand-le-26-avril-2016\/#respond\">0<\/a><\/span>                <\/div>\r\n\r\n                <div class=\"td-excerpt\">\r\n                    Le Fonds de dotation de l\u2019IHEDN et l\u2019association r\u00e9gionale IHEDN \u2013 Auvergne ont organis\u00e9 ce 26 avril \u00e0 Clermont-Ferrand, une journ\u00e9e \u00ab Coh\u00e9sion nationale et citoyennet\u00e9 \u00bb sur le th\u00e8me de la r\u00e9silience, en pr\u00e9sence notamment de Dani\u00e8le Polv\u00e9-Montmasson, Pr\u00e9f\u00e8te du Puy-de-D\u00f4me, Marie-Dani\u00e8le Campion, Recteur de l\u2019acad\u00e9mie de Clermont-Ferrand,...                <\/div>\r\n\r\n                <div class=\"td-read-more\">\r\n                    <a href=\"https:\/\/fdd-ihedn.fr\/en\/journee-cohesion-nationale-et-citoyennete-clermont-ferrand-le-26-avril-2016\/\">Lire la suite<\/a>\r\n                <\/div>\r\n            <\/div>\r\n\r\n        <\/div>\r\n\r\n        \n\t<\/div> <!-- .\/td-block-span12 -->\n\n\t<div class=\"td-block-span12\">\n\r\n        <div class=\"td_module_11 td_module_wrap td-animation-stack\">\r\n            <div class=\"td-module-thumb\"><a href=\"https:\/\/fdd-ihedn.fr\/en\/seminaire-decouverte-2016-en-partenariat-avec-la-sncf\/\"  rel=\"bookmark\" class=\"td-image-wrap \" title=\"[cycle D\u00e9couverte] Retour sur l&rsquo;\u00e9dition 2016\" ><img loading=\"lazy\" decoding=\"async\" class=\"entry-thumb\" src=\"data:image\/png;base64,iVBORw0KGgoAAAANSUhEUgAAAUQAAADrAQMAAAArGX0KAAAAA1BMVEWurq51dlI4AAAAAXRSTlMmkutdmwAAACBJREFUaN7twTEBAAAAwiD7pzbEXmAAAAAAAAAAAACQHSaOAAGSp1GBAAAAAElFTkSuQmCC\" alt=\"\" title=\"[cycle D\u00e9couverte] Retour sur l&rsquo;\u00e9dition 2016\" data-type=\"image_tag\" data-img-url=\"https:\/\/fdd-ihedn.fr\/wp-content\/uploads\/2016\/03\/P1050605-1024x864-1-324x235.jpg\" data-img-retina-url=\"https:\/\/fdd-ihedn.fr\/wp-content\/uploads\/2016\/03\/P1050605-1024x864-1-648x470.jpg\" width=\"324\" height=\"235\" \/><\/a><\/div>\r\n            <div class=\"item-details\">\r\n                <h3 class=\"entry-title td-module-title\"><a href=\"https:\/\/fdd-ihedn.fr\/en\/seminaire-decouverte-2016-en-partenariat-avec-la-sncf\/\"  rel=\"bookmark\" title=\"[cycle D\u00e9couverte] Retour sur l&rsquo;\u00e9dition 2016\">[cycle D\u00e9couverte] Retour sur l&rsquo;\u00e9dition 2016<\/a><\/h3>\r\n                <div class=\"td-module-meta-info\">\r\n                                        <span class=\"td-post-author-name\"><a href=\"https:\/\/fdd-ihedn.fr\/en\/author\/dev\/\">dev<\/a> <span>-<\/span> <\/span>                    <span class=\"td-post-date\"><time class=\"entry-date updated td-module-date\" datetime=\"2016-03-28T19:35:03+02:00\" >28\/03\/2016<\/time><\/span>                    <span class=\"td-module-comments\"><a href=\"https:\/\/fdd-ihedn.fr\/en\/seminaire-decouverte-2016-en-partenariat-avec-la-sncf\/#respond\">0<\/a><\/span>                <\/div>\r\n\r\n                <div class=\"td-excerpt\">\r\n                    Port\u00e9e par le m\u00e9c\u00e9nat de la SNCF, la 6e \u00e9dition du s\u00e9minaire \u00ab D\u00e9couverte \u00bb s\u2019est d\u00e9roul\u00e9e du lundi 21 au mercredi 23 mars 2016.\r\n\r\nElle a cette ann\u00e9e rassembl\u00e9 un effectif port\u00e9 \u00e0 37 jeunes adultes, tous en formation professionnelle post-bac issus de BTS, Licences et Masters professionnels de...                <\/div>\r\n\r\n                <div class=\"td-read-more\">\r\n                    <a href=\"https:\/\/fdd-ihedn.fr\/en\/seminaire-decouverte-2016-en-partenariat-avec-la-sncf\/\">Lire la suite<\/a>\r\n                <\/div>\r\n            <\/div>\r\n\r\n        <\/div>\r\n\r\n        \n\t<\/div> <!-- .\/td-block-span12 -->\n\n\t<div class=\"td-block-span12\">\n\r\n        <div class=\"td_module_11 td_module_wrap td-animation-stack\">\r\n            <div class=\"td-module-thumb\"><a href=\"https:\/\/fdd-ihedn.fr\/en\/16-decembre-colloque-industrie-de-defense-de-la-chaire-economie-de-defense\/\"  rel=\"bookmark\" class=\"td-image-wrap \" title=\"[Chaire ECODEF] Colloque \u00ab\u00a0Industrie de d\u00e9fense\u00a0\u00bb le 16 d\u00e9cembre\" ><img loading=\"lazy\" decoding=\"async\" class=\"entry-thumb\" src=\"data:image\/png;base64,iVBORw0KGgoAAAANSUhEUgAAAUQAAADrAQMAAAArGX0KAAAAA1BMVEWurq51dlI4AAAAAXRSTlMmkutdmwAAACBJREFUaN7twTEBAAAAwiD7pzbEXmAAAAAAAAAAAACQHSaOAAGSp1GBAAAAAElFTkSuQmCC\" alt=\"\" title=\"[Chaire ECODEF] Colloque \u00ab\u00a0Industrie de d\u00e9fense\u00a0\u00bb le 16 d\u00e9cembre\" data-type=\"image_tag\" data-img-url=\"https:\/\/fdd-ihedn.fr\/wp-content\/uploads\/2015\/12\/RVB-LogEcoDeDef-220x300-1-220x235.png\" data-img-retina-url=\"https:\/\/fdd-ihedn.fr\/wp-content\/uploads\/2015\/12\/RVB-LogEcoDeDef-220x300-1.png\" width=\"220\" height=\"235\" \/><\/a><\/div>\r\n            <div class=\"item-details\">\r\n                <h3 class=\"entry-title td-module-title\"><a href=\"https:\/\/fdd-ihedn.fr\/en\/16-decembre-colloque-industrie-de-defense-de-la-chaire-economie-de-defense\/\"  rel=\"bookmark\" title=\"[Chaire ECODEF] Colloque \u00ab\u00a0Industrie de d\u00e9fense\u00a0\u00bb le 16 d\u00e9cembre\">[Chaire ECODEF] Colloque \u00ab\u00a0Industrie de d\u00e9fense\u00a0\u00bb le 16 d\u00e9cembre<\/a><\/h3>\r\n                <div class=\"td-module-meta-info\">\r\n                                        <span class=\"td-post-author-name\"><a href=\"https:\/\/fdd-ihedn.fr\/en\/author\/dev\/\">dev<\/a> <span>-<\/span> <\/span>                    <span class=\"td-post-date\"><time class=\"entry-date updated td-module-date\" datetime=\"2015-12-01T13:57:30+01:00\" >01\/12\/2015<\/time><\/span>                    <span class=\"td-module-comments\"><a href=\"https:\/\/fdd-ihedn.fr\/en\/16-decembre-colloque-industrie-de-defense-de-la-chaire-economie-de-defense\/#respond\">0<\/a><\/span>                <\/div>\r\n\r\n                <div class=\"td-excerpt\">\r\n                    La chaire \u00c9conomie de d\u00e9fense\u00a0du Fonds de dotation\u00a0de l\u2019IHEDN\u00a0vous invite\u00a0le 16 d\u00e9cembre prochain \u00e0 assister \u00e0 son colloque &quot;les industries de d\u00e9fense face aux enjeux internationaux&quot;.\n\nCet \u00e9v\u00e9nement est organis\u00e9 en partenariat avec le Minist\u00e8re de la D\u00e9fense et l&#039;Universit\u00e9 Paris 1 Panth\u00e9on-Sorbonne.\n\nInscription en cliquant ici\u00a0ou sur le programme ci-dessous.\n\nPour...                <\/div>\r\n\r\n                <div class=\"td-read-more\">\r\n                    <a href=\"https:\/\/fdd-ihedn.fr\/en\/16-decembre-colloque-industrie-de-defense-de-la-chaire-economie-de-defense\/\">Lire la suite<\/a>\r\n                <\/div>\r\n            <\/div>\r\n\r\n        <\/div>\r\n\r\n        \n\t<\/div> <!-- .\/td-block-span12 -->\n\n\t<div class=\"td-block-span12\">\n\r\n        <div class=\"td_module_11 td_module_wrap td-animation-stack\">\r\n            <div class=\"td-module-thumb\"><a href=\"https:\/\/fdd-ihedn.fr\/en\/face-aux-attentats-la-meilleure-reponse-est-lengagement-de-tous\/\"  rel=\"bookmark\" class=\"td-image-wrap \" title=\"Face aux attentats, la meilleure r\u00e9ponse est l\u2019engagement de tous\" ><img loading=\"lazy\" decoding=\"async\" class=\"entry-thumb\" src=\"data:image\/png;base64,iVBORw0KGgoAAAANSUhEUgAAAUQAAADrAQMAAAArGX0KAAAAA1BMVEWurq51dlI4AAAAAXRSTlMmkutdmwAAACBJREFUaN7twTEBAAAAwiD7pzbEXmAAAAAAAAAAAACQHSaOAAGSp1GBAAAAAElFTkSuQmCC\" alt=\"\" title=\"Face aux attentats, la meilleure r\u00e9ponse est l\u2019engagement de tous\" data-type=\"image_tag\" data-img-url=\"https:\/\/fdd-ihedn.fr\/wp-content\/uploads\/2015\/11\/memepaspeur-324x235.jpg\" data-img-retina-url=\"https:\/\/fdd-ihedn.fr\/wp-content\/uploads\/2015\/11\/memepaspeur.jpg\" width=\"324\" height=\"235\" \/><\/a><\/div>\r\n            <div class=\"item-details\">\r\n                <h3 class=\"entry-title td-module-title\"><a href=\"https:\/\/fdd-ihedn.fr\/en\/face-aux-attentats-la-meilleure-reponse-est-lengagement-de-tous\/\"  rel=\"bookmark\" title=\"Face aux attentats, la meilleure r\u00e9ponse est l\u2019engagement de tous\">Face aux attentats, la meilleure r\u00e9ponse est l\u2019engagement de tous<\/a><\/h3>\r\n                <div class=\"td-module-meta-info\">\r\n                                        <span class=\"td-post-author-name\"><a href=\"https:\/\/fdd-ihedn.fr\/en\/author\/dev\/\">dev<\/a> <span>-<\/span> <\/span>                    <span class=\"td-post-date\"><time class=\"entry-date updated td-module-date\" datetime=\"2015-11-25T13:31:34+01:00\" >25\/11\/2015<\/time><\/span>                    <span class=\"td-module-comments\"><a href=\"https:\/\/fdd-ihedn.fr\/en\/face-aux-attentats-la-meilleure-reponse-est-lengagement-de-tous\/#respond\">0<\/a><\/span>                <\/div>\r\n\r\n                <div class=\"td-excerpt\">\r\n                    Comment r\u00e9pondre aux attentats ?\nS\u2019engager pour la d\u00e9fense des valeurs r\u00e9publicaines et la coh\u00e9sion de la Nation.\nLa France a subi en janvier et en novembre 2015 deux s\u00e9ries d\u2019attentats abjectes sur son territoire. Ce ne sont malheureusement pas les premiers qui touchent notre pays et il serait na\u00eff de...                <\/div>\r\n\r\n                <div class=\"td-read-more\">\r\n                    <a href=\"https:\/\/fdd-ihedn.fr\/en\/face-aux-attentats-la-meilleure-reponse-est-lengagement-de-tous\/\">Lire la suite<\/a>\r\n                <\/div>\r\n            <\/div>\r\n\r\n        <\/div>\r\n\r\n        \n\t<\/div> <!-- .\/td-block-span12 -->\n\n\t<div class=\"td-block-span12\">\n\r\n        <div class=\"td_module_11 td_module_wrap td-animation-stack\">\r\n            <div class=\"td-module-thumb\"><a href=\"https:\/\/fdd-ihedn.fr\/en\/la-chaire-economie-de-defense-sur-linkedin-et-twitter\/\"  rel=\"bookmark\" class=\"td-image-wrap \" title=\"[chaire ECODEF] La Chaire arrive sur Linkedin et Twitter\" ><img loading=\"lazy\" decoding=\"async\" class=\"entry-thumb\" src=\"data:image\/png;base64,iVBORw0KGgoAAAANSUhEUgAAAUQAAADrAQMAAAArGX0KAAAAA1BMVEWurq51dlI4AAAAAXRSTlMmkutdmwAAACBJREFUaN7twTEBAAAAwiD7pzbEXmAAAAAAAAAAAACQHSaOAAGSp1GBAAAAAElFTkSuQmCC\" alt=\"\" title=\"[chaire ECODEF] La Chaire arrive sur Linkedin et Twitter\" data-type=\"image_tag\" data-img-url=\"https:\/\/fdd-ihedn.fr\/wp-content\/uploads\/2015\/12\/RVB-LogEcoDeDef-220x300-1-220x235.png\" data-img-retina-url=\"https:\/\/fdd-ihedn.fr\/wp-content\/uploads\/2015\/12\/RVB-LogEcoDeDef-220x300-1.png\" width=\"220\" height=\"235\" \/><\/a><\/div>\r\n            <div class=\"item-details\">\r\n                <h3 class=\"entry-title td-module-title\"><a href=\"https:\/\/fdd-ihedn.fr\/en\/la-chaire-economie-de-defense-sur-linkedin-et-twitter\/\"  rel=\"bookmark\" title=\"[chaire ECODEF] La Chaire arrive sur Linkedin et Twitter\">[chaire ECODEF] La Chaire arrive sur Linkedin et Twitter<\/a><\/h3>\r\n                <div class=\"td-module-meta-info\">\r\n                                        <span class=\"td-post-author-name\"><a href=\"https:\/\/fdd-ihedn.fr\/en\/author\/dev\/\">dev<\/a> <span>-<\/span> <\/span>                    <span class=\"td-post-date\"><time class=\"entry-date updated td-module-date\" datetime=\"2015-11-06T17:23:57+01:00\" >06\/11\/2015<\/time><\/span>                    <span class=\"td-module-comments\"><a href=\"https:\/\/fdd-ihedn.fr\/en\/la-chaire-economie-de-defense-sur-linkedin-et-twitter\/#respond\">0<\/a><\/span>                <\/div>\r\n\r\n                <div class=\"td-excerpt\">\r\n                    La chaire \u00c9conomie de d\u00e9fense est maintenant sur Twitter et Linkedin !\n\nEntrez en contact avec la chaire et venez suivre les actualit\u00e9s, publications et \u00e9v\u00e9nements en rapport avec l\u2019\u00e9conomie de d\u00e9fense ainsi que les parutions des articles de Jean Belin, Julien Malizard et du r\u00e9seau de chercheurs de la...                <\/div>\r\n\r\n                <div class=\"td-read-more\">\r\n                    <a href=\"https:\/\/fdd-ihedn.fr\/en\/la-chaire-economie-de-defense-sur-linkedin-et-twitter\/\">Lire la suite<\/a>\r\n                <\/div>\r\n            <\/div>\r\n\r\n        <\/div>\r\n\r\n        \n\t<\/div> <!-- .\/td-block-span12 -->\n\n\t<div class=\"td-block-span12\">\n\r\n        <div class=\"td_module_11 td_module_wrap td-animation-stack\">\r\n            <div class=\"td-module-thumb\"><a href=\"https:\/\/fdd-ihedn.fr\/en\/journee-cohesion-nationale-et-citoyennete-paris-le-jeudi-9-juillet-2015\/\"  rel=\"bookmark\" class=\"td-image-wrap \" title=\"Journ\u00e9e \u00ab\u00a0Coh\u00e9sion nationale et citoyennet\u00e9\u00a0\u00bb &#8211; Paris, le jeudi 9 juillet 2015\" ><img loading=\"lazy\" decoding=\"async\" class=\"entry-thumb\" src=\"data:image\/png;base64,iVBORw0KGgoAAAANSUhEUgAAAUQAAADrAQMAAAArGX0KAAAAA1BMVEWurq51dlI4AAAAAXRSTlMmkutdmwAAACBJREFUaN7twTEBAAAAwiD7pzbEXmAAAAAAAAAAAACQHSaOAAGSp1GBAAAAAElFTkSuQmCC\" alt=\"\" title=\"Journ\u00e9e \u00ab\u00a0Coh\u00e9sion nationale et citoyennet\u00e9\u00a0\u00bb &#8211; Paris, le jeudi 9 juillet 2015\" data-type=\"image_tag\" data-img-url=\"https:\/\/fdd-ihedn.fr\/wp-content\/uploads\/2021\/04\/CNHI-1-324x235.jpg\" data-img-retina-url=\"https:\/\/fdd-ihedn.fr\/wp-content\/uploads\/2021\/04\/CNHI-1.jpg\" width=\"324\" height=\"235\" \/><\/a><\/div>\r\n            <div class=\"item-details\">\r\n                <h3 class=\"entry-title td-module-title\"><a href=\"https:\/\/fdd-ihedn.fr\/en\/journee-cohesion-nationale-et-citoyennete-paris-le-jeudi-9-juillet-2015\/\"  rel=\"bookmark\" title=\"Journ\u00e9e \u00ab\u00a0Coh\u00e9sion nationale et citoyennet\u00e9\u00a0\u00bb &#8211; Paris, le jeudi 9 juillet 2015\">Journ\u00e9e \u00ab\u00a0Coh\u00e9sion nationale et citoyennet\u00e9\u00a0\u00bb &#8211; Paris, le jeudi 9 juillet 2015<\/a><\/h3>\r\n                <div class=\"td-module-meta-info\">\r\n                                        <span class=\"td-post-author-name\"><a href=\"https:\/\/fdd-ihedn.fr\/en\/author\/dev\/\">dev<\/a> <span>-<\/span> <\/span>                    <span class=\"td-post-date\"><time class=\"entry-date updated td-module-date\" datetime=\"2015-07-10T15:30:31+02:00\" >10\/07\/2015<\/time><\/span>                    <span class=\"td-module-comments\"><a href=\"https:\/\/fdd-ihedn.fr\/en\/journee-cohesion-nationale-et-citoyennete-paris-le-jeudi-9-juillet-2015\/#respond\">0<\/a><\/span>                <\/div>\r\n\r\n                <div class=\"td-excerpt\">\r\n                    Une soixantaine de personnes ayant particip\u00e9 \u00e0 l\u2019une des sessions du s\u00e9minaire \u00ab Coh\u00e9sion nationale et citoyennet\u00e9 \u00bb,\u00a0 organis\u00e9 depuis 2006 \u00e0 Paris par l\u2019IHEDN\u00a0 et d\u00e9clin\u00e9 en province depuis 2010 par le Cercle des partenaires de l\u2019IHEDN, ont \u00e9t\u00e9 r\u00e9unies ce jeudi 9 juillet \u00e0 l\u2019\u00c9cole militaire (Paris...                <\/div>\r\n\r\n                <div class=\"td-read-more\">\r\n                    <a href=\"https:\/\/fdd-ihedn.fr\/en\/journee-cohesion-nationale-et-citoyennete-paris-le-jeudi-9-juillet-2015\/\">Lire la suite<\/a>\r\n                <\/div>\r\n            <\/div>\r\n\r\n        <\/div>\r\n\r\n        \n\t<\/div> <!-- .\/td-block-span12 --><\/div><div class=\"td_ajax_infinite\" id=\"next-page-tdi_7\" data-td_block_id=\"tdi_7\"> <\/div><div class=\"td-load-more-wrap td-load-more-infinite-wrap\" id=\"infinite-lm-tdi_7\"><a href=\"#\" class=\"td_ajax_load_more td_ajax_load_more_js\" aria-label=\"Voir plus\" id=\"next-page-tdi_7\" data-td_block_id=\"tdi_7\">Voir plus<i class=\"td-icon-font td-icon-menu-down\"><\/i><\/a><\/div><\/div> <!-- .\/block --><\/div><\/div><\/div><\/div><\/div><\/div>","protected":false},"excerpt":{"rendered":"","protected":false},"author":1,"featured_media":564,"parent":0,"menu_order":0,"comment_status":"closed","ping_status":"closed","template":"","meta":{"footnotes":""},"class_list":["post-437","page","type-page","status-publish","has-post-thumbnail"],"yoast_head":"<!-- This site is optimized with the Yoast SEO plugin v27.4 - https:\/\/yoast.com\/product\/yoast-seo-wordpress\/ -->\n<title>Activit\u00e9s - Fonds de dotation de l&#039;IHEDN<\/title>\n<meta name=\"robots\" content=\"index, follow, max-snippet:-1, max-image-preview:large, max-video-preview:-1\" \/>\n<link rel=\"canonical\" href=\"https:\/\/fdd-ihedn.fr\/en\/activites\/\" \/>\n<meta property=\"og:locale\" content=\"en_GB\" \/>\n<meta property=\"og:type\" content=\"article\" \/>\n<meta property=\"og:title\" content=\"Activit\u00e9s - Fonds de dotation de l&#039;IHEDN\" \/>\n<meta property=\"og:url\" content=\"https:\/\/fdd-ihedn.fr\/en\/activites\/\" \/>\n<meta property=\"og:site_name\" content=\"Fonds de dotation de l&#039;IHEDN\" \/>\n<meta property=\"article:modified_time\" content=\"2021-04-21T15:08:31+00:00\" \/>\n<meta name=\"twitter:card\" content=\"summary_large_image\" \/>\n<meta name=\"twitter:site\" content=\"@Chaire_Ecodef\" \/>\n<meta name=\"twitter:label1\" content=\"Estimated reading time\" \/>\n\t<meta name=\"twitter:data1\" content=\"1 minute\" \/>\n<script type=\"application\/ld+json\" class=\"yoast-schema-graph\">{\"@context\":\"https:\\\/\\\/schema.org\",\"@graph\":[{\"@type\":\"WebPage\",\"@id\":\"https:\\\/\\\/fdd-ihedn.fr\\\/activites\\\/\",\"url\":\"https:\\\/\\\/fdd-ihedn.fr\\\/activites\\\/\",\"name\":\"Activit\u00e9s - Fonds de dotation de l&#039;IHEDN\",\"isPartOf\":{\"@id\":\"https:\\\/\\\/fdd-ihedn.fr\\\/#website\"},\"primaryImageOfPage\":{\"@id\":\"https:\\\/\\\/fdd-ihedn.fr\\\/activites\\\/#primaryimage\"},\"image\":{\"@id\":\"https:\\\/\\\/fdd-ihedn.fr\\\/activites\\\/#primaryimage\"},\"thumbnailUrl\":\"\",\"datePublished\":\"2020-02-20T14:52:04+00:00\",\"dateModified\":\"2021-04-21T15:08:31+00:00\",\"breadcrumb\":{\"@id\":\"https:\\\/\\\/fdd-ihedn.fr\\\/activites\\\/#breadcrumb\"},\"inLanguage\":\"en-GB\",\"potentialAction\":[{\"@type\":\"ReadAction\",\"target\":[\"https:\\\/\\\/fdd-ihedn.fr\\\/activites\\\/\"]}]},{\"@type\":\"ImageObject\",\"inLanguage\":\"en-GB\",\"@id\":\"https:\\\/\\\/fdd-ihedn.fr\\\/activites\\\/#primaryimage\",\"url\":\"\",\"contentUrl\":\"\"},{\"@type\":\"BreadcrumbList\",\"@id\":\"https:\\\/\\\/fdd-ihedn.fr\\\/activites\\\/#breadcrumb\",\"itemListElement\":[{\"@type\":\"ListItem\",\"position\":1,\"name\":\"Accueil\",\"item\":\"https:\\\/\\\/fdd-ihedn.fr\\\/\"},{\"@type\":\"ListItem\",\"position\":2,\"name\":\"Activit\u00e9s\"}]},{\"@type\":\"WebSite\",\"@id\":\"https:\\\/\\\/fdd-ihedn.fr\\\/#website\",\"url\":\"https:\\\/\\\/fdd-ihedn.fr\\\/\",\"name\":\"Fonds de dotation de l&#039;IHEDN\",\"description\":\"Des projets innovants d\u00e9velopp\u00e9s pour l&#039;IHEDN gr\u00e2ce au m\u00e9c\u00e9nat\",\"publisher\":{\"@id\":\"https:\\\/\\\/fdd-ihedn.fr\\\/#organization\"},\"potentialAction\":[{\"@type\":\"SearchAction\",\"target\":{\"@type\":\"EntryPoint\",\"urlTemplate\":\"https:\\\/\\\/fdd-ihedn.fr\\\/?s={search_term_string}\"},\"query-input\":{\"@type\":\"PropertyValueSpecification\",\"valueRequired\":true,\"valueName\":\"search_term_string\"}}],\"inLanguage\":\"en-GB\"},{\"@type\":\"Organization\",\"@id\":\"https:\\\/\\\/fdd-ihedn.fr\\\/#organization\",\"name\":\"Chaire \u00c9conomie de d\u00e9fense - IHEDN\",\"url\":\"https:\\\/\\\/fdd-ihedn.fr\\\/\",\"logo\":{\"@type\":\"ImageObject\",\"inLanguage\":\"en-GB\",\"@id\":\"https:\\\/\\\/fdd-ihedn.fr\\\/#\\\/schema\\\/logo\\\/image\\\/\",\"url\":\"https:\\\/\\\/fdd-ihedn.fr\\\/wp-content\\\/uploads\\\/2020\\\/04\\\/logoEcodef9.jpg\",\"contentUrl\":\"https:\\\/\\\/fdd-ihedn.fr\\\/wp-content\\\/uploads\\\/2020\\\/04\\\/logoEcodef9.jpg\",\"width\":410,\"height\":212,\"caption\":\"Chaire \u00c9conomie de d\u00e9fense - IHEDN\"},\"image\":{\"@id\":\"https:\\\/\\\/fdd-ihedn.fr\\\/#\\\/schema\\\/logo\\\/image\\\/\"},\"sameAs\":[\"https:\\\/\\\/x.com\\\/Chaire_Ecodef\",\"https:\\\/\\\/www.linkedin.com\\\/company\\\/chaire-ecodef-ihedn\\\/\"]}]}<\/script>\n<!-- \/ Yoast SEO plugin. -->","yoast_head_json":{"title":"Activit\u00e9s - Fonds de dotation de l&#039;IHEDN","robots":{"index":"index","follow":"follow","max-snippet":"max-snippet:-1","max-image-preview":"max-image-preview:large","max-video-preview":"max-video-preview:-1"},"canonical":"https:\/\/fdd-ihedn.fr\/en\/activites\/","og_locale":"en_GB","og_type":"article","og_title":"Activit\u00e9s - Fonds de dotation de l&#039;IHEDN","og_url":"https:\/\/fdd-ihedn.fr\/en\/activites\/","og_site_name":"Fonds de dotation de l&#039;IHEDN","article_modified_time":"2021-04-21T15:08:31+00:00","twitter_card":"summary_large_image","twitter_site":"@Chaire_Ecodef","twitter_misc":{"Estimated reading time":"1 minute"},"schema":{"@context":"https:\/\/schema.org","@graph":[{"@type":"WebPage","@id":"https:\/\/fdd-ihedn.fr\/activites\/","url":"https:\/\/fdd-ihedn.fr\/activites\/","name":"Activit\u00e9s - Fonds de dotation de l&#039;IHEDN","isPartOf":{"@id":"https:\/\/fdd-ihedn.fr\/#website"},"primaryImageOfPage":{"@id":"https:\/\/fdd-ihedn.fr\/activites\/#primaryimage"},"image":{"@id":"https:\/\/fdd-ihedn.fr\/activites\/#primaryimage"},"thumbnailUrl":"","datePublished":"2020-02-20T14:52:04+00:00","dateModified":"2021-04-21T15:08:31+00:00","breadcrumb":{"@id":"https:\/\/fdd-ihedn.fr\/activites\/#breadcrumb"},"inLanguage":"en-GB","potentialAction":[{"@type":"ReadAction","target":["https:\/\/fdd-ihedn.fr\/activites\/"]}]},{"@type":"ImageObject","inLanguage":"en-GB","@id":"https:\/\/fdd-ihedn.fr\/activites\/#primaryimage","url":"","contentUrl":""},{"@type":"BreadcrumbList","@id":"https:\/\/fdd-ihedn.fr\/activites\/#breadcrumb","itemListElement":[{"@type":"ListItem","position":1,"name":"Accueil","item":"https:\/\/fdd-ihedn.fr\/"},{"@type":"ListItem","position":2,"name":"Activit\u00e9s"}]},{"@type":"WebSite","@id":"https:\/\/fdd-ihedn.fr\/#website","url":"https:\/\/fdd-ihedn.fr\/","name":"IHEDN Endowment Fund","description":"Innovative projects developed for IHEDN thanks to sponsorship","publisher":{"@id":"https:\/\/fdd-ihedn.fr\/#organization"},"potentialAction":[{"@type":"SearchAction","target":{"@type":"EntryPoint","urlTemplate":"https:\/\/fdd-ihedn.fr\/?s={search_term_string}"},"query-input":{"@type":"PropertyValueSpecification","valueRequired":true,"valueName":"search_term_string"}}],"inLanguage":"en-GB"},{"@type":"Organization","@id":"https:\/\/fdd-ihedn.fr\/#organization","name":"Chair in Defence Economics - IHEDN","url":"https:\/\/fdd-ihedn.fr\/","logo":{"@type":"ImageObject","inLanguage":"en-GB","@id":"https:\/\/fdd-ihedn.fr\/#\/schema\/logo\/image\/","url":"https:\/\/fdd-ihedn.fr\/wp-content\/uploads\/2020\/04\/logoEcodef9.jpg","contentUrl":"https:\/\/fdd-ihedn.fr\/wp-content\/uploads\/2020\/04\/logoEcodef9.jpg","width":410,"height":212,"caption":"Chaire \u00c9conomie de d\u00e9fense - IHEDN"},"image":{"@id":"https:\/\/fdd-ihedn.fr\/#\/schema\/logo\/image\/"},"sameAs":["https:\/\/x.com\/Chaire_Ecodef","https:\/\/www.linkedin.com\/company\/chaire-ecodef-ihedn\/"]}]}},"_links":{"self":[{"href":"https:\/\/fdd-ihedn.fr\/en\/wp-json\/wp\/v2\/pages\/437","targetHints":{"allow":["GET"]}}],"collection":[{"href":"https:\/\/fdd-ihedn.fr\/en\/wp-json\/wp\/v2\/pages"}],"about":[{"href":"https:\/\/fdd-ihedn.fr\/en\/wp-json\/wp\/v2\/types\/page"}],"author":[{"embeddable":true,"href":"https:\/\/fdd-ihedn.fr\/en\/wp-json\/wp\/v2\/users\/1"}],"replies":[{"embeddable":true,"href":"https:\/\/fdd-ihedn.fr\/en\/wp-json\/wp\/v2\/comments?post=437"}],"version-history":[{"count":5,"href":"https:\/\/fdd-ihedn.fr\/en\/wp-json\/wp\/v2\/pages\/437\/revisions"}],"predecessor-version":[{"id":3393,"href":"https:\/\/fdd-ihedn.fr\/en\/wp-json\/wp\/v2\/pages\/437\/revisions\/3393"}],"wp:featuredmedia":[{"embeddable":true,"href":"https:\/\/fdd-ihedn.fr\/en\/wp-json\/"}],"wp:attachment":[{"href":"https:\/\/fdd-ihedn.fr\/en\/wp-json\/wp\/v2\/media?parent=437"}],"curies":[{"name":"wp","href":"https:\/\/api.w.org\/{rel}","templated":true}]}}